{"id":297,"date":"2021-05-05T16:49:23","date_gmt":"2021-05-05T14:49:23","guid":{"rendered":"https:\/\/gerberei.www.ritsch.at\/?page_id=297"},"modified":"2021-07-01T16:10:28","modified_gmt":"2021-07-01T14:10:28","slug":"decken-doppelfelle","status":"publish","type":"page","link":"https:\/\/www.ritsch.at\/gerberei\/decken-doppelfelle\/","title":{"rendered":"Decken \/ Doppelfelle"},"content":{"rendered":"\t\t<div data-elementor-type=\"wp-page\" data-elementor-id=\"297\" class=\"elementor elementor-297\" data-elementor-post-type=\"page\">\n\t\t\t\t\t\t<section class=\"elementor-section elementor-top-section elementor-element elementor-element-7c4bf7a elementor-hidden-desktop elementor-hidden-tablet elementor-hidden-phone elementor-section-boxed elementor-section-height-default elementor-section-height-default\" data-id=\"7c4bf7a\" data-element_type=\"section\" data-e-type=\"section\" data-settings=\"{&quot;background_motion_fx_translateY_effect&quot;:&quot;yes&quot;,&quot;background_motion_fx_translateY_speed&quot;:{&quot;unit&quot;:&quot;px&quot;,&quot;size&quot;:&quot;10&quot;,&quot;sizes&quot;:[]},&quot;background_motion_fx_devices&quot;:[&quot;desktop&quot;,&quot;tablet&quot;],&quot;background_motion_fx_range&quot;:&quot;page&quot;,&quot;background_motion_fx_translateY_affectedRange&quot;:{&quot;unit&quot;:&quot;%&quot;,&quot;size&quot;:&quot;&quot;,&quot;sizes&quot;:{&quot;start&quot;:0,&quot;end&quot;:100}}}\">\n\t\t\t\t\t\t<div class=\"elementor-container elementor-column-gap-default\">\n\t\t\t\t\t<div class=\"elementor-column elementor-col-100 elementor-top-column elementor-element elementor-element-343829e\" data-id=\"343829e\" data-element_type=\"column\" data-e-type=\"column\">\n\t\t\t<div class=\"elementor-widget-wrap elementor-element-populated\">\n\t\t\t\t\t\t<div class=\"elementor-element elementor-element-6df7fe4 elementor-widget elementor-widget-heading\" data-id=\"6df7fe4\" data-element_type=\"widget\" data-e-type=\"widget\" data-widget_type=\"heading.default\">\n\t\t\t\t<div class=\"elementor-widget-container\">\n\t\t\t\t\t<h2 class=\"elementor-heading-title elementor-size-default\">Schaffell-Decken<\/h2>\t\t\t\t<\/div>\n\t\t\t\t<\/div>\n\t\t\t\t<div class=\"elementor-element elementor-element-cf3bef2 elementor-widget elementor-widget-image\" data-id=\"cf3bef2\" data-element_type=\"widget\" data-e-type=\"widget\" data-widget_type=\"image.default\">\n\t\t\t\t<div class=\"elementor-widget-container\">\n\t\t\t\t\t\t\t\t\t\t\t\t\t\t\t<img decoding=\"async\" width=\"100\" height=\"6\" src=\"https:\/\/www.ritsch.at\/gerberei\/wp-content\/uploads\/sites\/3\/2021\/05\/Trenner-braun.png\" class=\"attachment-full size-full wp-image-792\" alt=\"\" \/>\t\t\t\t\t\t\t\t\t\t\t\t\t\t\t<\/div>\n\t\t\t\t<\/div>\n\t\t\t\t<div class=\"elementor-element elementor-element-2ba7053 elementor-widget elementor-widget-text-editor\" data-id=\"2ba7053\" data-element_type=\"widget\" data-e-type=\"widget\" data-widget_type=\"text-editor.default\">\n\t\t\t\t<div class=\"elementor-widget-container\">\n\t\t\t\t\t\t\t\t\t<p>Unsere Decken aus naturf\u00e4rbigen Lammfellen sind nicht nur ein echter Blickfang, sondern auch kuschelig-warm. <br \/>Die Decken fertigen wir aus 4, 6 und 8 Fellen.<br \/><strong>Wolll\u00e4nge<\/strong> ca. 4-6cm<br \/>Bitte beachten Sie die m\u00f6glichen Farbvarianten der naturbraunen Felle.\u00a0<\/p>\t\t\t\t\t\t\t\t<\/div>\n\t\t\t\t<\/div>\n\t\t\t\t\t<\/div>\n\t\t<\/div>\n\t\t\t\t\t<\/div>\n\t\t<\/section>\n\t\t\t\t<section class=\"elementor-section elementor-top-section elementor-element elementor-element-67eb11b elementor-hidden-desktop elementor-hidden-tablet elementor-hidden-phone elementor-section-boxed elementor-section-height-default elementor-section-height-default\" data-id=\"67eb11b\" data-element_type=\"section\" data-e-type=\"section\">\n\t\t\t\t\t\t<div class=\"elementor-container elementor-column-gap-default\">\n\t\t\t\t\t<div class=\"elementor-column elementor-col-100 elementor-top-column elementor-element elementor-element-7493f74\" data-id=\"7493f74\" data-element_type=\"column\" data-e-type=\"column\">\n\t\t\t<div class=\"elementor-widget-wrap elementor-element-populated\">\n\t\t\t\t\t\t<section class=\"elementor-section elementor-inner-section elementor-element elementor-element-284ba67 elementor-section-full_width elementor-section-height-default elementor-section-height-default\" data-id=\"284ba67\" data-element_type=\"section\" data-e-type=\"section\">\n\t\t\t\t\t\t<div class=\"elementor-container elementor-column-gap-default\">\n\t\t\t\t\t<div class=\"elementor-column elementor-col-33 elementor-inner-column elementor-element elementor-element-2ba5d4e\" data-id=\"2ba5d4e\" data-element_type=\"column\" data-e-type=\"column\">\n\t\t\t<div class=\"elementor-widget-wrap elementor-element-populated\">\n\t\t\t\t\t\t<div class=\"elementor-element elementor-element-1fcff23 elementor-widget elementor-widget-heading\" data-id=\"1fcff23\" data-element_type=\"widget\" data-e-type=\"widget\" data-widget_type=\"heading.default\">\n\t\t\t\t<div class=\"elementor-widget-container\">\n\t\t\t\t\t<h2 class=\"elementor-heading-title elementor-size-default\">4 Felle: ca. 180\/190 x 100cm<\/h2>\t\t\t\t<\/div>\n\t\t\t\t<\/div>\n\t\t\t\t<div class=\"elementor-element elementor-element-99a4915 elementor-widget elementor-widget-image\" data-id=\"99a4915\" data-element_type=\"widget\" data-e-type=\"widget\" data-widget_type=\"image.default\">\n\t\t\t\t<div class=\"elementor-widget-container\">\n\t\t\t\t\t\t\t\t\t\t\t\t\t\t\t<img decoding=\"async\" width=\"100\" height=\"6\" src=\"https:\/\/www.ritsch.at\/gerberei\/wp-content\/uploads\/sites\/3\/2021\/05\/Trenner-braun.png\" class=\"attachment-full size-full wp-image-792\" alt=\"\" \/>\t\t\t\t\t\t\t\t\t\t\t\t\t\t\t<\/div>\n\t\t\t\t<\/div>\n\t\t\t\t<div class=\"elementor-element elementor-element-de4a82b elementor-widget elementor-widget-image\" data-id=\"de4a82b\" data-element_type=\"widget\" data-e-type=\"widget\" data-widget_type=\"image.default\">\n\t\t\t\t<div class=\"elementor-widget-container\">\n\t\t\t\t\t\t\t\t\t\t\t\t\t\t\t\t<a href=\"https:\/\/www.ritsch.at\/gerberei\/wp-content\/uploads\/sites\/3\/2021\/05\/Gerberei-Ritsch-Mittersill-Schaffelldecken5_.png\" data-elementor-open-lightbox=\"yes\" data-elementor-lightbox-title=\"Decke 4fach\" data-e-action-hash=\"#elementor-action%3Aaction%3Dlightbox%26settings%3DeyJpZCI6Ijk1MyIsInVybCI6Imh0dHBzOlwvXC93d3cucml0c2NoLmF0XC9nZXJiZXJlaVwvd3AtY29udGVudFwvdXBsb2Fkc1wvc2l0ZXNcLzNcLzIwMjFcLzA1XC9HZXJiZXJlaS1SaXRzY2gtTWl0dGVyc2lsbC1TY2hhZmZlbGxkZWNrZW41Xy5wbmcifQ%3D%3D\">\n\t\t\t\t\t\t\t<img fetchpriority=\"high\" decoding=\"async\" width=\"1227\" height=\"1200\" src=\"https:\/\/www.ritsch.at\/gerberei\/wp-content\/uploads\/sites\/3\/2021\/05\/Gerberei-Ritsch-Mittersill-Schaffelldecken5_.png\" class=\"attachment-full size-full wp-image-953\" alt=\"\" srcset=\"https:\/\/www.ritsch.at\/gerberei\/wp-content\/uploads\/sites\/3\/2021\/05\/Gerberei-Ritsch-Mittersill-Schaffelldecken5_.png 1227w, https:\/\/www.ritsch.at\/gerberei\/wp-content\/uploads\/sites\/3\/2021\/05\/Gerberei-Ritsch-Mittersill-Schaffelldecken5_-300x293.png 300w, https:\/\/www.ritsch.at\/gerberei\/wp-content\/uploads\/sites\/3\/2021\/05\/Gerberei-Ritsch-Mittersill-Schaffelldecken5_-1024x1001.png 1024w, https:\/\/www.ritsch.at\/gerberei\/wp-content\/uploads\/sites\/3\/2021\/05\/Gerberei-Ritsch-Mittersill-Schaffelldecken5_-768x751.png 768w\" sizes=\"(max-width: 1227px) 100vw, 1227px\" \/>\t\t\t\t\t\t\t\t<\/a>\n\t\t\t\t\t\t\t\t\t\t\t\t\t\t\t<\/div>\n\t\t\t\t<\/div>\n\t\t\t\t\t<\/div>\n\t\t<\/div>\n\t\t\t\t<div class=\"elementor-column elementor-col-33 elementor-inner-column elementor-element elementor-element-8bba1ff\" data-id=\"8bba1ff\" data-element_type=\"column\" data-e-type=\"column\">\n\t\t\t<div class=\"elementor-widget-wrap elementor-element-populated\">\n\t\t\t\t\t\t<div class=\"elementor-element elementor-element-4ad308d elementor-widget elementor-widget-heading\" data-id=\"4ad308d\" data-element_type=\"widget\" data-e-type=\"widget\" data-widget_type=\"heading.default\">\n\t\t\t\t<div class=\"elementor-widget-container\">\n\t\t\t\t\t<h2 class=\"elementor-heading-title elementor-size-default\">6 Felle: ca. 175\/190 x 135\/145cm<\/h2>\t\t\t\t<\/div>\n\t\t\t\t<\/div>\n\t\t\t\t<div class=\"elementor-element elementor-element-214395c elementor-widget elementor-widget-image\" data-id=\"214395c\" data-element_type=\"widget\" data-e-type=\"widget\" data-widget_type=\"image.default\">\n\t\t\t\t<div class=\"elementor-widget-container\">\n\t\t\t\t\t\t\t\t\t\t\t\t\t\t\t<img decoding=\"async\" width=\"100\" height=\"6\" src=\"https:\/\/www.ritsch.at\/gerberei\/wp-content\/uploads\/sites\/3\/2021\/05\/Trenner-braun.png\" class=\"attachment-full size-full wp-image-792\" alt=\"\" \/>\t\t\t\t\t\t\t\t\t\t\t\t\t\t\t<\/div>\n\t\t\t\t<\/div>\n\t\t\t\t<div class=\"elementor-element elementor-element-ad8bef8 elementor-widget elementor-widget-image\" data-id=\"ad8bef8\" data-element_type=\"widget\" data-e-type=\"widget\" data-widget_type=\"image.default\">\n\t\t\t\t<div class=\"elementor-widget-container\">\n\t\t\t\t\t\t\t\t\t\t\t\t\t\t\t\t<a href=\"https:\/\/www.ritsch.at\/gerberei\/wp-content\/uploads\/sites\/3\/2021\/05\/Gerberei-Ritsch-Mittersill-Schaffelldecken6_.png\" data-elementor-open-lightbox=\"yes\" data-elementor-lightbox-title=\"Decke 6fach\" data-e-action-hash=\"#elementor-action%3Aaction%3Dlightbox%26settings%3DeyJpZCI6Ijk1MiIsInVybCI6Imh0dHBzOlwvXC93d3cucml0c2NoLmF0XC9nZXJiZXJlaVwvd3AtY29udGVudFwvdXBsb2Fkc1wvc2l0ZXNcLzNcLzIwMjFcLzA1XC9HZXJiZXJlaS1SaXRzY2gtTWl0dGVyc2lsbC1TY2hhZmZlbGxkZWNrZW42Xy5wbmcifQ%3D%3D\">\n\t\t\t\t\t\t\t<img decoding=\"async\" width=\"1227\" height=\"1200\" src=\"https:\/\/www.ritsch.at\/gerberei\/wp-content\/uploads\/sites\/3\/2021\/05\/Gerberei-Ritsch-Mittersill-Schaffelldecken6_.png\" class=\"attachment-full size-full wp-image-952\" alt=\"\" srcset=\"https:\/\/www.ritsch.at\/gerberei\/wp-content\/uploads\/sites\/3\/2021\/05\/Gerberei-Ritsch-Mittersill-Schaffelldecken6_.png 1227w, https:\/\/www.ritsch.at\/gerberei\/wp-content\/uploads\/sites\/3\/2021\/05\/Gerberei-Ritsch-Mittersill-Schaffelldecken6_-300x293.png 300w, https:\/\/www.ritsch.at\/gerberei\/wp-content\/uploads\/sites\/3\/2021\/05\/Gerberei-Ritsch-Mittersill-Schaffelldecken6_-1024x1001.png 1024w, https:\/\/www.ritsch.at\/gerberei\/wp-content\/uploads\/sites\/3\/2021\/05\/Gerberei-Ritsch-Mittersill-Schaffelldecken6_-768x751.png 768w\" sizes=\"(max-width: 1227px) 100vw, 1227px\" \/>\t\t\t\t\t\t\t\t<\/a>\n\t\t\t\t\t\t\t\t\t\t\t\t\t\t\t<\/div>\n\t\t\t\t<\/div>\n\t\t\t\t\t<\/div>\n\t\t<\/div>\n\t\t\t\t<div class=\"elementor-column elementor-col-33 elementor-inner-column elementor-element elementor-element-499c30f\" data-id=\"499c30f\" data-element_type=\"column\" data-e-type=\"column\">\n\t\t\t<div class=\"elementor-widget-wrap elementor-element-populated\">\n\t\t\t\t\t\t<div class=\"elementor-element elementor-element-5251530 elementor-widget elementor-widget-heading\" data-id=\"5251530\" data-element_type=\"widget\" data-e-type=\"widget\" data-widget_type=\"heading.default\">\n\t\t\t\t<div class=\"elementor-widget-container\">\n\t\t\t\t\t<h2 class=\"elementor-heading-title elementor-size-default\">8 Felle: ca. 175\/190 x 180\/190cm<\/h2>\t\t\t\t<\/div>\n\t\t\t\t<\/div>\n\t\t\t\t<div class=\"elementor-element elementor-element-c73709b elementor-widget elementor-widget-image\" data-id=\"c73709b\" data-element_type=\"widget\" data-e-type=\"widget\" data-widget_type=\"image.default\">\n\t\t\t\t<div class=\"elementor-widget-container\">\n\t\t\t\t\t\t\t\t\t\t\t\t\t\t\t<img decoding=\"async\" width=\"100\" height=\"6\" src=\"https:\/\/www.ritsch.at\/gerberei\/wp-content\/uploads\/sites\/3\/2021\/05\/Trenner-braun.png\" class=\"attachment-full size-full wp-image-792\" alt=\"\" \/>\t\t\t\t\t\t\t\t\t\t\t\t\t\t\t<\/div>\n\t\t\t\t<\/div>\n\t\t\t\t<div class=\"elementor-element elementor-element-daca769 elementor-widget elementor-widget-image\" data-id=\"daca769\" data-element_type=\"widget\" data-e-type=\"widget\" data-widget_type=\"image.default\">\n\t\t\t\t<div class=\"elementor-widget-container\">\n\t\t\t\t\t\t\t\t\t\t\t\t\t\t\t\t<a href=\"https:\/\/www.ritsch.at\/gerberei\/wp-content\/uploads\/sites\/3\/2021\/05\/Gerberei-Ritsch-Mittersill-Schaffelldecken7.png\" data-elementor-open-lightbox=\"yes\" data-elementor-lightbox-title=\"Decke 8fach\" data-e-action-hash=\"#elementor-action%3Aaction%3Dlightbox%26settings%3DeyJpZCI6IjMxNyIsInVybCI6Imh0dHBzOlwvXC93d3cucml0c2NoLmF0XC9nZXJiZXJlaVwvd3AtY29udGVudFwvdXBsb2Fkc1wvc2l0ZXNcLzNcLzIwMjFcLzA1XC9HZXJiZXJlaS1SaXRzY2gtTWl0dGVyc2lsbC1TY2hhZmZlbGxkZWNrZW43LnBuZyJ9\">\n\t\t\t\t\t\t\t<img loading=\"lazy\" decoding=\"async\" width=\"1227\" height=\"1200\" src=\"https:\/\/www.ritsch.at\/gerberei\/wp-content\/uploads\/sites\/3\/2021\/05\/Gerberei-Ritsch-Mittersill-Schaffelldecken7.png\" class=\"attachment-full size-full wp-image-317\" alt=\"\" srcset=\"https:\/\/www.ritsch.at\/gerberei\/wp-content\/uploads\/sites\/3\/2021\/05\/Gerberei-Ritsch-Mittersill-Schaffelldecken7.png 1227w, https:\/\/www.ritsch.at\/gerberei\/wp-content\/uploads\/sites\/3\/2021\/05\/Gerberei-Ritsch-Mittersill-Schaffelldecken7-300x293.png 300w, https:\/\/www.ritsch.at\/gerberei\/wp-content\/uploads\/sites\/3\/2021\/05\/Gerberei-Ritsch-Mittersill-Schaffelldecken7-1024x1001.png 1024w, https:\/\/www.ritsch.at\/gerberei\/wp-content\/uploads\/sites\/3\/2021\/05\/Gerberei-Ritsch-Mittersill-Schaffelldecken7-768x751.png 768w\" sizes=\"(max-width: 1227px) 100vw, 1227px\" \/>\t\t\t\t\t\t\t\t<\/a>\n\t\t\t\t\t\t\t\t\t\t\t\t\t\t\t<\/div>\n\t\t\t\t<\/div>\n\t\t\t\t\t<\/div>\n\t\t<\/div>\n\t\t\t\t\t<\/div>\n\t\t<\/section>\n\t\t\t\t\t<\/div>\n\t\t<\/div>\n\t\t\t\t\t<\/div>\n\t\t<\/section>\n\t\t\t\t<section class=\"elementor-section elementor-top-section elementor-element elementor-element-ea6cc91 elementor-hidden-desktop elementor-hidden-tablet elementor-hidden-phone elementor-section-boxed elementor-section-height-default elementor-section-height-default\" data-id=\"ea6cc91\" data-element_type=\"section\" data-e-type=\"section\">\n\t\t\t\t\t\t<div class=\"elementor-container elementor-column-gap-default\">\n\t\t\t\t\t<div class=\"elementor-column elementor-col-100 elementor-top-column elementor-element elementor-element-4bf952d\" data-id=\"4bf952d\" data-element_type=\"column\" data-e-type=\"column\">\n\t\t\t<div class=\"elementor-widget-wrap elementor-element-populated\">\n\t\t\t\t\t\t<div class=\"elementor-element elementor-element-78feb24 elementor-widget elementor-widget-text-editor\" data-id=\"78feb24\" data-element_type=\"widget\" data-e-type=\"widget\" data-widget_type=\"text-editor.default\">\n\t\t\t\t<div class=\"elementor-widget-container\">\n\t\t\t\t\t\t\t\t\t<p>\u00a0<\/p><p>Egal ob vor dem Kamin, auf der Couch oder als Teppich \u2013 eine Felldecke ist besonders gem\u00fctlich und versch\u00f6nert jede Wohnung.<\/p>\t\t\t\t\t\t\t\t<\/div>\n\t\t\t\t<\/div>\n\t\t\t\t<div class=\"elementor-element elementor-element-848eba0 elementor-widget elementor-widget-gallery\" data-id=\"848eba0\" data-element_type=\"widget\" data-e-type=\"widget\" data-settings=\"{&quot;aspect_ratio&quot;:&quot;4:3&quot;,&quot;gap&quot;:{&quot;unit&quot;:&quot;px&quot;,&quot;size&quot;:&quot;30&quot;,&quot;sizes&quot;:[]},&quot;lazyload&quot;:&quot;yes&quot;,&quot;gallery_layout&quot;:&quot;grid&quot;,&quot;columns&quot;:4,&quot;columns_tablet&quot;:2,&quot;columns_mobile&quot;:1,&quot;gap_tablet&quot;:{&quot;unit&quot;:&quot;px&quot;,&quot;size&quot;:10,&quot;sizes&quot;:[]},&quot;gap_mobile&quot;:{&quot;unit&quot;:&quot;px&quot;,&quot;size&quot;:10,&quot;sizes&quot;:[]},&quot;link_to&quot;:&quot;file&quot;,&quot;overlay_background&quot;:&quot;yes&quot;,&quot;content_hover_animation&quot;:&quot;fade-in&quot;}\" data-widget_type=\"gallery.default\">\n\t\t\t\t<div class=\"elementor-widget-container\">\n\t\t\t\t\t\t\t<div class=\"elementor-gallery__container\">\n\t\t\t\t\t\t\t<a class=\"e-gallery-item elementor-gallery-item elementor-animated-content\" href=\"https:\/\/www.ritsch.at\/gerberei\/wp-content\/uploads\/sites\/3\/2021\/05\/Gerberei-Ritsch-Mittersill-Schaffelldecken.jpg\" data-elementor-open-lightbox=\"yes\" data-elementor-lightbox-slideshow=\"848eba0\" data-elementor-lightbox-title=\"Decke aus 8 Fellen\" data-e-action-hash=\"#elementor-action%3Aaction%3Dlightbox%26settings%3DeyJpZCI6MzAyLCJ1cmwiOiJodHRwczpcL1wvd3d3LnJpdHNjaC5hdFwvZ2VyYmVyZWlcL3dwLWNvbnRlbnRcL3VwbG9hZHNcL3NpdGVzXC8zXC8yMDIxXC8wNVwvR2VyYmVyZWktUml0c2NoLU1pdHRlcnNpbGwtU2NoYWZmZWxsZGVja2VuLmpwZyIsInNsaWRlc2hvdyI6Ijg0OGViYTAifQ%3D%3D\">\n\t\t\t\t\t<div class=\"e-gallery-image elementor-gallery-item__image\" data-thumbnail=\"https:\/\/www.ritsch.at\/gerberei\/wp-content\/uploads\/sites\/3\/2021\/05\/Gerberei-Ritsch-Mittersill-Schaffelldecken.jpg\" data-width=\"1200\" data-height=\"800\" aria-label=\"\" role=\"img\" ><\/div>\n\t\t\t\t\t\t\t\t\t\t\t<div class=\"elementor-gallery-item__overlay\"><\/div>\n\t\t\t\t\t\t\t\t\t\t\t\t\t\t<\/a>\n\t\t\t\t\t\t\t<a class=\"e-gallery-item elementor-gallery-item elementor-animated-content\" href=\"https:\/\/www.ritsch.at\/gerberei\/wp-content\/uploads\/sites\/3\/2021\/05\/Gerberei-Ritsch-Mittersill-Schaffelldecken1.jpg\" data-elementor-open-lightbox=\"yes\" data-elementor-lightbox-slideshow=\"848eba0\" data-elementor-lightbox-title=\"Decke naturwei\u00df\" data-e-action-hash=\"#elementor-action%3Aaction%3Dlightbox%26settings%3DeyJpZCI6MzAzLCJ1cmwiOiJodHRwczpcL1wvd3d3LnJpdHNjaC5hdFwvZ2VyYmVyZWlcL3dwLWNvbnRlbnRcL3VwbG9hZHNcL3NpdGVzXC8zXC8yMDIxXC8wNVwvR2VyYmVyZWktUml0c2NoLU1pdHRlcnNpbGwtU2NoYWZmZWxsZGVja2VuMS5qcGciLCJzbGlkZXNob3ciOiI4NDhlYmEwIn0%3D\">\n\t\t\t\t\t<div class=\"e-gallery-image elementor-gallery-item__image\" data-thumbnail=\"https:\/\/www.ritsch.at\/gerberei\/wp-content\/uploads\/sites\/3\/2021\/05\/Gerberei-Ritsch-Mittersill-Schaffelldecken1.jpg\" data-width=\"1200\" data-height=\"800\" aria-label=\"\" role=\"img\" ><\/div>\n\t\t\t\t\t\t\t\t\t\t\t<div class=\"elementor-gallery-item__overlay\"><\/div>\n\t\t\t\t\t\t\t\t\t\t\t\t\t\t<\/a>\n\t\t\t\t\t\t\t<a class=\"e-gallery-item elementor-gallery-item elementor-animated-content\" href=\"https:\/\/www.ritsch.at\/gerberei\/wp-content\/uploads\/sites\/3\/2021\/05\/Gerberei-Ritsch-Mittersill-Schaffelldecken2.jpg\" data-elementor-open-lightbox=\"yes\" data-elementor-lightbox-slideshow=\"848eba0\" data-e-action-hash=\"#elementor-action%3Aaction%3Dlightbox%26settings%3DeyJpZCI6MzA0LCJ1cmwiOiJodHRwczpcL1wvd3d3LnJpdHNjaC5hdFwvZ2VyYmVyZWlcL3dwLWNvbnRlbnRcL3VwbG9hZHNcL3NpdGVzXC8zXC8yMDIxXC8wNVwvR2VyYmVyZWktUml0c2NoLU1pdHRlcnNpbGwtU2NoYWZmZWxsZGVja2VuMi5qcGciLCJzbGlkZXNob3ciOiI4NDhlYmEwIn0%3D\">\n\t\t\t\t\t<div class=\"e-gallery-image elementor-gallery-item__image\" data-thumbnail=\"https:\/\/www.ritsch.at\/gerberei\/wp-content\/uploads\/sites\/3\/2021\/05\/Gerberei-Ritsch-Mittersill-Schaffelldecken2.jpg\" data-width=\"1200\" data-height=\"800\" aria-label=\"\" role=\"img\" ><\/div>\n\t\t\t\t\t\t\t\t\t\t\t<div class=\"elementor-gallery-item__overlay\"><\/div>\n\t\t\t\t\t\t\t\t\t\t\t\t\t\t<\/a>\n\t\t\t\t\t\t\t<a class=\"e-gallery-item elementor-gallery-item elementor-animated-content\" href=\"https:\/\/www.ritsch.at\/gerberei\/wp-content\/uploads\/sites\/3\/2021\/05\/Gerberei-Ritsch-Mittersill-Schaffelldecken3.jpg\" data-elementor-open-lightbox=\"yes\" data-elementor-lightbox-slideshow=\"848eba0\" data-elementor-lightbox-title=\"Schaffell-Decke braun\" data-e-action-hash=\"#elementor-action%3Aaction%3Dlightbox%26settings%3DeyJpZCI6MzAxLCJ1cmwiOiJodHRwczpcL1wvd3d3LnJpdHNjaC5hdFwvZ2VyYmVyZWlcL3dwLWNvbnRlbnRcL3VwbG9hZHNcL3NpdGVzXC8zXC8yMDIxXC8wNVwvR2VyYmVyZWktUml0c2NoLU1pdHRlcnNpbGwtU2NoYWZmZWxsZGVja2VuMy5qcGciLCJzbGlkZXNob3ciOiI4NDhlYmEwIn0%3D\">\n\t\t\t\t\t<div class=\"e-gallery-image elementor-gallery-item__image\" data-thumbnail=\"https:\/\/www.ritsch.at\/gerberei\/wp-content\/uploads\/sites\/3\/2021\/05\/Gerberei-Ritsch-Mittersill-Schaffelldecken3.jpg\" data-width=\"1200\" data-height=\"800\" aria-label=\"\" role=\"img\" ><\/div>\n\t\t\t\t\t\t\t\t\t\t\t<div class=\"elementor-gallery-item__overlay\"><\/div>\n\t\t\t\t\t\t\t\t\t\t\t\t\t\t<\/a>\n\t\t\t\t\t<\/div>\n\t\t\t\t\t<\/div>\n\t\t\t\t<\/div>\n\t\t\t\t\t<\/div>\n\t\t<\/div>\n\t\t\t\t\t<\/div>\n\t\t<\/section>\n\t\t\t\t<section class=\"elementor-section elementor-top-section elementor-element elementor-element-b3e458b elementor-section-boxed elementor-section-height-default elementor-section-height-default\" data-id=\"b3e458b\" data-element_type=\"section\" data-e-type=\"section\" data-settings=\"{&quot;background_motion_fx_translateY_effect&quot;:&quot;yes&quot;,&quot;background_motion_fx_translateY_speed&quot;:{&quot;unit&quot;:&quot;px&quot;,&quot;size&quot;:&quot;10&quot;,&quot;sizes&quot;:[]},&quot;background_motion_fx_devices&quot;:[&quot;desktop&quot;,&quot;tablet&quot;],&quot;background_motion_fx_range&quot;:&quot;page&quot;,&quot;background_motion_fx_translateY_affectedRange&quot;:{&quot;unit&quot;:&quot;%&quot;,&quot;size&quot;:&quot;&quot;,&quot;sizes&quot;:{&quot;start&quot;:0,&quot;end&quot;:100}}}\">\n\t\t\t\t\t\t<div class=\"elementor-container elementor-column-gap-default\">\n\t\t\t\t\t<div class=\"elementor-column elementor-col-50 elementor-top-column elementor-element elementor-element-c9c1c57\" data-id=\"c9c1c57\" data-element_type=\"column\" data-e-type=\"column\">\n\t\t\t<div class=\"elementor-widget-wrap elementor-element-populated\">\n\t\t\t\t\t\t<div class=\"elementor-element elementor-element-ea64ed2 elementor-widget elementor-widget-heading\" data-id=\"ea64ed2\" data-element_type=\"widget\" data-e-type=\"widget\" data-widget_type=\"heading.default\">\n\t\t\t\t<div class=\"elementor-widget-container\">\n\t\t\t\t\t<h2 class=\"elementor-heading-title elementor-size-default\">Doppelfelle<\/h2>\t\t\t\t<\/div>\n\t\t\t\t<\/div>\n\t\t\t\t<div class=\"elementor-element elementor-element-59f37cf elementor-widget elementor-widget-image\" data-id=\"59f37cf\" data-element_type=\"widget\" data-e-type=\"widget\" data-widget_type=\"image.default\">\n\t\t\t\t<div class=\"elementor-widget-container\">\n\t\t\t\t\t\t\t\t\t\t\t\t\t\t\t<img decoding=\"async\" width=\"100\" height=\"6\" src=\"https:\/\/www.ritsch.at\/gerberei\/wp-content\/uploads\/sites\/3\/2021\/05\/Trenner-braun.png\" class=\"attachment-full size-full wp-image-792\" alt=\"\" \/>\t\t\t\t\t\t\t\t\t\t\t\t\t\t\t<\/div>\n\t\t\t\t<\/div>\n\t\t\t\t<div class=\"elementor-element elementor-element-0d09ad7 elementor-widget elementor-widget-text-editor\" data-id=\"0d09ad7\" data-element_type=\"widget\" data-e-type=\"widget\" data-widget_type=\"text-editor.default\">\n\t\t\t\t<div class=\"elementor-widget-container\">\n\t\t\t\t\t\t\t\t\t<p><strong>Doppelfelle<\/strong> eignen sich besonders f\u00fcr <strong>B\u00e4nke und Liegen<\/strong> und k\u00f6nnen in gew\u00fcnschter L\u00e4nge ab ca. 150 bis 200cm angefertigt werden.<\/p>\t\t\t\t\t\t\t\t<\/div>\n\t\t\t\t<\/div>\n\t\t\t\t\t<\/div>\n\t\t<\/div>\n\t\t\t\t<div class=\"elementor-column elementor-col-50 elementor-top-column elementor-element elementor-element-10723d6\" data-id=\"10723d6\" data-element_type=\"column\" data-e-type=\"column\">\n\t\t\t<div class=\"elementor-widget-wrap elementor-element-populated\">\n\t\t\t\t\t\t<div class=\"elementor-element elementor-element-7036b74 elementor-widget elementor-widget-image\" data-id=\"7036b74\" data-element_type=\"widget\" data-e-type=\"widget\" data-widget_type=\"image.default\">\n\t\t\t\t<div class=\"elementor-widget-container\">\n\t\t\t\t\t\t\t\t\t\t\t\t\t\t\t\t<a href=\"https:\/\/www.ritsch.at\/gerberei\/wp-content\/uploads\/sites\/3\/2021\/05\/Gerberei-Ritsch-Mittersill-Schaffelldecken4.png\" data-elementor-open-lightbox=\"yes\" data-elementor-lightbox-title=\"Doppelfell naturbraun\" data-e-action-hash=\"#elementor-action%3Aaction%3Dlightbox%26settings%3DeyJpZCI6IjMxNCIsInVybCI6Imh0dHBzOlwvXC93d3cucml0c2NoLmF0XC9nZXJiZXJlaVwvd3AtY29udGVudFwvdXBsb2Fkc1wvc2l0ZXNcLzNcLzIwMjFcLzA1XC9HZXJiZXJlaS1SaXRzY2gtTWl0dGVyc2lsbC1TY2hhZmZlbGxkZWNrZW40LWUxNjIyNjM4MDI0ODU2LnBuZyJ9\">\n\t\t\t\t\t\t\t<img loading=\"lazy\" decoding=\"async\" width=\"1200\" height=\"488\" src=\"https:\/\/www.ritsch.at\/gerberei\/wp-content\/uploads\/sites\/3\/2021\/05\/Gerberei-Ritsch-Mittersill-Schaffelldecken4-e1622638024856.png\" class=\"attachment-full size-full wp-image-314\" alt=\"\" srcset=\"https:\/\/www.ritsch.at\/gerberei\/wp-content\/uploads\/sites\/3\/2021\/05\/Gerberei-Ritsch-Mittersill-Schaffelldecken4-e1622638024856.png 1200w, https:\/\/www.ritsch.at\/gerberei\/wp-content\/uploads\/sites\/3\/2021\/05\/Gerberei-Ritsch-Mittersill-Schaffelldecken4-e1622638024856-300x122.png 300w, https:\/\/www.ritsch.at\/gerberei\/wp-content\/uploads\/sites\/3\/2021\/05\/Gerberei-Ritsch-Mittersill-Schaffelldecken4-e1622638024856-1024x416.png 1024w, https:\/\/www.ritsch.at\/gerberei\/wp-content\/uploads\/sites\/3\/2021\/05\/Gerberei-Ritsch-Mittersill-Schaffelldecken4-e1622638024856-768x312.png 768w\" sizes=\"(max-width: 1200px) 100vw, 1200px\" \/>\t\t\t\t\t\t\t\t<\/a>\n\t\t\t\t\t\t\t\t\t\t\t\t\t\t\t<\/div>\n\t\t\t\t<\/div>\n\t\t\t\t\t<\/div>\n\t\t<\/div>\n\t\t\t\t\t<\/div>\n\t\t<\/section>\n\t\t\t\t<section class=\"elementor-section elementor-top-section elementor-element elementor-element-4c4d37e elementor-section-boxed elementor-section-height-default elementor-section-height-default\" data-id=\"4c4d37e\" data-element_type=\"section\" data-e-type=\"section\">\n\t\t\t\t\t\t<div class=\"elementor-container elementor-column-gap-default\">\n\t\t\t\t\t<div class=\"elementor-column elementor-col-100 elementor-top-column elementor-element elementor-element-32e4b38\" data-id=\"32e4b38\" data-element_type=\"column\" data-e-type=\"column\">\n\t\t\t<div class=\"elementor-widget-wrap elementor-element-populated\">\n\t\t\t\t\t\t<section class=\"elementor-section elementor-inner-section elementor-element elementor-element-b1218d2 elementor-section-full_width elementor-section-height-default elementor-section-height-default\" data-id=\"b1218d2\" data-element_type=\"section\" data-e-type=\"section\">\n\t\t\t\t\t\t<div class=\"elementor-container elementor-column-gap-default\">\n\t\t\t\t\t<div class=\"elementor-column elementor-col-100 elementor-inner-column elementor-element elementor-element-3c77d9d\" data-id=\"3c77d9d\" data-element_type=\"column\" data-e-type=\"column\">\n\t\t\t<div class=\"elementor-widget-wrap elementor-element-populated\">\n\t\t\t\t\t\t<div class=\"elementor-element elementor-element-9b5e0e2 elementor-widget elementor-widget-text-editor\" data-id=\"9b5e0e2\" data-element_type=\"widget\" data-e-type=\"widget\" data-widget_type=\"text-editor.default\">\n\t\t\t\t<div class=\"elementor-widget-container\">\n\t\t\t\t\t\t\t\t\t<p>F\u00fcr <strong>Hotellerie- und Gastronomiebetriebe<\/strong> unterbreiten wir gerne ein spezielles Angebot!<\/p>\t\t\t\t\t\t\t\t<\/div>\n\t\t\t\t<\/div>\n\t\t\t\t<div class=\"elementor-element elementor-element-6ed2146 elementor-widget elementor-widget-gallery\" data-id=\"6ed2146\" data-element_type=\"widget\" data-e-type=\"widget\" data-settings=\"{&quot;aspect_ratio&quot;:&quot;4:3&quot;,&quot;gap&quot;:{&quot;unit&quot;:&quot;px&quot;,&quot;size&quot;:&quot;30&quot;,&quot;sizes&quot;:[]},&quot;lazyload&quot;:&quot;yes&quot;,&quot;gallery_layout&quot;:&quot;grid&quot;,&quot;columns&quot;:4,&quot;columns_tablet&quot;:2,&quot;columns_mobile&quot;:1,&quot;gap_tablet&quot;:{&quot;unit&quot;:&quot;px&quot;,&quot;size&quot;:10,&quot;sizes&quot;:[]},&quot;gap_mobile&quot;:{&quot;unit&quot;:&quot;px&quot;,&quot;size&quot;:10,&quot;sizes&quot;:[]},&quot;link_to&quot;:&quot;file&quot;,&quot;overlay_background&quot;:&quot;yes&quot;,&quot;content_hover_animation&quot;:&quot;fade-in&quot;}\" data-widget_type=\"gallery.default\">\n\t\t\t\t<div class=\"elementor-widget-container\">\n\t\t\t\t\t\t\t<div class=\"elementor-gallery__container\">\n\t\t\t\t\t\t\t<a class=\"e-gallery-item elementor-gallery-item elementor-animated-content\" href=\"https:\/\/www.ritsch.at\/gerberei\/wp-content\/uploads\/sites\/3\/2021\/05\/Gerberei-Ritsch-Mittersill-Schaffelldecken9.jpg\" data-elementor-open-lightbox=\"yes\" data-elementor-lightbox-slideshow=\"6ed2146\" data-elementor-lightbox-title=\"Doppelfell wei\u00df\" data-e-action-hash=\"#elementor-action%3Aaction%3Dlightbox%26settings%3DeyJpZCI6MzI1LCJ1cmwiOiJodHRwczpcL1wvd3d3LnJpdHNjaC5hdFwvZ2VyYmVyZWlcL3dwLWNvbnRlbnRcL3VwbG9hZHNcL3NpdGVzXC8zXC8yMDIxXC8wNVwvR2VyYmVyZWktUml0c2NoLU1pdHRlcnNpbGwtU2NoYWZmZWxsZGVja2VuOS5qcGciLCJzbGlkZXNob3ciOiI2ZWQyMTQ2In0%3D\">\n\t\t\t\t\t<div class=\"e-gallery-image elementor-gallery-item__image\" data-thumbnail=\"https:\/\/www.ritsch.at\/gerberei\/wp-content\/uploads\/sites\/3\/2021\/05\/Gerberei-Ritsch-Mittersill-Schaffelldecken9.jpg\" data-width=\"1200\" data-height=\"800\" aria-label=\"\" role=\"img\" ><\/div>\n\t\t\t\t\t\t\t\t\t\t\t<div class=\"elementor-gallery-item__overlay\"><\/div>\n\t\t\t\t\t\t\t\t\t\t\t\t\t\t<\/a>\n\t\t\t\t\t\t\t<a class=\"e-gallery-item elementor-gallery-item elementor-animated-content\" href=\"https:\/\/www.ritsch.at\/gerberei\/wp-content\/uploads\/sites\/3\/2021\/05\/Gerberei-Ritsch-Mittersill-Schaffelldecken10.jpg\" data-elementor-open-lightbox=\"yes\" data-elementor-lightbox-slideshow=\"6ed2146\" data-elementor-lightbox-title=\"Doppelfell multicolor grau\" data-e-action-hash=\"#elementor-action%3Aaction%3Dlightbox%26settings%3DeyJpZCI6MzI2LCJ1cmwiOiJodHRwczpcL1wvd3d3LnJpdHNjaC5hdFwvZ2VyYmVyZWlcL3dwLWNvbnRlbnRcL3VwbG9hZHNcL3NpdGVzXC8zXC8yMDIxXC8wNVwvR2VyYmVyZWktUml0c2NoLU1pdHRlcnNpbGwtU2NoYWZmZWxsZGVja2VuMTAuanBnIiwic2xpZGVzaG93IjoiNmVkMjE0NiJ9\">\n\t\t\t\t\t<div class=\"e-gallery-image elementor-gallery-item__image\" data-thumbnail=\"https:\/\/www.ritsch.at\/gerberei\/wp-content\/uploads\/sites\/3\/2021\/05\/Gerberei-Ritsch-Mittersill-Schaffelldecken10.jpg\" data-width=\"1200\" data-height=\"800\" aria-label=\"\" role=\"img\" ><\/div>\n\t\t\t\t\t\t\t\t\t\t\t<div class=\"elementor-gallery-item__overlay\"><\/div>\n\t\t\t\t\t\t\t\t\t\t\t\t\t\t<\/a>\n\t\t\t\t\t\t\t<a class=\"e-gallery-item elementor-gallery-item elementor-animated-content\" href=\"https:\/\/www.ritsch.at\/gerberei\/wp-content\/uploads\/sites\/3\/2021\/05\/Gerberei-Ritsch-Mittersill-Schaffelldecken11.jpg\" data-elementor-open-lightbox=\"yes\" data-elementor-lightbox-slideshow=\"6ed2146\" data-elementor-lightbox-title=\"Doppelfell braun\" data-e-action-hash=\"#elementor-action%3Aaction%3Dlightbox%26settings%3DeyJpZCI6MzI3LCJ1cmwiOiJodHRwczpcL1wvd3d3LnJpdHNjaC5hdFwvZ2VyYmVyZWlcL3dwLWNvbnRlbnRcL3VwbG9hZHNcL3NpdGVzXC8zXC8yMDIxXC8wNVwvR2VyYmVyZWktUml0c2NoLU1pdHRlcnNpbGwtU2NoYWZmZWxsZGVja2VuMTEuanBnIiwic2xpZGVzaG93IjoiNmVkMjE0NiJ9\">\n\t\t\t\t\t<div class=\"e-gallery-image elementor-gallery-item__image\" data-thumbnail=\"https:\/\/www.ritsch.at\/gerberei\/wp-content\/uploads\/sites\/3\/2021\/05\/Gerberei-Ritsch-Mittersill-Schaffelldecken11.jpg\" data-width=\"1200\" data-height=\"800\" aria-label=\"\" role=\"img\" ><\/div>\n\t\t\t\t\t\t\t\t\t\t\t<div class=\"elementor-gallery-item__overlay\"><\/div>\n\t\t\t\t\t\t\t\t\t\t\t\t\t\t<\/a>\n\t\t\t\t\t\t\t<a class=\"e-gallery-item elementor-gallery-item elementor-animated-content\" href=\"https:\/\/www.ritsch.at\/gerberei\/wp-content\/uploads\/sites\/3\/2021\/05\/Gerberei-Ritsch-Mittersill-Schaffelldecken12.jpg\" data-elementor-open-lightbox=\"yes\" data-elementor-lightbox-slideshow=\"6ed2146\" data-elementor-lightbox-title=\"Doppelfell Jakob-Schaf\" data-e-action-hash=\"#elementor-action%3Aaction%3Dlightbox%26settings%3DeyJpZCI6MzI4LCJ1cmwiOiJodHRwczpcL1wvd3d3LnJpdHNjaC5hdFwvZ2VyYmVyZWlcL3dwLWNvbnRlbnRcL3VwbG9hZHNcL3NpdGVzXC8zXC8yMDIxXC8wNVwvR2VyYmVyZWktUml0c2NoLU1pdHRlcnNpbGwtU2NoYWZmZWxsZGVja2VuMTIuanBnIiwic2xpZGVzaG93IjoiNmVkMjE0NiJ9\">\n\t\t\t\t\t<div class=\"e-gallery-image elementor-gallery-item__image\" data-thumbnail=\"https:\/\/www.ritsch.at\/gerberei\/wp-content\/uploads\/sites\/3\/2021\/05\/Gerberei-Ritsch-Mittersill-Schaffelldecken12.jpg\" data-width=\"1200\" data-height=\"800\" aria-label=\"\" role=\"img\" ><\/div>\n\t\t\t\t\t\t\t\t\t\t\t<div class=\"elementor-gallery-item__overlay\"><\/div>\n\t\t\t\t\t\t\t\t\t\t\t\t\t\t<\/a>\n\t\t\t\t\t<\/div>\n\t\t\t\t\t<\/div>\n\t\t\t\t<\/div>\n\t\t\t\t\t<\/div>\n\t\t<\/div>\n\t\t\t\t\t<\/div>\n\t\t<\/section>\n\t\t\t\t\t<\/div>\n\t\t<\/div>\n\t\t\t\t\t<\/div>\n\t\t<\/section>\n\t\t\t\t<\/div>\n\t\t","protected":false},"excerpt":{"rendered":"<p>Schaffell-Decken Unsere Decken aus naturf\u00e4rbigen Lammfellen sind nicht nur ein echter Blickfang, sondern auch kuschelig-warm. Die Decken fertigen wir aus 4, 6 und 8 Fellen.Wolll\u00e4nge ca. 4-6cmBitte beachten Sie die m\u00f6glichen Farbvarianten der naturbraunen Felle.\u00a0 4 Felle: ca. 180\/190 x 100cm 6 Felle: ca. 175\/190 x 135\/145cm 8 Felle: ca. 175\/190 x 180\/190cm \u00a0 Egal [&hellip;]<\/p>\n","protected":false},"author":1,"featured_media":0,"parent":0,"menu_order":0,"comment_status":"closed","ping_status":"closed","template":"","meta":{"_monsterinsights_skip_tracking":false,"_monsterinsights_sitenote_active":false,"_monsterinsights_sitenote_note":"","_monsterinsights_sitenote_category":0,"site-sidebar-layout":"no-sidebar","site-content-layout":"page-builder","ast-site-content-layout":"default","site-content-style":"default","site-sidebar-style":"default","ast-global-header-display":"","ast-banner-title-visibility":"","ast-main-header-display":"","ast-hfb-above-header-display":"","ast-hfb-below-header-display":"","ast-hfb-mobile-header-display":"","site-post-title":"disabled","ast-breadcrumbs-content":"","ast-featured-img":"disabled","footer-sml-layout":"","ast-disable-related-posts":"","theme-transparent-header-meta":"default","adv-header-id-meta":"","stick-header-meta":"default","header-above-stick-meta":"","header-main-stick-meta":"","header-below-stick-meta":"","astra-migrate-meta-layouts":"default","ast-page-background-enabled":"default","ast-page-background-meta":{"desktop":{"background-color":"","background-image":"","background-repeat":"repeat","background-position":"center center","background-size":"auto","background-attachment":"scroll","background-type":"","background-media":"","overlay-type":"","overlay-color":"","overlay-opacity":"","overlay-gradient":""},"tablet":{"background-color":"","background-image":"","background-repeat":"repeat","background-position":"center center","background-size":"auto","background-attachment":"scroll","background-type":"","background-media":"","overlay-type":"","overlay-color":"","overlay-opacity":"","overlay-gradient":""},"mobile":{"background-color":"","background-image":"","background-repeat":"repeat","background-position":"center center","background-size":"auto","background-attachment":"scroll","background-type":"","background-media":"","overlay-type":"","overlay-color":"","overlay-opacity":"","overlay-gradient":""}},"ast-content-background-meta":{"desktop":{"background-color":"var(--ast-global-color-5)","background-image":"","background-repeat":"repeat","background-position":"center center","background-size":"auto","background-attachment":"scroll","background-type":"","background-media":"","overlay-type":"","overlay-color":"","overlay-opacity":"","overlay-gradient":""},"tablet":{"background-color":"var(--ast-global-color-5)","background-image":"","background-repeat":"repeat","background-position":"center center","background-size":"auto","background-attachment":"scroll","background-type":"","background-media":"","overlay-type":"","overlay-color":"","overlay-opacity":"","overlay-gradient":""},"mobile":{"background-color":"var(--ast-global-color-5)","background-image":"","background-repeat":"repeat","background-position":"center center","background-size":"auto","background-attachment":"scroll","background-type":"","background-media":"","overlay-type":"","overlay-color":"","overlay-opacity":"","overlay-gradient":""}},"footnotes":""},"class_list":["post-297","page","type-page","status-publish","hentry"],"yoast_head":"<!-- This site is optimized with the Yoast SEO plugin v27.3 - https:\/\/yoast.com\/product\/yoast-seo-wordpress\/ -->\n<title>Decken \/ Doppelfelle - Gerberei Ritsch Leder und Felle in Mittersill<\/title>\n<meta name=\"description\" content=\"Unsere Decken aus naturf\u00e4rbigen Lammfellen sind ein Blickfang und auch kuschelig-warm. Doppelfelle eignen sich besonders f\u00fcr B\u00e4nke &amp; Liegen.\" \/>\n<meta name=\"robots\" content=\"index, follow, max-snippet:-1, max-image-preview:large, max-video-preview:-1\" \/>\n<link rel=\"canonical\" href=\"https:\/\/www.ritsch.at\/gerberei\/decken-doppelfelle\/\" \/>\n<meta property=\"og:locale\" content=\"de_DE\" \/>\n<meta property=\"og:type\" content=\"article\" \/>\n<meta property=\"og:title\" content=\"Decken \/ Doppelfelle - Gerberei Ritsch Leder und Felle in Mittersill\" \/>\n<meta property=\"og:description\" content=\"Unsere Decken aus naturf\u00e4rbigen Lammfellen sind ein Blickfang und auch kuschelig-warm. Doppelfelle eignen sich besonders f\u00fcr B\u00e4nke &amp; Liegen.\" \/>\n<meta property=\"og:url\" content=\"https:\/\/www.ritsch.at\/gerberei\/decken-doppelfelle\/\" \/>\n<meta property=\"og:site_name\" content=\"Gerberei Ritsch Leder und Felle in Mittersill\" \/>\n<meta property=\"article:publisher\" content=\"https:\/\/www.facebook.com\/LederRitsch\" \/>\n<meta property=\"article:modified_time\" content=\"2021-07-01T14:10:28+00:00\" \/>\n<meta property=\"og:image\" content=\"https:\/\/www.ritsch.at\/gerberei\/wp-content\/uploads\/sites\/3\/2021\/05\/Gerberei-Ritsch-Mittersill-Schaffelldecken2.jpg\" \/>\n\t<meta property=\"og:image:width\" content=\"1200\" \/>\n\t<meta property=\"og:image:height\" content=\"800\" \/>\n\t<meta property=\"og:image:type\" content=\"image\/jpeg\" \/>\n<meta name=\"twitter:card\" content=\"summary_large_image\" \/>\n<meta name=\"twitter:title\" content=\"Decken \/ Doppelfelle - Gerberei Ritsch Leder und Felle in Mittersill\" \/>\n<meta name=\"twitter:description\" content=\"Unsere Decken aus naturf\u00e4rbigen Lammfellen sind ein Blickfang und auch kuschelig-warm. Doppelfelle eignen sich besonders f\u00fcr B\u00e4nke &amp; Liegen.\" \/>\n<meta name=\"twitter:image\" content=\"https:\/\/www.ritsch.at\/gerberei\/wp-content\/uploads\/sites\/3\/2021\/05\/Gerberei-Ritsch-Mittersill-Schaffelldecken2.jpg\" \/>\n<meta name=\"twitter:label1\" content=\"Gesch\u00e4tzte Lesezeit\" \/>\n\t<meta name=\"twitter:data1\" content=\"3\u00a0Minuten\" \/>\n<script type=\"application\/ld+json\" class=\"yoast-schema-graph\">{\"@context\":\"https:\\\/\\\/schema.org\",\"@graph\":[{\"@type\":\"WebPage\",\"@id\":\"https:\\\/\\\/www.ritsch.at\\\/gerberei\\\/decken-doppelfelle\\\/\",\"url\":\"https:\\\/\\\/www.ritsch.at\\\/gerberei\\\/decken-doppelfelle\\\/\",\"name\":\"Decken \\\/ Doppelfelle - Gerberei Ritsch Leder und Felle in Mittersill\",\"isPartOf\":{\"@id\":\"https:\\\/\\\/www.ritsch.at\\\/gerberei\\\/#website\"},\"primaryImageOfPage\":{\"@id\":\"https:\\\/\\\/www.ritsch.at\\\/gerberei\\\/decken-doppelfelle\\\/#primaryimage\"},\"image\":{\"@id\":\"https:\\\/\\\/www.ritsch.at\\\/gerberei\\\/decken-doppelfelle\\\/#primaryimage\"},\"thumbnailUrl\":\"https:\\\/\\\/www.ritsch.at\\\/gerberei\\\/wp-content\\\/uploads\\\/sites\\\/3\\\/2021\\\/05\\\/Trenner-braun.png\",\"datePublished\":\"2021-05-05T14:49:23+00:00\",\"dateModified\":\"2021-07-01T14:10:28+00:00\",\"description\":\"Unsere Decken aus naturf\u00e4rbigen Lammfellen sind ein Blickfang und auch kuschelig-warm. Doppelfelle eignen sich besonders f\u00fcr B\u00e4nke & Liegen.\",\"breadcrumb\":{\"@id\":\"https:\\\/\\\/www.ritsch.at\\\/gerberei\\\/decken-doppelfelle\\\/#breadcrumb\"},\"inLanguage\":\"de\",\"potentialAction\":[{\"@type\":\"ReadAction\",\"target\":[\"https:\\\/\\\/www.ritsch.at\\\/gerberei\\\/decken-doppelfelle\\\/\"]}]},{\"@type\":\"ImageObject\",\"inLanguage\":\"de\",\"@id\":\"https:\\\/\\\/www.ritsch.at\\\/gerberei\\\/decken-doppelfelle\\\/#primaryimage\",\"url\":\"https:\\\/\\\/www.ritsch.at\\\/gerberei\\\/wp-content\\\/uploads\\\/sites\\\/3\\\/2021\\\/05\\\/Trenner-braun.png\",\"contentUrl\":\"https:\\\/\\\/www.ritsch.at\\\/gerberei\\\/wp-content\\\/uploads\\\/sites\\\/3\\\/2021\\\/05\\\/Trenner-braun.png\",\"width\":100,\"height\":6},{\"@type\":\"BreadcrumbList\",\"@id\":\"https:\\\/\\\/www.ritsch.at\\\/gerberei\\\/decken-doppelfelle\\\/#breadcrumb\",\"itemListElement\":[{\"@type\":\"ListItem\",\"position\":1,\"name\":\"Startseite\",\"item\":\"https:\\\/\\\/www.ritsch.at\\\/gerberei\\\/\"},{\"@type\":\"ListItem\",\"position\":2,\"name\":\"Decken \\\/ Doppelfelle\"}]},{\"@type\":\"WebSite\",\"@id\":\"https:\\\/\\\/www.ritsch.at\\\/gerberei\\\/#website\",\"url\":\"https:\\\/\\\/www.ritsch.at\\\/gerberei\\\/\",\"name\":\"Gerberei Ritsch in Mittersill\",\"description\":\"\",\"publisher\":{\"@id\":\"https:\\\/\\\/www.ritsch.at\\\/gerberei\\\/#organization\"},\"potentialAction\":[{\"@type\":\"SearchAction\",\"target\":{\"@type\":\"EntryPoint\",\"urlTemplate\":\"https:\\\/\\\/www.ritsch.at\\\/gerberei\\\/?s={search_term_string}\"},\"query-input\":{\"@type\":\"PropertyValueSpecification\",\"valueRequired\":true,\"valueName\":\"search_term_string\"}}],\"inLanguage\":\"de\"},{\"@type\":\"Organization\",\"@id\":\"https:\\\/\\\/www.ritsch.at\\\/gerberei\\\/#organization\",\"name\":\"Gerberei Ritsch\",\"url\":\"https:\\\/\\\/www.ritsch.at\\\/gerberei\\\/\",\"logo\":{\"@type\":\"ImageObject\",\"inLanguage\":\"de\",\"@id\":\"https:\\\/\\\/www.ritsch.at\\\/gerberei\\\/#\\\/schema\\\/logo\\\/image\\\/\",\"url\":\"https:\\\/\\\/www.ritsch.at\\\/gerberei\\\/wp-content\\\/uploads\\\/sites\\\/3\\\/2021\\\/04\\\/Gerberei-Ritsch-Mittersill-Logo.png\",\"contentUrl\":\"https:\\\/\\\/www.ritsch.at\\\/gerberei\\\/wp-content\\\/uploads\\\/sites\\\/3\\\/2021\\\/04\\\/Gerberei-Ritsch-Mittersill-Logo.png\",\"width\":1770,\"height\":342,\"caption\":\"Gerberei Ritsch\"},\"image\":{\"@id\":\"https:\\\/\\\/www.ritsch.at\\\/gerberei\\\/#\\\/schema\\\/logo\\\/image\\\/\"},\"sameAs\":[\"https:\\\/\\\/www.facebook.com\\\/LederRitsch\",\"https:\\\/\\\/www.instagram.com\\\/gerberei_ritsch\\\/\"]}]}<\/script>\n<!-- \/ Yoast SEO plugin. -->","yoast_head_json":{"title":"Decken \/ Doppelfelle - Gerberei Ritsch Leder und Felle in Mittersill","description":"Unsere Decken aus naturf\u00e4rbigen Lammfellen sind ein Blickfang und auch kuschelig-warm. Doppelfelle eignen sich besonders f\u00fcr B\u00e4nke & Liegen.","robots":{"index":"index","follow":"follow","max-snippet":"max-snippet:-1","max-image-preview":"max-image-preview:large","max-video-preview":"max-video-preview:-1"},"canonical":"https:\/\/www.ritsch.at\/gerberei\/decken-doppelfelle\/","og_locale":"de_DE","og_type":"article","og_title":"Decken \/ Doppelfelle - Gerberei Ritsch Leder und Felle in Mittersill","og_description":"Unsere Decken aus naturf\u00e4rbigen Lammfellen sind ein Blickfang und auch kuschelig-warm. Doppelfelle eignen sich besonders f\u00fcr B\u00e4nke & Liegen.","og_url":"https:\/\/www.ritsch.at\/gerberei\/decken-doppelfelle\/","og_site_name":"Gerberei Ritsch Leder und Felle in Mittersill","article_publisher":"https:\/\/www.facebook.com\/LederRitsch","article_modified_time":"2021-07-01T14:10:28+00:00","og_image":[{"width":1200,"height":800,"url":"https:\/\/www.ritsch.at\/gerberei\/wp-content\/uploads\/sites\/3\/2021\/05\/Gerberei-Ritsch-Mittersill-Schaffelldecken2.jpg","type":"image\/jpeg"}],"twitter_card":"summary_large_image","twitter_title":"Decken \/ Doppelfelle - Gerberei Ritsch Leder und Felle in Mittersill","twitter_description":"Unsere Decken aus naturf\u00e4rbigen Lammfellen sind ein Blickfang und auch kuschelig-warm. Doppelfelle eignen sich besonders f\u00fcr B\u00e4nke & Liegen.","twitter_image":"https:\/\/www.ritsch.at\/gerberei\/wp-content\/uploads\/sites\/3\/2021\/05\/Gerberei-Ritsch-Mittersill-Schaffelldecken2.jpg","twitter_misc":{"Gesch\u00e4tzte Lesezeit":"3\u00a0Minuten"},"schema":{"@context":"https:\/\/schema.org","@graph":[{"@type":"WebPage","@id":"https:\/\/www.ritsch.at\/gerberei\/decken-doppelfelle\/","url":"https:\/\/www.ritsch.at\/gerberei\/decken-doppelfelle\/","name":"Decken \/ Doppelfelle - Gerberei Ritsch Leder und Felle in Mittersill","isPartOf":{"@id":"https:\/\/www.ritsch.at\/gerberei\/#website"},"primaryImageOfPage":{"@id":"https:\/\/www.ritsch.at\/gerberei\/decken-doppelfelle\/#primaryimage"},"image":{"@id":"https:\/\/www.ritsch.at\/gerberei\/decken-doppelfelle\/#primaryimage"},"thumbnailUrl":"https:\/\/www.ritsch.at\/gerberei\/wp-content\/uploads\/sites\/3\/2021\/05\/Trenner-braun.png","datePublished":"2021-05-05T14:49:23+00:00","dateModified":"2021-07-01T14:10:28+00:00","description":"Unsere Decken aus naturf\u00e4rbigen Lammfellen sind ein Blickfang und auch kuschelig-warm. Doppelfelle eignen sich besonders f\u00fcr B\u00e4nke & Liegen.","breadcrumb":{"@id":"https:\/\/www.ritsch.at\/gerberei\/decken-doppelfelle\/#breadcrumb"},"inLanguage":"de","potentialAction":[{"@type":"ReadAction","target":["https:\/\/www.ritsch.at\/gerberei\/decken-doppelfelle\/"]}]},{"@type":"ImageObject","inLanguage":"de","@id":"https:\/\/www.ritsch.at\/gerberei\/decken-doppelfelle\/#primaryimage","url":"https:\/\/www.ritsch.at\/gerberei\/wp-content\/uploads\/sites\/3\/2021\/05\/Trenner-braun.png","contentUrl":"https:\/\/www.ritsch.at\/gerberei\/wp-content\/uploads\/sites\/3\/2021\/05\/Trenner-braun.png","width":100,"height":6},{"@type":"BreadcrumbList","@id":"https:\/\/www.ritsch.at\/gerberei\/decken-doppelfelle\/#breadcrumb","itemListElement":[{"@type":"ListItem","position":1,"name":"Startseite","item":"https:\/\/www.ritsch.at\/gerberei\/"},{"@type":"ListItem","position":2,"name":"Decken \/ Doppelfelle"}]},{"@type":"WebSite","@id":"https:\/\/www.ritsch.at\/gerberei\/#website","url":"https:\/\/www.ritsch.at\/gerberei\/","name":"Gerberei Ritsch in Mittersill","description":"","publisher":{"@id":"https:\/\/www.ritsch.at\/gerberei\/#organization"},"potentialAction":[{"@type":"SearchAction","target":{"@type":"EntryPoint","urlTemplate":"https:\/\/www.ritsch.at\/gerberei\/?s={search_term_string}"},"query-input":{"@type":"PropertyValueSpecification","valueRequired":true,"valueName":"search_term_string"}}],"inLanguage":"de"},{"@type":"Organization","@id":"https:\/\/www.ritsch.at\/gerberei\/#organization","name":"Gerberei Ritsch","url":"https:\/\/www.ritsch.at\/gerberei\/","logo":{"@type":"ImageObject","inLanguage":"de","@id":"https:\/\/www.ritsch.at\/gerberei\/#\/schema\/logo\/image\/","url":"https:\/\/www.ritsch.at\/gerberei\/wp-content\/uploads\/sites\/3\/2021\/04\/Gerberei-Ritsch-Mittersill-Logo.png","contentUrl":"https:\/\/www.ritsch.at\/gerberei\/wp-content\/uploads\/sites\/3\/2021\/04\/Gerberei-Ritsch-Mittersill-Logo.png","width":1770,"height":342,"caption":"Gerberei Ritsch"},"image":{"@id":"https:\/\/www.ritsch.at\/gerberei\/#\/schema\/logo\/image\/"},"sameAs":["https:\/\/www.facebook.com\/LederRitsch","https:\/\/www.instagram.com\/gerberei_ritsch\/"]}]}},"_links":{"self":[{"href":"https:\/\/www.ritsch.at\/gerberei\/wp-json\/wp\/v2\/pages\/297","targetHints":{"allow":["GET"]}}],"collection":[{"href":"https:\/\/www.ritsch.at\/gerberei\/wp-json\/wp\/v2\/pages"}],"about":[{"href":"https:\/\/www.ritsch.at\/gerberei\/wp-json\/wp\/v2\/types\/page"}],"author":[{"embeddable":true,"href":"https:\/\/www.ritsch.at\/gerberei\/wp-json\/wp\/v2\/users\/1"}],"replies":[{"embeddable":true,"href":"https:\/\/www.ritsch.at\/gerberei\/wp-json\/wp\/v2\/comments?post=297"}],"version-history":[{"count":80,"href":"https:\/\/www.ritsch.at\/gerberei\/wp-json\/wp\/v2\/pages\/297\/revisions"}],"predecessor-version":[{"id":1531,"href":"https:\/\/www.ritsch.at\/gerberei\/wp-json\/wp\/v2\/pages\/297\/revisions\/1531"}],"wp:attachment":[{"href":"https:\/\/www.ritsch.at\/gerberei\/wp-json\/wp\/v2\/media?parent=297"}],"curies":[{"name":"wp","href":"https:\/\/api.w.org\/{rel}","templated":true}]}}