{"id":71,"date":"2021-04-28T16:11:10","date_gmt":"2021-04-28T14:11:10","guid":{"rendered":"https:\/\/gerberei.www.ritsch.at\/?page_id=71"},"modified":"2025-05-08T07:42:07","modified_gmt":"2025-05-08T05:42:07","slug":"leder","status":"publish","type":"page","link":"https:\/\/www.ritsch.at\/gerberei\/leder\/","title":{"rendered":"Leder"},"content":{"rendered":"\t\t<div data-elementor-type=\"wp-page\" data-elementor-id=\"71\" class=\"elementor elementor-71\" data-elementor-post-type=\"page\">\n\t\t\t\t\t\t<section class=\"elementor-section elementor-top-section elementor-element elementor-element-8201a02 elementor-section-boxed elementor-section-height-default elementor-section-height-default\" data-id=\"8201a02\" data-element_type=\"section\" data-e-type=\"section\" data-settings=\"{&quot;background_motion_fx_translateY_effect&quot;:&quot;yes&quot;,&quot;background_motion_fx_translateY_speed&quot;:{&quot;unit&quot;:&quot;px&quot;,&quot;size&quot;:&quot;10&quot;,&quot;sizes&quot;:[]},&quot;background_motion_fx_devices&quot;:[&quot;desktop&quot;,&quot;tablet&quot;],&quot;background_motion_fx_range&quot;:&quot;page&quot;,&quot;background_motion_fx_translateY_affectedRange&quot;:{&quot;unit&quot;:&quot;%&quot;,&quot;size&quot;:&quot;&quot;,&quot;sizes&quot;:{&quot;start&quot;:0,&quot;end&quot;:100}}}\">\n\t\t\t\t\t\t<div class=\"elementor-container elementor-column-gap-default\">\n\t\t\t\t\t<div class=\"elementor-column elementor-col-100 elementor-top-column elementor-element elementor-element-12e32a0\" data-id=\"12e32a0\" data-element_type=\"column\" data-e-type=\"column\">\n\t\t\t<div class=\"elementor-widget-wrap elementor-element-populated\">\n\t\t\t\t\t\t<div class=\"elementor-element elementor-element-5bdeda5 elementor-widget elementor-widget-menu-anchor\" data-id=\"5bdeda5\" data-element_type=\"widget\" data-e-type=\"widget\" data-widget_type=\"menu-anchor.default\">\n\t\t\t\t<div class=\"elementor-widget-container\">\n\t\t\t\t\t\t\t<div class=\"elementor-menu-anchor\" id=\"nubuk\"><\/div>\n\t\t\t\t\t\t<\/div>\n\t\t\t\t<\/div>\n\t\t\t\t<div class=\"elementor-element elementor-element-fed4a71 elementor-widget elementor-widget-heading\" data-id=\"fed4a71\" data-element_type=\"widget\" data-e-type=\"widget\" data-widget_type=\"heading.default\">\n\t\t\t\t<div class=\"elementor-widget-container\">\n\t\t\t\t\t<h2 class=\"elementor-heading-title elementor-size-default\">Nubukleder<\/h2>\t\t\t\t<\/div>\n\t\t\t\t<\/div>\n\t\t\t\t<div class=\"elementor-element elementor-element-d9e39a8 elementor-widget elementor-widget-image\" data-id=\"d9e39a8\" data-element_type=\"widget\" data-e-type=\"widget\" data-widget_type=\"image.default\">\n\t\t\t\t<div class=\"elementor-widget-container\">\n\t\t\t\t\t\t\t\t\t\t\t\t\t\t\t<img decoding=\"async\" width=\"100\" height=\"6\" src=\"https:\/\/www.ritsch.at\/gerberei\/wp-content\/uploads\/sites\/3\/2021\/05\/Trenner-braun.png\" class=\"attachment-full size-full wp-image-792\" alt=\"\" \/>\t\t\t\t\t\t\t\t\t\t\t\t\t\t\t<\/div>\n\t\t\t\t<\/div>\n\t\t\t\t<div class=\"elementor-element elementor-element-e721d5a elementor-widget elementor-widget-text-editor\" data-id=\"e721d5a\" data-element_type=\"widget\" data-e-type=\"widget\" data-widget_type=\"text-editor.default\">\n\t\t\t\t<div class=\"elementor-widget-container\">\n\t\t\t\t\t\t\t\t\t<p>Bei Nubukleder wird die obere Narbenschicht der Haut leicht angeschliffen, dadurch entsteht der samtig, weiche Griff.<\/p>\t\t\t\t\t\t\t\t<\/div>\n\t\t\t\t<\/div>\n\t\t\t\t\t<\/div>\n\t\t<\/div>\n\t\t\t\t\t<\/div>\n\t\t<\/section>\n\t\t\t\t<section class=\"elementor-section elementor-top-section elementor-element elementor-element-276e3c9 elementor-section-boxed elementor-section-height-default elementor-section-height-default\" data-id=\"276e3c9\" data-element_type=\"section\" data-e-type=\"section\">\n\t\t\t\t\t\t<div class=\"elementor-container elementor-column-gap-default\">\n\t\t\t\t\t<div class=\"elementor-column elementor-col-100 elementor-top-column elementor-element elementor-element-b058d04\" data-id=\"b058d04\" data-element_type=\"column\" data-e-type=\"column\">\n\t\t\t<div class=\"elementor-widget-wrap elementor-element-populated\">\n\t\t\t\t\t\t<section class=\"elementor-section elementor-inner-section elementor-element elementor-element-772bd1c elementor-section-full_width elementor-section-height-default elementor-section-height-default\" data-id=\"772bd1c\" data-element_type=\"section\" data-e-type=\"section\">\n\t\t\t\t\t\t<div class=\"elementor-container elementor-column-gap-default\">\n\t\t\t\t\t<div class=\"elementor-column elementor-col-33 elementor-inner-column elementor-element elementor-element-f816967\" data-id=\"f816967\" data-element_type=\"column\" data-e-type=\"column\">\n\t\t\t<div class=\"elementor-widget-wrap elementor-element-populated\">\n\t\t\t\t\t\t<div class=\"elementor-element elementor-element-555b17b elementor-widget elementor-widget-heading\" data-id=\"555b17b\" data-element_type=\"widget\" data-e-type=\"widget\" data-widget_type=\"heading.default\">\n\t\t\t\t<div class=\"elementor-widget-container\">\n\t\t\t\t\t<h2 class=\"elementor-heading-title elementor-size-default\">Nubuk-Classic <\/h2>\t\t\t\t<\/div>\n\t\t\t\t<\/div>\n\t\t\t\t<div class=\"elementor-element elementor-element-6be82a7 elementor-widget elementor-widget-image\" data-id=\"6be82a7\" data-element_type=\"widget\" data-e-type=\"widget\" data-widget_type=\"image.default\">\n\t\t\t\t<div class=\"elementor-widget-container\">\n\t\t\t\t\t\t\t\t\t\t\t\t\t\t\t\t<a href=\"https:\/\/www.ritsch.at\/gerberei\/wp-content\/uploads\/sites\/3\/2021\/05\/Nubuk-Leder.jpg\" data-elementor-open-lightbox=\"yes\" data-elementor-lightbox-title=\"Nubuk-Classic\" data-e-action-hash=\"#elementor-action%3Aaction%3Dlightbox%26settings%3DeyJpZCI6Ijg0NCIsInVybCI6Imh0dHBzOlwvXC93d3cucml0c2NoLmF0XC9nZXJiZXJlaVwvd3AtY29udGVudFwvdXBsb2Fkc1wvc2l0ZXNcLzNcLzIwMjFcLzA1XC9OdWJ1ay1MZWRlci5qcGcifQ%3D%3D\">\n\t\t\t\t\t\t\t<img fetchpriority=\"high\" decoding=\"async\" width=\"1200\" height=\"799\" src=\"https:\/\/www.ritsch.at\/gerberei\/wp-content\/uploads\/sites\/3\/2021\/05\/Nubuk-Leder.jpg\" class=\"attachment-full size-full wp-image-844\" alt=\"\" srcset=\"https:\/\/www.ritsch.at\/gerberei\/wp-content\/uploads\/sites\/3\/2021\/05\/Nubuk-Leder.jpg 1200w, https:\/\/www.ritsch.at\/gerberei\/wp-content\/uploads\/sites\/3\/2021\/05\/Nubuk-Leder-300x200.jpg 300w, https:\/\/www.ritsch.at\/gerberei\/wp-content\/uploads\/sites\/3\/2021\/05\/Nubuk-Leder-1024x682.jpg 1024w, https:\/\/www.ritsch.at\/gerberei\/wp-content\/uploads\/sites\/3\/2021\/05\/Nubuk-Leder-768x511.jpg 768w\" sizes=\"(max-width: 1200px) 100vw, 1200px\" \/>\t\t\t\t\t\t\t\t<\/a>\n\t\t\t\t\t\t\t\t\t\t\t\t\t\t\t<\/div>\n\t\t\t\t<\/div>\n\t\t\t\t<div class=\"elementor-element elementor-element-ac1fb0b elementor-widget elementor-widget-text-editor\" data-id=\"ac1fb0b\" data-element_type=\"widget\" data-e-type=\"widget\" data-widget_type=\"text-editor.default\">\n\t\t\t\t<div class=\"elementor-widget-container\">\n\t\t\t\t\t\t\t\t\t<p>Unser klassisches Nubukleder, gefertigt aus s\u00fcddeutschen Bullenh\u00e4uten, besticht durch Nat\u00fcrlichkeit und Eleganz. Durch den Gebrauch entsteht mit der Zeit eine nat\u00fcrliche Patina, die diesem Leder einen besonderen Charakter verleiht.\u00a0<\/p>\t\t\t\t\t\t\t\t<\/div>\n\t\t\t\t<\/div>\n\t\t\t\t\t<\/div>\n\t\t<\/div>\n\t\t\t\t<div class=\"elementor-column elementor-col-33 elementor-inner-column elementor-element elementor-element-c1143f9\" data-id=\"c1143f9\" data-element_type=\"column\" data-e-type=\"column\">\n\t\t\t<div class=\"elementor-widget-wrap elementor-element-populated\">\n\t\t\t\t\t\t<div class=\"elementor-element elementor-element-2763914 elementor-widget elementor-widget-heading\" data-id=\"2763914\" data-element_type=\"widget\" data-e-type=\"widget\" data-widget_type=\"heading.default\">\n\t\t\t\t<div class=\"elementor-widget-container\">\n\t\t\t\t\t<h2 class=\"elementor-heading-title elementor-size-default\">Rustikal<\/h2>\t\t\t\t<\/div>\n\t\t\t\t<\/div>\n\t\t\t\t<div class=\"elementor-element elementor-element-ab62a11 elementor-widget elementor-widget-image\" data-id=\"ab62a11\" data-element_type=\"widget\" data-e-type=\"widget\" data-widget_type=\"image.default\">\n\t\t\t\t<div class=\"elementor-widget-container\">\n\t\t\t\t\t\t\t\t\t\t\t\t\t\t\t\t<a href=\"https:\/\/www.ritsch.at\/gerberei\/wp-content\/uploads\/sites\/3\/2021\/04\/Gerberei-Ritsch-Mittersill-Leder2.jpg\" data-elementor-open-lightbox=\"yes\" data-elementor-lightbox-title=\"Nubuk-Rustikal grau\" data-e-action-hash=\"#elementor-action%3Aaction%3Dlightbox%26settings%3DeyJpZCI6Ijc3IiwidXJsIjoiaHR0cHM6XC9cL3d3dy5yaXRzY2guYXRcL2dlcmJlcmVpXC93cC1jb250ZW50XC91cGxvYWRzXC9zaXRlc1wvM1wvMjAyMVwvMDRcL0dlcmJlcmVpLVJpdHNjaC1NaXR0ZXJzaWxsLUxlZGVyMi5qcGcifQ%3D%3D\">\n\t\t\t\t\t\t\t<img decoding=\"async\" width=\"1037\" height=\"691\" src=\"https:\/\/www.ritsch.at\/gerberei\/wp-content\/uploads\/sites\/3\/2021\/04\/Gerberei-Ritsch-Mittersill-Leder2.jpg\" class=\"attachment-full size-full wp-image-77\" alt=\"\" srcset=\"https:\/\/www.ritsch.at\/gerberei\/wp-content\/uploads\/sites\/3\/2021\/04\/Gerberei-Ritsch-Mittersill-Leder2.jpg 1037w, https:\/\/www.ritsch.at\/gerberei\/wp-content\/uploads\/sites\/3\/2021\/04\/Gerberei-Ritsch-Mittersill-Leder2-300x200.jpg 300w, https:\/\/www.ritsch.at\/gerberei\/wp-content\/uploads\/sites\/3\/2021\/04\/Gerberei-Ritsch-Mittersill-Leder2-1024x682.jpg 1024w, https:\/\/www.ritsch.at\/gerberei\/wp-content\/uploads\/sites\/3\/2021\/04\/Gerberei-Ritsch-Mittersill-Leder2-768x512.jpg 768w\" sizes=\"(max-width: 1037px) 100vw, 1037px\" \/>\t\t\t\t\t\t\t\t<\/a>\n\t\t\t\t\t\t\t\t\t\t\t\t\t\t\t<\/div>\n\t\t\t\t<\/div>\n\t\t\t\t<div class=\"elementor-element elementor-element-51cd93d elementor-widget elementor-widget-text-editor\" data-id=\"51cd93d\" data-element_type=\"widget\" data-e-type=\"widget\" data-widget_type=\"text-editor.default\">\n\t\t\t\t<div class=\"elementor-widget-container\">\n\t\t\t\t\t\t\t\t\t<p><strong>Rustikal<\/strong> &#8211; Nubukleder im Vintage-Look mit 2-Farben-Effekt, in 11 Farben lieferbar.<\/p><p>Kleine Vernarbungen, Mastfalten, Strukturver\u00e4nderungen der Oberfl\u00e4che sind typisch f\u00fcr dieses edle Anilinleder.<\/p>\t\t\t\t\t\t\t\t<\/div>\n\t\t\t\t<\/div>\n\t\t\t\t\t<\/div>\n\t\t<\/div>\n\t\t\t\t<div class=\"elementor-column elementor-col-33 elementor-inner-column elementor-element elementor-element-74a9ff5\" data-id=\"74a9ff5\" data-element_type=\"column\" data-e-type=\"column\">\n\t\t\t<div class=\"elementor-widget-wrap elementor-element-populated\">\n\t\t\t\t\t\t<div class=\"elementor-element elementor-element-49fe3bb elementor-widget elementor-widget-heading\" data-id=\"49fe3bb\" data-element_type=\"widget\" data-e-type=\"widget\" data-widget_type=\"heading.default\">\n\t\t\t\t<div class=\"elementor-widget-container\">\n\t\t\t\t\t<h2 class=\"elementor-heading-title elementor-size-default\">Tauernbuk<\/h2>\t\t\t\t<\/div>\n\t\t\t\t<\/div>\n\t\t\t\t<div class=\"elementor-element elementor-element-d19f6a6 elementor-widget elementor-widget-image\" data-id=\"d19f6a6\" data-element_type=\"widget\" data-e-type=\"widget\" data-widget_type=\"image.default\">\n\t\t\t\t<div class=\"elementor-widget-container\">\n\t\t\t\t\t\t\t\t\t\t\t\t\t\t\t\t<a href=\"https:\/\/www.ritsch.at\/gerberei\/wp-content\/uploads\/sites\/3\/2021\/04\/Gerberei-Ritsch-Mittersill-Leder.jpg\" data-elementor-open-lightbox=\"yes\" data-elementor-lightbox-title=\"Tauernbuk\" data-e-action-hash=\"#elementor-action%3Aaction%3Dlightbox%26settings%3DeyJpZCI6Ijc5IiwidXJsIjoiaHR0cHM6XC9cL3d3dy5yaXRzY2guYXRcL2dlcmJlcmVpXC93cC1jb250ZW50XC91cGxvYWRzXC9zaXRlc1wvM1wvMjAyMVwvMDRcL0dlcmJlcmVpLVJpdHNjaC1NaXR0ZXJzaWxsLUxlZGVyLmpwZyJ9\">\n\t\t\t\t\t\t\t<img loading=\"lazy\" decoding=\"async\" width=\"1200\" height=\"800\" src=\"https:\/\/www.ritsch.at\/gerberei\/wp-content\/uploads\/sites\/3\/2021\/04\/Gerberei-Ritsch-Mittersill-Leder.jpg\" class=\"attachment-full size-full wp-image-79\" alt=\"\" srcset=\"https:\/\/www.ritsch.at\/gerberei\/wp-content\/uploads\/sites\/3\/2021\/04\/Gerberei-Ritsch-Mittersill-Leder.jpg 1200w, https:\/\/www.ritsch.at\/gerberei\/wp-content\/uploads\/sites\/3\/2021\/04\/Gerberei-Ritsch-Mittersill-Leder-300x200.jpg 300w, https:\/\/www.ritsch.at\/gerberei\/wp-content\/uploads\/sites\/3\/2021\/04\/Gerberei-Ritsch-Mittersill-Leder-1024x683.jpg 1024w, https:\/\/www.ritsch.at\/gerberei\/wp-content\/uploads\/sites\/3\/2021\/04\/Gerberei-Ritsch-Mittersill-Leder-768x512.jpg 768w\" sizes=\"(max-width: 1200px) 100vw, 1200px\" \/>\t\t\t\t\t\t\t\t<\/a>\n\t\t\t\t\t\t\t\t\t\t\t\t\t\t\t<\/div>\n\t\t\t\t<\/div>\n\t\t\t\t<div class=\"elementor-element elementor-element-74ce2b5 elementor-widget elementor-widget-text-editor\" data-id=\"74ce2b5\" data-element_type=\"widget\" data-e-type=\"widget\" data-widget_type=\"text-editor.default\">\n\t\t\t\t<div class=\"elementor-widget-container\">\n\t\t\t\t\t\t\t\t\t<p><strong>Tauernbuk<\/strong> &#8211; Nubukleder mit wolkigem Effekt, in 4 Farben erh\u00e4ltlich. <\/p><p>Die geb\u00fcgelte Oberfl\u00e4che gibt diesem Leder einen besonders angenehmen Griff und edlen Charakter.<\/p>\t\t\t\t\t\t\t\t<\/div>\n\t\t\t\t<\/div>\n\t\t\t\t\t<\/div>\n\t\t<\/div>\n\t\t\t\t\t<\/div>\n\t\t<\/section>\n\t\t\t\t\t<\/div>\n\t\t<\/div>\n\t\t\t\t\t<\/div>\n\t\t<\/section>\n\t\t\t\t<section class=\"elementor-section elementor-top-section elementor-element elementor-element-10ea379 elementor-section-boxed elementor-section-height-default elementor-section-height-default\" data-id=\"10ea379\" data-element_type=\"section\" data-e-type=\"section\" data-settings=\"{&quot;background_motion_fx_translateY_effect&quot;:&quot;yes&quot;,&quot;background_motion_fx_translateY_speed&quot;:{&quot;unit&quot;:&quot;px&quot;,&quot;size&quot;:&quot;10&quot;,&quot;sizes&quot;:[]},&quot;background_motion_fx_devices&quot;:[&quot;desktop&quot;,&quot;tablet&quot;],&quot;background_motion_fx_range&quot;:&quot;page&quot;,&quot;background_motion_fx_translateY_affectedRange&quot;:{&quot;unit&quot;:&quot;%&quot;,&quot;size&quot;:&quot;&quot;,&quot;sizes&quot;:{&quot;start&quot;:0,&quot;end&quot;:100}}}\">\n\t\t\t\t\t\t<div class=\"elementor-container elementor-column-gap-default\">\n\t\t\t\t\t<div class=\"elementor-column elementor-col-100 elementor-top-column elementor-element elementor-element-516ffc9\" data-id=\"516ffc9\" data-element_type=\"column\" data-e-type=\"column\">\n\t\t\t<div class=\"elementor-widget-wrap elementor-element-populated\">\n\t\t\t\t\t\t<div class=\"elementor-element elementor-element-4e9a09e elementor-widget elementor-widget-menu-anchor\" data-id=\"4e9a09e\" data-element_type=\"widget\" data-e-type=\"widget\" data-widget_type=\"menu-anchor.default\">\n\t\t\t\t<div class=\"elementor-widget-container\">\n\t\t\t\t\t\t\t<div class=\"elementor-menu-anchor\" id=\"semi-anilin\"><\/div>\n\t\t\t\t\t\t<\/div>\n\t\t\t\t<\/div>\n\t\t\t\t<div class=\"elementor-element elementor-element-adcb85d elementor-widget elementor-widget-heading\" data-id=\"adcb85d\" data-element_type=\"widget\" data-e-type=\"widget\" data-widget_type=\"heading.default\">\n\t\t\t\t<div class=\"elementor-widget-container\">\n\t\t\t\t\t<h2 class=\"elementor-heading-title elementor-size-default\">Semi-Anilinleder<\/h2>\t\t\t\t<\/div>\n\t\t\t\t<\/div>\n\t\t\t\t<div class=\"elementor-element elementor-element-f3908a1 elementor-widget elementor-widget-image\" data-id=\"f3908a1\" data-element_type=\"widget\" data-e-type=\"widget\" data-widget_type=\"image.default\">\n\t\t\t\t<div class=\"elementor-widget-container\">\n\t\t\t\t\t\t\t\t\t\t\t\t\t\t\t<img decoding=\"async\" width=\"100\" height=\"6\" src=\"https:\/\/www.ritsch.at\/gerberei\/wp-content\/uploads\/sites\/3\/2021\/05\/Trenner-braun.png\" class=\"attachment-full size-full wp-image-792\" alt=\"\" \/>\t\t\t\t\t\t\t\t\t\t\t\t\t\t\t<\/div>\n\t\t\t\t<\/div>\n\t\t\t\t<div class=\"elementor-element elementor-element-f32fe75 elementor-widget elementor-widget-text-editor\" data-id=\"f32fe75\" data-element_type=\"widget\" data-e-type=\"widget\" data-widget_type=\"text-editor.default\">\n\t\t\t\t<div class=\"elementor-widget-container\">\n\t\t\t\t\t\t\t\t\t<p>Diese Leder sind vollnarbig mit einer leichten Pigmentzurichtung.<\/p>\t\t\t\t\t\t\t\t<\/div>\n\t\t\t\t<\/div>\n\t\t\t\t\t<\/div>\n\t\t<\/div>\n\t\t\t\t\t<\/div>\n\t\t<\/section>\n\t\t\t\t<section class=\"elementor-section elementor-top-section elementor-element elementor-element-d4b2b4f elementor-section-boxed elementor-section-height-default elementor-section-height-default\" data-id=\"d4b2b4f\" data-element_type=\"section\" data-e-type=\"section\">\n\t\t\t\t\t\t<div class=\"elementor-container elementor-column-gap-default\">\n\t\t\t\t\t<div class=\"elementor-column elementor-col-100 elementor-top-column elementor-element elementor-element-85a31f6\" data-id=\"85a31f6\" data-element_type=\"column\" data-e-type=\"column\">\n\t\t\t<div class=\"elementor-widget-wrap elementor-element-populated\">\n\t\t\t\t\t\t<section class=\"elementor-section elementor-inner-section elementor-element elementor-element-a93085f elementor-section-full_width elementor-section-height-default elementor-section-height-default\" data-id=\"a93085f\" data-element_type=\"section\" data-e-type=\"section\">\n\t\t\t\t\t\t<div class=\"elementor-container elementor-column-gap-default\">\n\t\t\t\t\t<div class=\"elementor-column elementor-col-50 elementor-inner-column elementor-element elementor-element-bd96e52\" data-id=\"bd96e52\" data-element_type=\"column\" data-e-type=\"column\">\n\t\t\t<div class=\"elementor-widget-wrap elementor-element-populated\">\n\t\t\t\t\t\t<div class=\"elementor-element elementor-element-5801729 elementor-widget elementor-widget-heading\" data-id=\"5801729\" data-element_type=\"widget\" data-e-type=\"widget\" data-widget_type=\"heading.default\">\n\t\t\t\t<div class=\"elementor-widget-container\">\n\t\t\t\t\t<h2 class=\"elementor-heading-title elementor-size-default\">Mona <\/h2>\t\t\t\t<\/div>\n\t\t\t\t<\/div>\n\t\t\t\t<div class=\"elementor-element elementor-element-8699333 elementor-widget elementor-widget-image\" data-id=\"8699333\" data-element_type=\"widget\" data-e-type=\"widget\" data-widget_type=\"image.default\">\n\t\t\t\t<div class=\"elementor-widget-container\">\n\t\t\t\t\t\t\t\t\t\t\t\t\t\t\t\t<a href=\"https:\/\/www.ritsch.at\/gerberei\/wp-content\/uploads\/sites\/3\/2021\/05\/Mona-Leder.jpg\" data-elementor-open-lightbox=\"yes\" data-elementor-lightbox-title=\"Mona\" data-e-action-hash=\"#elementor-action%3Aaction%3Dlightbox%26settings%3DeyJpZCI6Ijg0NyIsInVybCI6Imh0dHBzOlwvXC93d3cucml0c2NoLmF0XC9nZXJiZXJlaVwvd3AtY29udGVudFwvdXBsb2Fkc1wvc2l0ZXNcLzNcLzIwMjFcLzA1XC9Nb25hLUxlZGVyLmpwZyJ9\">\n\t\t\t\t\t\t\t<img loading=\"lazy\" decoding=\"async\" width=\"1200\" height=\"799\" src=\"https:\/\/www.ritsch.at\/gerberei\/wp-content\/uploads\/sites\/3\/2021\/05\/Mona-Leder.jpg\" class=\"attachment-full size-full wp-image-847\" alt=\"\" srcset=\"https:\/\/www.ritsch.at\/gerberei\/wp-content\/uploads\/sites\/3\/2021\/05\/Mona-Leder.jpg 1200w, https:\/\/www.ritsch.at\/gerberei\/wp-content\/uploads\/sites\/3\/2021\/05\/Mona-Leder-300x200.jpg 300w, https:\/\/www.ritsch.at\/gerberei\/wp-content\/uploads\/sites\/3\/2021\/05\/Mona-Leder-1024x682.jpg 1024w, https:\/\/www.ritsch.at\/gerberei\/wp-content\/uploads\/sites\/3\/2021\/05\/Mona-Leder-768x511.jpg 768w\" sizes=\"(max-width: 1200px) 100vw, 1200px\" \/>\t\t\t\t\t\t\t\t<\/a>\n\t\t\t\t\t\t\t\t\t\t\t\t\t\t\t<\/div>\n\t\t\t\t<\/div>\n\t\t\t\t<div class=\"elementor-element elementor-element-dc9fcdb elementor-widget elementor-widget-text-editor\" data-id=\"dc9fcdb\" data-element_type=\"widget\" data-e-type=\"widget\" data-widget_type=\"text-editor.default\">\n\t\t\t\t<div class=\"elementor-widget-container\">\n\t\t\t\t\t\t\t\t\t<p>Ein Dickleder mit grober Pr\u00e4gung. Der volle und weiche Griff zeichnet dieses langlebige Leder aus.<\/p>\t\t\t\t\t\t\t\t<\/div>\n\t\t\t\t<\/div>\n\t\t\t\t\t<\/div>\n\t\t<\/div>\n\t\t\t\t<div class=\"elementor-column elementor-col-50 elementor-inner-column elementor-element elementor-element-f636dae\" data-id=\"f636dae\" data-element_type=\"column\" data-e-type=\"column\">\n\t\t\t<div class=\"elementor-widget-wrap elementor-element-populated\">\n\t\t\t\t\t\t<div class=\"elementor-element elementor-element-63a1e2f elementor-widget elementor-widget-heading\" data-id=\"63a1e2f\" data-element_type=\"widget\" data-e-type=\"widget\" data-widget_type=\"heading.default\">\n\t\t\t\t<div class=\"elementor-widget-container\">\n\t\t\t\t\t<h2 class=\"elementor-heading-title elementor-size-default\">Sandy <\/h2>\t\t\t\t<\/div>\n\t\t\t\t<\/div>\n\t\t\t\t<div class=\"elementor-element elementor-element-961f3fc elementor-widget elementor-widget-image\" data-id=\"961f3fc\" data-element_type=\"widget\" data-e-type=\"widget\" data-widget_type=\"image.default\">\n\t\t\t\t<div class=\"elementor-widget-container\">\n\t\t\t\t\t\t\t\t\t\t\t\t\t\t\t\t<a href=\"https:\/\/www.ritsch.at\/gerberei\/wp-content\/uploads\/sites\/3\/2021\/05\/Sandy-Leder.jpg\" data-elementor-open-lightbox=\"yes\" data-elementor-lightbox-title=\"Sandy\" data-e-action-hash=\"#elementor-action%3Aaction%3Dlightbox%26settings%3DeyJpZCI6Ijg0NSIsInVybCI6Imh0dHBzOlwvXC93d3cucml0c2NoLmF0XC9nZXJiZXJlaVwvd3AtY29udGVudFwvdXBsb2Fkc1wvc2l0ZXNcLzNcLzIwMjFcLzA1XC9TYW5keS1MZWRlci5qcGcifQ%3D%3D\">\n\t\t\t\t\t\t\t<img loading=\"lazy\" decoding=\"async\" width=\"1200\" height=\"799\" src=\"https:\/\/www.ritsch.at\/gerberei\/wp-content\/uploads\/sites\/3\/2021\/05\/Sandy-Leder.jpg\" class=\"attachment-full size-full wp-image-845\" alt=\"\" srcset=\"https:\/\/www.ritsch.at\/gerberei\/wp-content\/uploads\/sites\/3\/2021\/05\/Sandy-Leder.jpg 1200w, https:\/\/www.ritsch.at\/gerberei\/wp-content\/uploads\/sites\/3\/2021\/05\/Sandy-Leder-300x200.jpg 300w, https:\/\/www.ritsch.at\/gerberei\/wp-content\/uploads\/sites\/3\/2021\/05\/Sandy-Leder-1024x682.jpg 1024w, https:\/\/www.ritsch.at\/gerberei\/wp-content\/uploads\/sites\/3\/2021\/05\/Sandy-Leder-768x511.jpg 768w\" sizes=\"(max-width: 1200px) 100vw, 1200px\" \/>\t\t\t\t\t\t\t\t<\/a>\n\t\t\t\t\t\t\t\t\t\t\t\t\t\t\t<\/div>\n\t\t\t\t<\/div>\n\t\t\t\t<div class=\"elementor-element elementor-element-169a24d elementor-widget elementor-widget-text-editor\" data-id=\"169a24d\" data-element_type=\"widget\" data-e-type=\"widget\" data-widget_type=\"text-editor.default\">\n\t\t\t\t<div class=\"elementor-widget-container\">\n\t\t\t\t\t\t\t\t\t<p>Ein Semi-Anilinleder mit nat\u00fcrlichem Millkorn und angenehmen Griff. Dieses Leder hat ein flacheres Narbenbild.<br \/><br \/><\/p>\t\t\t\t\t\t\t\t<\/div>\n\t\t\t\t<\/div>\n\t\t\t\t\t<\/div>\n\t\t<\/div>\n\t\t\t\t\t<\/div>\n\t\t<\/section>\n\t\t\t\t\t<\/div>\n\t\t<\/div>\n\t\t\t\t\t<\/div>\n\t\t<\/section>\n\t\t\t\t<section class=\"elementor-section elementor-top-section elementor-element elementor-element-4ba8b5e elementor-section-boxed elementor-section-height-default elementor-section-height-default\" data-id=\"4ba8b5e\" data-element_type=\"section\" data-e-type=\"section\" data-settings=\"{&quot;background_motion_fx_translateY_effect&quot;:&quot;yes&quot;,&quot;background_motion_fx_translateY_speed&quot;:{&quot;unit&quot;:&quot;px&quot;,&quot;size&quot;:&quot;10&quot;,&quot;sizes&quot;:[]},&quot;background_motion_fx_devices&quot;:[&quot;desktop&quot;,&quot;tablet&quot;],&quot;background_motion_fx_range&quot;:&quot;page&quot;,&quot;background_motion_fx_translateY_affectedRange&quot;:{&quot;unit&quot;:&quot;%&quot;,&quot;size&quot;:&quot;&quot;,&quot;sizes&quot;:{&quot;start&quot;:0,&quot;end&quot;:100}}}\">\n\t\t\t\t\t\t<div class=\"elementor-container elementor-column-gap-default\">\n\t\t\t\t\t<div class=\"elementor-column elementor-col-100 elementor-top-column elementor-element elementor-element-eb1cbbd\" data-id=\"eb1cbbd\" data-element_type=\"column\" data-e-type=\"column\">\n\t\t\t<div class=\"elementor-widget-wrap elementor-element-populated\">\n\t\t\t\t\t\t<div class=\"elementor-element elementor-element-2b3d858 elementor-widget elementor-widget-menu-anchor\" data-id=\"2b3d858\" data-element_type=\"widget\" data-e-type=\"widget\" data-widget_type=\"menu-anchor.default\">\n\t\t\t\t<div class=\"elementor-widget-container\">\n\t\t\t\t\t\t\t<div class=\"elementor-menu-anchor\" id=\"anilin\"><\/div>\n\t\t\t\t\t\t<\/div>\n\t\t\t\t<\/div>\n\t\t\t\t<div class=\"elementor-element elementor-element-4270ddc elementor-widget elementor-widget-heading\" data-id=\"4270ddc\" data-element_type=\"widget\" data-e-type=\"widget\" data-widget_type=\"heading.default\">\n\t\t\t\t<div class=\"elementor-widget-container\">\n\t\t\t\t\t<h2 class=\"elementor-heading-title elementor-size-default\">Anilinleder<\/h2>\t\t\t\t<\/div>\n\t\t\t\t<\/div>\n\t\t\t\t<div class=\"elementor-element elementor-element-fd9783c elementor-widget elementor-widget-image\" data-id=\"fd9783c\" data-element_type=\"widget\" data-e-type=\"widget\" data-widget_type=\"image.default\">\n\t\t\t\t<div class=\"elementor-widget-container\">\n\t\t\t\t\t\t\t\t\t\t\t\t\t\t\t<img decoding=\"async\" width=\"100\" height=\"6\" src=\"https:\/\/www.ritsch.at\/gerberei\/wp-content\/uploads\/sites\/3\/2021\/05\/Trenner-braun.png\" class=\"attachment-full size-full wp-image-792\" alt=\"\" \/>\t\t\t\t\t\t\t\t\t\t\t\t\t\t\t<\/div>\n\t\t\t\t<\/div>\n\t\t\t\t<div class=\"elementor-element elementor-element-9eaaafb elementor-widget elementor-widget-text-editor\" data-id=\"9eaaafb\" data-element_type=\"widget\" data-e-type=\"widget\" data-widget_type=\"text-editor.default\">\n\t\t\t\t<div class=\"elementor-widget-container\">\n\t\t\t\t\t\t\t\t\t<p>Anilinleder haben keine deckende Zurichtung, die nat\u00fcrliche Narben- und Hautstruktur bleibt erhalten. Sie sind unvergleichlich im Griff und Geschmeidigkeit.<br \/>Diese Leder werden ausschlie\u00dflich im Fass in 2 Stufen gef\u00e4rbt.<\/p>\t\t\t\t\t\t\t\t<\/div>\n\t\t\t\t<\/div>\n\t\t\t\t\t<\/div>\n\t\t<\/div>\n\t\t\t\t\t<\/div>\n\t\t<\/section>\n\t\t\t\t<section class=\"elementor-section elementor-top-section elementor-element elementor-element-737c837 elementor-section-boxed elementor-section-height-default elementor-section-height-default\" data-id=\"737c837\" data-element_type=\"section\" data-e-type=\"section\">\n\t\t\t\t\t\t<div class=\"elementor-container elementor-column-gap-default\">\n\t\t\t\t\t<div class=\"elementor-column elementor-col-100 elementor-top-column elementor-element elementor-element-115b10d\" data-id=\"115b10d\" data-element_type=\"column\" data-e-type=\"column\">\n\t\t\t<div class=\"elementor-widget-wrap elementor-element-populated\">\n\t\t\t\t\t\t<section class=\"elementor-section elementor-inner-section elementor-element elementor-element-ac7f3f9 elementor-section-full_width elementor-section-height-default elementor-section-height-default\" data-id=\"ac7f3f9\" data-element_type=\"section\" data-e-type=\"section\">\n\t\t\t\t\t\t<div class=\"elementor-container elementor-column-gap-default\">\n\t\t\t\t\t<div class=\"elementor-column elementor-col-50 elementor-inner-column elementor-element elementor-element-6a6057a\" data-id=\"6a6057a\" data-element_type=\"column\" data-e-type=\"column\">\n\t\t\t<div class=\"elementor-widget-wrap elementor-element-populated\">\n\t\t\t\t\t\t<div class=\"elementor-element elementor-element-72f5b36 elementor-widget elementor-widget-heading\" data-id=\"72f5b36\" data-element_type=\"widget\" data-e-type=\"widget\" data-widget_type=\"heading.default\">\n\t\t\t\t<div class=\"elementor-widget-container\">\n\t\t\t\t\t<h2 class=\"elementor-heading-title elementor-size-default\">Natalie <\/h2>\t\t\t\t<\/div>\n\t\t\t\t<\/div>\n\t\t\t\t<div class=\"elementor-element elementor-element-718177d elementor-widget elementor-widget-image\" data-id=\"718177d\" data-element_type=\"widget\" data-e-type=\"widget\" data-widget_type=\"image.default\">\n\t\t\t\t<div class=\"elementor-widget-container\">\n\t\t\t\t\t\t\t\t\t\t\t\t\t\t\t\t<a href=\"https:\/\/www.ritsch.at\/gerberei\/wp-content\/uploads\/sites\/3\/2021\/05\/Natalie-Leder.jpg\" data-elementor-open-lightbox=\"yes\" data-elementor-lightbox-title=\"Natalie\" data-e-action-hash=\"#elementor-action%3Aaction%3Dlightbox%26settings%3DeyJpZCI6Ijg0MyIsInVybCI6Imh0dHBzOlwvXC93d3cucml0c2NoLmF0XC9nZXJiZXJlaVwvd3AtY29udGVudFwvdXBsb2Fkc1wvc2l0ZXNcLzNcLzIwMjFcLzA1XC9OYXRhbGllLUxlZGVyLmpwZyJ9\">\n\t\t\t\t\t\t\t<img loading=\"lazy\" decoding=\"async\" width=\"1200\" height=\"799\" src=\"https:\/\/www.ritsch.at\/gerberei\/wp-content\/uploads\/sites\/3\/2021\/05\/Natalie-Leder.jpg\" class=\"attachment-full size-full wp-image-843\" alt=\"\" srcset=\"https:\/\/www.ritsch.at\/gerberei\/wp-content\/uploads\/sites\/3\/2021\/05\/Natalie-Leder.jpg 1200w, https:\/\/www.ritsch.at\/gerberei\/wp-content\/uploads\/sites\/3\/2021\/05\/Natalie-Leder-300x200.jpg 300w, https:\/\/www.ritsch.at\/gerberei\/wp-content\/uploads\/sites\/3\/2021\/05\/Natalie-Leder-1024x682.jpg 1024w, https:\/\/www.ritsch.at\/gerberei\/wp-content\/uploads\/sites\/3\/2021\/05\/Natalie-Leder-768x511.jpg 768w\" sizes=\"(max-width: 1200px) 100vw, 1200px\" \/>\t\t\t\t\t\t\t\t<\/a>\n\t\t\t\t\t\t\t\t\t\t\t\t\t\t\t<\/div>\n\t\t\t\t<\/div>\n\t\t\t\t<div class=\"elementor-element elementor-element-9c01114 elementor-widget elementor-widget-text-editor\" data-id=\"9c01114\" data-element_type=\"widget\" data-e-type=\"widget\" data-widget_type=\"text-editor.default\">\n\t\t\t\t<div class=\"elementor-widget-container\">\n\t\t\t\t\t\t\t\t\t<p>Rein-Anilinleder mit Scotchgard-Ausr\u00fcstung. Dabei handelt es sich um eine oberfl\u00e4chliche Impr\u00e4gnierung, die wasser- und schmutzabweisend wirkt.<br \/><br \/><\/p>\t\t\t\t\t\t\t\t<\/div>\n\t\t\t\t<\/div>\n\t\t\t\t\t<\/div>\n\t\t<\/div>\n\t\t\t\t<div class=\"elementor-column elementor-col-50 elementor-inner-column elementor-element elementor-element-061e5ba\" data-id=\"061e5ba\" data-element_type=\"column\" data-e-type=\"column\">\n\t\t\t<div class=\"elementor-widget-wrap elementor-element-populated\">\n\t\t\t\t\t\t<div class=\"elementor-element elementor-element-b53410f elementor-widget elementor-widget-heading\" data-id=\"b53410f\" data-element_type=\"widget\" data-e-type=\"widget\" data-widget_type=\"heading.default\">\n\t\t\t\t<div class=\"elementor-widget-container\">\n\t\t\t\t\t<h2 class=\"elementor-heading-title elementor-size-default\">Elly <\/h2>\t\t\t\t<\/div>\n\t\t\t\t<\/div>\n\t\t\t\t<div class=\"elementor-element elementor-element-2628985 elementor-widget elementor-widget-image\" data-id=\"2628985\" data-element_type=\"widget\" data-e-type=\"widget\" data-widget_type=\"image.default\">\n\t\t\t\t<div class=\"elementor-widget-container\">\n\t\t\t\t\t\t\t\t\t\t\t\t\t\t\t\t<a href=\"https:\/\/www.ritsch.at\/gerberei\/wp-content\/uploads\/sites\/3\/2021\/05\/Elly-Leder.jpg\" data-elementor-open-lightbox=\"yes\" data-elementor-lightbox-title=\"Elly\" data-e-action-hash=\"#elementor-action%3Aaction%3Dlightbox%26settings%3DeyJpZCI6Ijg0NiIsInVybCI6Imh0dHBzOlwvXC93d3cucml0c2NoLmF0XC9nZXJiZXJlaVwvd3AtY29udGVudFwvdXBsb2Fkc1wvc2l0ZXNcLzNcLzIwMjFcLzA1XC9FbGx5LUxlZGVyLmpwZyJ9\">\n\t\t\t\t\t\t\t<img loading=\"lazy\" decoding=\"async\" width=\"1200\" height=\"799\" src=\"https:\/\/www.ritsch.at\/gerberei\/wp-content\/uploads\/sites\/3\/2021\/05\/Elly-Leder.jpg\" class=\"attachment-full size-full wp-image-846\" alt=\"\" srcset=\"https:\/\/www.ritsch.at\/gerberei\/wp-content\/uploads\/sites\/3\/2021\/05\/Elly-Leder.jpg 1200w, https:\/\/www.ritsch.at\/gerberei\/wp-content\/uploads\/sites\/3\/2021\/05\/Elly-Leder-300x200.jpg 300w, https:\/\/www.ritsch.at\/gerberei\/wp-content\/uploads\/sites\/3\/2021\/05\/Elly-Leder-1024x682.jpg 1024w, https:\/\/www.ritsch.at\/gerberei\/wp-content\/uploads\/sites\/3\/2021\/05\/Elly-Leder-768x511.jpg 768w\" sizes=\"(max-width: 1200px) 100vw, 1200px\" \/>\t\t\t\t\t\t\t\t<\/a>\n\t\t\t\t\t\t\t\t\t\t\t\t\t\t\t<\/div>\n\t\t\t\t<\/div>\n\t\t\t\t<div class=\"elementor-element elementor-element-6c4d464 elementor-widget elementor-widget-text-editor\" data-id=\"6c4d464\" data-element_type=\"widget\" data-e-type=\"widget\" data-widget_type=\"text-editor.default\">\n\t\t\t\t<div class=\"elementor-widget-container\">\n\t\t\t\t\t\t\t\t\t<p>Ein gemilltes Leder mit nat\u00fcrlichem Glanz.<\/p><p>\u00a0<\/p>\t\t\t\t\t\t\t\t<\/div>\n\t\t\t\t<\/div>\n\t\t\t\t\t<\/div>\n\t\t<\/div>\n\t\t\t\t\t<\/div>\n\t\t<\/section>\n\t\t\t\t\t<\/div>\n\t\t<\/div>\n\t\t\t\t\t<\/div>\n\t\t<\/section>\n\t\t\t\t<section class=\"elementor-section elementor-top-section elementor-element elementor-element-0de43e6 elementor-section-boxed elementor-section-height-default elementor-section-height-default\" data-id=\"0de43e6\" data-element_type=\"section\" data-e-type=\"section\" data-settings=\"{&quot;background_motion_fx_translateY_effect&quot;:&quot;yes&quot;,&quot;background_motion_fx_translateY_speed&quot;:{&quot;unit&quot;:&quot;px&quot;,&quot;size&quot;:&quot;10&quot;,&quot;sizes&quot;:[]},&quot;background_motion_fx_devices&quot;:[&quot;desktop&quot;,&quot;tablet&quot;],&quot;background_motion_fx_range&quot;:&quot;page&quot;,&quot;background_motion_fx_translateY_affectedRange&quot;:{&quot;unit&quot;:&quot;%&quot;,&quot;size&quot;:&quot;&quot;,&quot;sizes&quot;:{&quot;start&quot;:0,&quot;end&quot;:100}}}\">\n\t\t\t\t\t\t<div class=\"elementor-container elementor-column-gap-default\">\n\t\t\t\t\t<div class=\"elementor-column elementor-col-100 elementor-top-column elementor-element elementor-element-95c9a87\" data-id=\"95c9a87\" data-element_type=\"column\" data-e-type=\"column\">\n\t\t\t<div class=\"elementor-widget-wrap elementor-element-populated\">\n\t\t\t\t\t\t<div class=\"elementor-element elementor-element-f2f56b6 elementor-widget elementor-widget-menu-anchor\" data-id=\"f2f56b6\" data-element_type=\"widget\" data-e-type=\"widget\" data-widget_type=\"menu-anchor.default\">\n\t\t\t\t<div class=\"elementor-widget-container\">\n\t\t\t\t\t\t\t<div class=\"elementor-menu-anchor\" id=\"nappa\"><\/div>\n\t\t\t\t\t\t<\/div>\n\t\t\t\t<\/div>\n\t\t\t\t<div class=\"elementor-element elementor-element-8769e83 elementor-widget elementor-widget-heading\" data-id=\"8769e83\" data-element_type=\"widget\" data-e-type=\"widget\" data-widget_type=\"heading.default\">\n\t\t\t\t<div class=\"elementor-widget-container\">\n\t\t\t\t\t<h2 class=\"elementor-heading-title elementor-size-default\">Nappaleder<\/h2>\t\t\t\t<\/div>\n\t\t\t\t<\/div>\n\t\t\t\t<div class=\"elementor-element elementor-element-566eec8 elementor-widget elementor-widget-image\" data-id=\"566eec8\" data-element_type=\"widget\" data-e-type=\"widget\" data-widget_type=\"image.default\">\n\t\t\t\t<div class=\"elementor-widget-container\">\n\t\t\t\t\t\t\t\t\t\t\t\t\t\t\t<img decoding=\"async\" width=\"100\" height=\"6\" src=\"https:\/\/www.ritsch.at\/gerberei\/wp-content\/uploads\/sites\/3\/2021\/05\/Trenner-braun.png\" class=\"attachment-full size-full wp-image-792\" alt=\"\" \/>\t\t\t\t\t\t\t\t\t\t\t\t\t\t\t<\/div>\n\t\t\t\t<\/div>\n\t\t\t\t<div class=\"elementor-element elementor-element-fd0fee5 elementor-widget elementor-widget-text-editor\" data-id=\"fd0fee5\" data-element_type=\"widget\" data-e-type=\"widget\" data-widget_type=\"text-editor.default\">\n\t\t\t\t<div class=\"elementor-widget-container\">\n\t\t\t\t\t\t\t\t\t<p>Gedeckte und zugerichtete Leder sind strapazierf\u00e4hig und pflegeleicht.<br \/>Sie kommen dort zum Einsatz, wo einfache Pflege oberste Priorit\u00e4t hat, wie im Objektbereich, in der Hotellerie und Gastronomie.<br \/>Diese Leder sind in vielen Farben, St\u00e4rken und Oberfl\u00e4chenstrukturen erh\u00e4ltlich.\u00a0<\/p>\t\t\t\t\t\t\t\t<\/div>\n\t\t\t\t<\/div>\n\t\t\t\t\t<\/div>\n\t\t<\/div>\n\t\t\t\t\t<\/div>\n\t\t<\/section>\n\t\t\t\t<section class=\"elementor-section elementor-top-section elementor-element elementor-element-2a550c9 elementor-section-boxed elementor-section-height-default elementor-section-height-default\" data-id=\"2a550c9\" data-element_type=\"section\" data-e-type=\"section\">\n\t\t\t\t\t\t<div class=\"elementor-container elementor-column-gap-default\">\n\t\t\t\t\t<div class=\"elementor-column elementor-col-100 elementor-top-column elementor-element elementor-element-2367e24\" data-id=\"2367e24\" data-element_type=\"column\" data-e-type=\"column\">\n\t\t\t<div class=\"elementor-widget-wrap elementor-element-populated\">\n\t\t\t\t\t\t<section class=\"elementor-section elementor-inner-section elementor-element elementor-element-18426a2 elementor-section-full_width elementor-section-height-default elementor-section-height-default\" data-id=\"18426a2\" data-element_type=\"section\" data-e-type=\"section\">\n\t\t\t\t\t\t<div class=\"elementor-container elementor-column-gap-default\">\n\t\t\t\t\t<div class=\"elementor-column elementor-col-50 elementor-inner-column elementor-element elementor-element-fabfe78\" data-id=\"fabfe78\" data-element_type=\"column\" data-e-type=\"column\">\n\t\t\t<div class=\"elementor-widget-wrap elementor-element-populated\">\n\t\t\t\t\t\t<div class=\"elementor-element elementor-element-d5858a6 elementor-widget elementor-widget-heading\" data-id=\"d5858a6\" data-element_type=\"widget\" data-e-type=\"widget\" data-widget_type=\"heading.default\">\n\t\t\t\t<div class=\"elementor-widget-container\">\n\t\t\t\t\t<h2 class=\"elementor-heading-title elementor-size-default\">Fiona<\/h2>\t\t\t\t<\/div>\n\t\t\t\t<\/div>\n\t\t\t\t<div class=\"elementor-element elementor-element-daa2c2e elementor-widget elementor-widget-image\" data-id=\"daa2c2e\" data-element_type=\"widget\" data-e-type=\"widget\" data-widget_type=\"image.default\">\n\t\t\t\t<div class=\"elementor-widget-container\">\n\t\t\t\t\t\t\t\t\t\t\t\t\t\t\t\t<a href=\"https:\/\/www.ritsch.at\/gerberei\/wp-content\/uploads\/sites\/3\/2021\/04\/Gerberei-Ritsch-Mittersill-Leder7.jpg\" data-elementor-open-lightbox=\"yes\" data-elementor-lightbox-title=\"Nappaleder Fiona\" data-e-action-hash=\"#elementor-action%3Aaction%3Dlightbox%26settings%3DeyJpZCI6Ijg5IiwidXJsIjoiaHR0cHM6XC9cL3d3dy5yaXRzY2guYXRcL2dlcmJlcmVpXC93cC1jb250ZW50XC91cGxvYWRzXC9zaXRlc1wvM1wvMjAyMVwvMDRcL0dlcmJlcmVpLVJpdHNjaC1NaXR0ZXJzaWxsLUxlZGVyNy5qcGcifQ%3D%3D\">\n\t\t\t\t\t\t\t<img loading=\"lazy\" decoding=\"async\" width=\"1200\" height=\"800\" src=\"https:\/\/www.ritsch.at\/gerberei\/wp-content\/uploads\/sites\/3\/2021\/04\/Gerberei-Ritsch-Mittersill-Leder7.jpg\" class=\"attachment-full size-full wp-image-89\" alt=\"\" srcset=\"https:\/\/www.ritsch.at\/gerberei\/wp-content\/uploads\/sites\/3\/2021\/04\/Gerberei-Ritsch-Mittersill-Leder7.jpg 1200w, https:\/\/www.ritsch.at\/gerberei\/wp-content\/uploads\/sites\/3\/2021\/04\/Gerberei-Ritsch-Mittersill-Leder7-300x200.jpg 300w, https:\/\/www.ritsch.at\/gerberei\/wp-content\/uploads\/sites\/3\/2021\/04\/Gerberei-Ritsch-Mittersill-Leder7-1024x683.jpg 1024w, https:\/\/www.ritsch.at\/gerberei\/wp-content\/uploads\/sites\/3\/2021\/04\/Gerberei-Ritsch-Mittersill-Leder7-768x512.jpg 768w\" sizes=\"(max-width: 1200px) 100vw, 1200px\" \/>\t\t\t\t\t\t\t\t<\/a>\n\t\t\t\t\t\t\t\t\t\t\t\t\t\t\t<\/div>\n\t\t\t\t<\/div>\n\t\t\t\t<div class=\"elementor-element elementor-element-8727046 elementor-widget elementor-widget-text-editor\" data-id=\"8727046\" data-element_type=\"widget\" data-e-type=\"widget\" data-widget_type=\"text-editor.default\">\n\t\t\t\t<div class=\"elementor-widget-container\">\n\t\t\t\t\t\t\t\t\t<p>Leicht korrigiertes und pigmentiertes Nappaleder mit glatter Oberfl\u00e4che.<br \/><br \/><\/p>\t\t\t\t\t\t\t\t<\/div>\n\t\t\t\t<\/div>\n\t\t\t\t\t<\/div>\n\t\t<\/div>\n\t\t\t\t<div class=\"elementor-column elementor-col-50 elementor-inner-column elementor-element elementor-element-ce37745\" data-id=\"ce37745\" data-element_type=\"column\" data-e-type=\"column\">\n\t\t\t<div class=\"elementor-widget-wrap elementor-element-populated\">\n\t\t\t\t\t\t<div class=\"elementor-element elementor-element-843927b elementor-widget elementor-widget-heading\" data-id=\"843927b\" data-element_type=\"widget\" data-e-type=\"widget\" data-widget_type=\"heading.default\">\n\t\t\t\t<div class=\"elementor-widget-container\">\n\t\t\t\t\t<h2 class=\"elementor-heading-title elementor-size-default\">Pia <\/h2>\t\t\t\t<\/div>\n\t\t\t\t<\/div>\n\t\t\t\t<div class=\"elementor-element elementor-element-4f99626 elementor-widget elementor-widget-image\" data-id=\"4f99626\" data-element_type=\"widget\" data-e-type=\"widget\" data-widget_type=\"image.default\">\n\t\t\t\t<div class=\"elementor-widget-container\">\n\t\t\t\t\t\t\t\t\t\t\t\t\t\t\t\t<a href=\"https:\/\/www.ritsch.at\/gerberei\/wp-content\/uploads\/sites\/3\/2021\/04\/Gerberei-Ritsch-Mittersill-Leder6.jpg\" data-elementor-open-lightbox=\"yes\" data-elementor-lightbox-title=\"Nappaleder Pia\" data-e-action-hash=\"#elementor-action%3Aaction%3Dlightbox%26settings%3DeyJpZCI6IjkyIiwidXJsIjoiaHR0cHM6XC9cL3d3dy5yaXRzY2guYXRcL2dlcmJlcmVpXC93cC1jb250ZW50XC91cGxvYWRzXC9zaXRlc1wvM1wvMjAyMVwvMDRcL0dlcmJlcmVpLVJpdHNjaC1NaXR0ZXJzaWxsLUxlZGVyNi5qcGcifQ%3D%3D\">\n\t\t\t\t\t\t\t<img loading=\"lazy\" decoding=\"async\" width=\"1200\" height=\"800\" src=\"https:\/\/www.ritsch.at\/gerberei\/wp-content\/uploads\/sites\/3\/2021\/04\/Gerberei-Ritsch-Mittersill-Leder6.jpg\" class=\"attachment-full size-full wp-image-92\" alt=\"\" srcset=\"https:\/\/www.ritsch.at\/gerberei\/wp-content\/uploads\/sites\/3\/2021\/04\/Gerberei-Ritsch-Mittersill-Leder6.jpg 1200w, https:\/\/www.ritsch.at\/gerberei\/wp-content\/uploads\/sites\/3\/2021\/04\/Gerberei-Ritsch-Mittersill-Leder6-300x200.jpg 300w, https:\/\/www.ritsch.at\/gerberei\/wp-content\/uploads\/sites\/3\/2021\/04\/Gerberei-Ritsch-Mittersill-Leder6-1024x683.jpg 1024w, https:\/\/www.ritsch.at\/gerberei\/wp-content\/uploads\/sites\/3\/2021\/04\/Gerberei-Ritsch-Mittersill-Leder6-768x512.jpg 768w\" sizes=\"(max-width: 1200px) 100vw, 1200px\" \/>\t\t\t\t\t\t\t\t<\/a>\n\t\t\t\t\t\t\t\t\t\t\t\t\t\t\t<\/div>\n\t\t\t\t<\/div>\n\t\t\t\t<div class=\"elementor-element elementor-element-ab8da5b elementor-widget elementor-widget-text-editor\" data-id=\"ab8da5b\" data-element_type=\"widget\" data-e-type=\"widget\" data-widget_type=\"text-editor.default\">\n\t\t\t\t<div class=\"elementor-widget-container\">\n\t\t\t\t\t\t\t\t\t<p>Korrigiertes und pigmentiertes, sehr strapazierf\u00e4higes und gepr\u00e4gtes Nappaleder.<br \/><br \/><\/p>\t\t\t\t\t\t\t\t<\/div>\n\t\t\t\t<\/div>\n\t\t\t\t\t<\/div>\n\t\t<\/div>\n\t\t\t\t\t<\/div>\n\t\t<\/section>\n\t\t\t\t<section class=\"elementor-section elementor-inner-section elementor-element elementor-element-12b6cd2 elementor-section-full_width elementor-section-height-default elementor-section-height-default\" data-id=\"12b6cd2\" data-element_type=\"section\" data-e-type=\"section\">\n\t\t\t\t\t\t<div class=\"elementor-container elementor-column-gap-default\">\n\t\t\t\t\t<div class=\"elementor-column elementor-col-50 elementor-inner-column elementor-element elementor-element-eb55512\" data-id=\"eb55512\" data-element_type=\"column\" data-e-type=\"column\">\n\t\t\t<div class=\"elementor-widget-wrap elementor-element-populated\">\n\t\t\t\t\t\t<div class=\"elementor-element elementor-element-7372151 elementor-widget elementor-widget-heading\" data-id=\"7372151\" data-element_type=\"widget\" data-e-type=\"widget\" data-widget_type=\"heading.default\">\n\t\t\t\t<div class=\"elementor-widget-container\">\n\t\t\t\t\t<h2 class=\"elementor-heading-title elementor-size-default\">Leder-Abverkauf<\/h2>\t\t\t\t<\/div>\n\t\t\t\t<\/div>\n\t\t\t\t<div class=\"elementor-element elementor-element-86a5aa3 elementor-widget elementor-widget-image\" data-id=\"86a5aa3\" data-element_type=\"widget\" data-e-type=\"widget\" data-widget_type=\"image.default\">\n\t\t\t\t<div class=\"elementor-widget-container\">\n\t\t\t\t\t\t\t\t\t\t\t\t\t\t\t<img decoding=\"async\" width=\"100\" height=\"6\" src=\"https:\/\/www.ritsch.at\/gerberei\/wp-content\/uploads\/sites\/3\/2021\/05\/Trenner-braun.png\" class=\"attachment-full size-full wp-image-792\" alt=\"\" \/>\t\t\t\t\t\t\t\t\t\t\t\t\t\t\t<\/div>\n\t\t\t\t<\/div>\n\t\t\t\t<div class=\"elementor-element elementor-element-061d1fe elementor-widget__width-initial elementor-widget elementor-widget-text-editor\" data-id=\"061d1fe\" data-element_type=\"widget\" data-e-type=\"widget\" data-widget_type=\"text-editor.default\">\n\t\t\t\t<div class=\"elementor-widget-container\">\n\t\t\t\t\t\t\t\t\t<p>In unserem Leder-Outlet finden Sie eine gro\u00dfe Auswahl an verschiedensten H\u00e4uten zu g\u00fcnstigen Preisen.<br>&#8211; Anilin-, Nubuk- und Nappaleder<br>&#8211; ganze und halbe H\u00e4ute<br>&#8211; Einzelh\u00e4ute in verschiedenen Farben und Qualit\u00e4ten<br>&#8211; f\u00fcr M\u00f6bel, Taschen, Bastelarbeiten, &#8230;<br><br>Bitte kontaktieren Sie uns per Mail der telefonisch f\u00fcr einen Termin.<br>Wir nehmen uns gerne die Zeit um Ihnen unsere Auswahl an Ledern zu zeigen!<\/p>\t\t\t\t\t\t\t\t<\/div>\n\t\t\t\t<\/div>\n\t\t\t\t\t<\/div>\n\t\t<\/div>\n\t\t\t\t<div class=\"elementor-column elementor-col-50 elementor-inner-column elementor-element elementor-element-57f3cfa\" data-id=\"57f3cfa\" data-element_type=\"column\" data-e-type=\"column\">\n\t\t\t<div class=\"elementor-widget-wrap elementor-element-populated\">\n\t\t\t\t\t\t<div class=\"elementor-element elementor-element-98ab0b9 elementor-widget elementor-widget-image\" data-id=\"98ab0b9\" data-element_type=\"widget\" data-e-type=\"widget\" data-widget_type=\"image.default\">\n\t\t\t\t<div class=\"elementor-widget-container\">\n\t\t\t\t\t\t\t\t\t\t\t\t\t\t\t\t<a href=\"https:\/\/www.ritsch.at\/gerberei\/wp-content\/uploads\/sites\/3\/2021\/04\/Gerberei-Ritsch-Mittersill-Leder11.jpg\" data-elementor-open-lightbox=\"yes\" data-elementor-lightbox-title=\"Leder f\u00fcr Bastler\" data-e-action-hash=\"#elementor-action%3Aaction%3Dlightbox%26settings%3DeyJpZCI6IjExMyIsInVybCI6Imh0dHBzOlwvXC93d3cucml0c2NoLmF0XC9nZXJiZXJlaVwvd3AtY29udGVudFwvdXBsb2Fkc1wvc2l0ZXNcLzNcLzIwMjFcLzA0XC9HZXJiZXJlaS1SaXRzY2gtTWl0dGVyc2lsbC1MZWRlcjExLmpwZyJ9\">\n\t\t\t\t\t\t\t<img loading=\"lazy\" decoding=\"async\" width=\"1200\" height=\"975\" src=\"https:\/\/www.ritsch.at\/gerberei\/wp-content\/uploads\/sites\/3\/2021\/04\/Gerberei-Ritsch-Mittersill-Leder11.jpg\" class=\"attachment-full size-full wp-image-113\" alt=\"\" srcset=\"https:\/\/www.ritsch.at\/gerberei\/wp-content\/uploads\/sites\/3\/2021\/04\/Gerberei-Ritsch-Mittersill-Leder11.jpg 1200w, https:\/\/www.ritsch.at\/gerberei\/wp-content\/uploads\/sites\/3\/2021\/04\/Gerberei-Ritsch-Mittersill-Leder11-300x244.jpg 300w, https:\/\/www.ritsch.at\/gerberei\/wp-content\/uploads\/sites\/3\/2021\/04\/Gerberei-Ritsch-Mittersill-Leder11-1024x832.jpg 1024w, https:\/\/www.ritsch.at\/gerberei\/wp-content\/uploads\/sites\/3\/2021\/04\/Gerberei-Ritsch-Mittersill-Leder11-768x624.jpg 768w\" sizes=\"(max-width: 1200px) 100vw, 1200px\" \/>\t\t\t\t\t\t\t\t<\/a>\n\t\t\t\t\t\t\t\t\t\t\t\t\t\t\t<\/div>\n\t\t\t\t<\/div>\n\t\t\t\t\t<\/div>\n\t\t<\/div>\n\t\t\t\t\t<\/div>\n\t\t<\/section>\n\t\t\t\t<section class=\"elementor-section elementor-inner-section elementor-element elementor-element-5563315 elementor-section-full_width elementor-section-height-default elementor-section-height-default\" data-id=\"5563315\" data-element_type=\"section\" data-e-type=\"section\">\n\t\t\t\t\t\t<div class=\"elementor-container elementor-column-gap-default\">\n\t\t\t\t\t<div class=\"elementor-column elementor-col-100 elementor-inner-column elementor-element elementor-element-27a4c93\" data-id=\"27a4c93\" data-element_type=\"column\" data-e-type=\"column\">\n\t\t\t<div class=\"elementor-widget-wrap elementor-element-populated\">\n\t\t\t\t\t\t<div class=\"elementor-element elementor-element-215e52a elementor-widget elementor-widget-gallery\" data-id=\"215e52a\" data-element_type=\"widget\" data-e-type=\"widget\" data-settings=\"{&quot;columns&quot;:&quot;3&quot;,&quot;aspect_ratio&quot;:&quot;1:1&quot;,&quot;gap&quot;:{&quot;unit&quot;:&quot;px&quot;,&quot;size&quot;:&quot;30&quot;,&quot;sizes&quot;:[]},&quot;columns_tablet&quot;:&quot;3&quot;,&quot;lazyload&quot;:&quot;yes&quot;,&quot;gallery_layout&quot;:&quot;grid&quot;,&quot;columns_mobile&quot;:1,&quot;gap_tablet&quot;:{&quot;unit&quot;:&quot;px&quot;,&quot;size&quot;:10,&quot;sizes&quot;:[]},&quot;gap_mobile&quot;:{&quot;unit&quot;:&quot;px&quot;,&quot;size&quot;:10,&quot;sizes&quot;:[]},&quot;link_to&quot;:&quot;file&quot;,&quot;overlay_background&quot;:&quot;yes&quot;,&quot;content_hover_animation&quot;:&quot;fade-in&quot;}\" data-widget_type=\"gallery.default\">\n\t\t\t\t<div class=\"elementor-widget-container\">\n\t\t\t\t\t\t\t<div class=\"elementor-gallery__container\">\n\t\t\t\t\t\t\t<a class=\"e-gallery-item elementor-gallery-item elementor-animated-content\" href=\"https:\/\/www.ritsch.at\/gerberei\/wp-content\/uploads\/sites\/3\/2021\/04\/Gerberei-Ritsch-Mittersill-Leder8.jpg\" data-elementor-open-lightbox=\"yes\" data-elementor-lightbox-slideshow=\"215e52a\" data-e-action-hash=\"#elementor-action%3Aaction%3Dlightbox%26settings%3DeyJpZCI6OTcsInVybCI6Imh0dHBzOlwvXC93d3cucml0c2NoLmF0XC9nZXJiZXJlaVwvd3AtY29udGVudFwvdXBsb2Fkc1wvc2l0ZXNcLzNcLzIwMjFcLzA0XC9HZXJiZXJlaS1SaXRzY2gtTWl0dGVyc2lsbC1MZWRlcjguanBnIiwic2xpZGVzaG93IjoiMjE1ZTUyYSJ9\">\n\t\t\t\t\t<div class=\"e-gallery-image elementor-gallery-item__image\" data-thumbnail=\"https:\/\/www.ritsch.at\/gerberei\/wp-content\/uploads\/sites\/3\/2021\/04\/Gerberei-Ritsch-Mittersill-Leder8.jpg\" data-width=\"1200\" data-height=\"1800\" aria-label=\"\" role=\"img\" ><\/div>\n\t\t\t\t\t\t\t\t\t\t\t<div class=\"elementor-gallery-item__overlay\"><\/div>\n\t\t\t\t\t\t\t\t\t\t\t\t\t\t<\/a>\n\t\t\t\t\t\t\t<a class=\"e-gallery-item elementor-gallery-item elementor-animated-content\" href=\"https:\/\/www.ritsch.at\/gerberei\/wp-content\/uploads\/sites\/3\/2021\/04\/Gerberei-Ritsch-Mittersill-Leder9.jpg\" data-elementor-open-lightbox=\"yes\" data-elementor-lightbox-slideshow=\"215e52a\" data-e-action-hash=\"#elementor-action%3Aaction%3Dlightbox%26settings%3DeyJpZCI6OTgsInVybCI6Imh0dHBzOlwvXC93d3cucml0c2NoLmF0XC9nZXJiZXJlaVwvd3AtY29udGVudFwvdXBsb2Fkc1wvc2l0ZXNcLzNcLzIwMjFcLzA0XC9HZXJiZXJlaS1SaXRzY2gtTWl0dGVyc2lsbC1MZWRlcjkuanBnIiwic2xpZGVzaG93IjoiMjE1ZTUyYSJ9\">\n\t\t\t\t\t<div class=\"e-gallery-image elementor-gallery-item__image\" data-thumbnail=\"https:\/\/www.ritsch.at\/gerberei\/wp-content\/uploads\/sites\/3\/2021\/04\/Gerberei-Ritsch-Mittersill-Leder9.jpg\" data-width=\"1200\" data-height=\"1204\" aria-label=\"\" role=\"img\" ><\/div>\n\t\t\t\t\t\t\t\t\t\t\t<div class=\"elementor-gallery-item__overlay\"><\/div>\n\t\t\t\t\t\t\t\t\t\t\t\t\t\t<\/a>\n\t\t\t\t\t\t\t<a class=\"e-gallery-item elementor-gallery-item elementor-animated-content\" href=\"https:\/\/www.ritsch.at\/gerberei\/wp-content\/uploads\/sites\/3\/2021\/04\/Gerberei-Ritsch-Mittersill-Leder10.jpg\" data-elementor-open-lightbox=\"yes\" data-elementor-lightbox-slideshow=\"215e52a\" data-e-action-hash=\"#elementor-action%3Aaction%3Dlightbox%26settings%3DeyJpZCI6OTksInVybCI6Imh0dHBzOlwvXC93d3cucml0c2NoLmF0XC9nZXJiZXJlaVwvd3AtY29udGVudFwvdXBsb2Fkc1wvc2l0ZXNcLzNcLzIwMjFcLzA0XC9HZXJiZXJlaS1SaXRzY2gtTWl0dGVyc2lsbC1MZWRlcjEwLmpwZyIsInNsaWRlc2hvdyI6IjIxNWU1MmEifQ%3D%3D\">\n\t\t\t\t\t<div class=\"e-gallery-image elementor-gallery-item__image\" data-thumbnail=\"https:\/\/www.ritsch.at\/gerberei\/wp-content\/uploads\/sites\/3\/2021\/04\/Gerberei-Ritsch-Mittersill-Leder10.jpg\" data-width=\"1200\" data-height=\"1800\" aria-label=\"\" role=\"img\" ><\/div>\n\t\t\t\t\t\t\t\t\t\t\t<div class=\"elementor-gallery-item__overlay\"><\/div>\n\t\t\t\t\t\t\t\t\t\t\t\t\t\t<\/a>\n\t\t\t\t\t<\/div>\n\t\t\t\t\t<\/div>\n\t\t\t\t<\/div>\n\t\t\t\t\t<\/div>\n\t\t<\/div>\n\t\t\t\t\t<\/div>\n\t\t<\/section>\n\t\t\t\t\t<\/div>\n\t\t<\/div>\n\t\t\t\t\t<\/div>\n\t\t<\/section>\n\t\t\t\t<\/div>\n\t\t","protected":false},"excerpt":{"rendered":"<p>Nubukleder Bei Nubukleder wird die obere Narbenschicht der Haut leicht angeschliffen, dadurch entsteht der samtig, weiche Griff. Nubuk-Classic Unser klassisches Nubukleder, gefertigt aus s\u00fcddeutschen Bullenh\u00e4uten, besticht durch Nat\u00fcrlichkeit und Eleganz. Durch den Gebrauch entsteht mit der Zeit eine nat\u00fcrliche Patina, die diesem Leder einen besonderen Charakter verleiht.\u00a0 Rustikal Rustikal &#8211; Nubukleder im Vintage-Look mit 2-Farben-Effekt, [&hellip;]<\/p>\n","protected":false},"author":1,"featured_media":0,"parent":0,"menu_order":0,"comment_status":"closed","ping_status":"closed","template":"","meta":{"_monsterinsights_skip_tracking":false,"_monsterinsights_sitenote_active":false,"_monsterinsights_sitenote_note":"","_monsterinsights_sitenote_category":0,"site-sidebar-layout":"no-sidebar","site-content-layout":"page-builder","ast-site-content-layout":"default","site-content-style":"default","site-sidebar-style":"default","ast-global-header-display":"","ast-banner-title-visibility":"","ast-main-header-display":"","ast-hfb-above-header-display":"","ast-hfb-below-header-display":"","ast-hfb-mobile-header-display":"","site-post-title":"disabled","ast-breadcrumbs-content":"","ast-featured-img":"disabled","footer-sml-layout":"","ast-disable-related-posts":"","theme-transparent-header-meta":"default","adv-header-id-meta":"","stick-header-meta":"default","header-above-stick-meta":"","header-main-stick-meta":"","header-below-stick-meta":"","astra-migrate-meta-layouts":"default","ast-page-background-enabled":"default","ast-page-background-meta":{"desktop":{"background-color":"","background-image":"","background-repeat":"repeat","background-position":"center center","background-size":"auto","background-attachment":"scroll","background-type":"","background-media":"","overlay-type":"","overlay-color":"","overlay-opacity":"","overlay-gradient":""},"tablet":{"background-color":"","background-image":"","background-repeat":"repeat","background-position":"center center","background-size":"auto","background-attachment":"scroll","background-type":"","background-media":"","overlay-type":"","overlay-color":"","overlay-opacity":"","overlay-gradient":""},"mobile":{"background-color":"","background-image":"","background-repeat":"repeat","background-position":"center center","background-size":"auto","background-attachment":"scroll","background-type":"","background-media":"","overlay-type":"","overlay-color":"","overlay-opacity":"","overlay-gradient":""}},"ast-content-background-meta":{"desktop":{"background-color":"var(--ast-global-color-5)","background-image":"","background-repeat":"repeat","background-position":"center center","background-size":"auto","background-attachment":"scroll","background-type":"","background-media":"","overlay-type":"","overlay-color":"","overlay-opacity":"","overlay-gradient":""},"tablet":{"background-color":"var(--ast-global-color-5)","background-image":"","background-repeat":"repeat","background-position":"center center","background-size":"auto","background-attachment":"scroll","background-type":"","background-media":"","overlay-type":"","overlay-color":"","overlay-opacity":"","overlay-gradient":""},"mobile":{"background-color":"var(--ast-global-color-5)","background-image":"","background-repeat":"repeat","background-position":"center center","background-size":"auto","background-attachment":"scroll","background-type":"","background-media":"","overlay-type":"","overlay-color":"","overlay-opacity":"","overlay-gradient":""}},"footnotes":""},"class_list":["post-71","page","type-page","status-publish","hentry"],"yoast_head":"<!-- This site is optimized with the Yoast SEO plugin v27.3 - https:\/\/yoast.com\/product\/yoast-seo-wordpress\/ -->\n<title>Leder - Gerberei Ritsch Leder und Felle in Mittersill<\/title>\n<meta name=\"description\" content=\"Unser umfangreiches Angebot an M\u00f6belleder reicht vom pflegeleichten Nappaleder, \u00fcber Anilinleder bis zum hochwertigen Nubukleder.\" \/>\n<meta name=\"robots\" content=\"index, follow, max-snippet:-1, max-image-preview:large, max-video-preview:-1\" \/>\n<link rel=\"canonical\" href=\"https:\/\/www.ritsch.at\/gerberei\/leder\/\" \/>\n<meta property=\"og:locale\" content=\"de_DE\" \/>\n<meta property=\"og:type\" content=\"article\" \/>\n<meta property=\"og:title\" content=\"Leder - Gerberei Ritsch Leder und Felle in Mittersill\" \/>\n<meta property=\"og:description\" content=\"Unser umfangreiches Angebot an M\u00f6belleder reicht vom pflegeleichten Nappaleder, \u00fcber Anilinleder bis zum hochwertigen Nubukleder.\" \/>\n<meta property=\"og:url\" content=\"https:\/\/www.ritsch.at\/gerberei\/leder\/\" \/>\n<meta property=\"og:site_name\" content=\"Gerberei Ritsch Leder und Felle in Mittersill\" \/>\n<meta property=\"article:publisher\" content=\"https:\/\/www.facebook.com\/LederRitsch\" \/>\n<meta property=\"article:modified_time\" content=\"2025-05-08T05:42:07+00:00\" \/>\n<meta property=\"og:image\" content=\"https:\/\/www.ritsch.at\/gerberei\/wp-content\/uploads\/sites\/3\/2021\/04\/Gerberei-Ritsch-Mittersill-Leder9.jpg\" \/>\n\t<meta property=\"og:image:width\" content=\"1200\" \/>\n\t<meta property=\"og:image:height\" content=\"1204\" \/>\n\t<meta property=\"og:image:type\" content=\"image\/jpeg\" \/>\n<meta name=\"twitter:card\" content=\"summary_large_image\" \/>\n<meta name=\"twitter:title\" content=\"Leder - Gerberei Ritsch Leder und Felle in Mittersill\" \/>\n<meta name=\"twitter:description\" content=\"Unser umfangreiches Angebot an M\u00f6belleder reicht vom pflegeleichten Nappaleder, \u00fcber Anilinleder bis zum hochwertigen Nubukleder.\" \/>\n<meta name=\"twitter:image\" content=\"https:\/\/www.ritsch.at\/gerberei\/wp-content\/uploads\/sites\/3\/2021\/04\/Gerberei-Ritsch-Mittersill-Leder9.jpg\" \/>\n<meta name=\"twitter:label1\" content=\"Gesch\u00e4tzte Lesezeit\" \/>\n\t<meta name=\"twitter:data1\" content=\"5\u00a0Minuten\" \/>\n<script type=\"application\/ld+json\" class=\"yoast-schema-graph\">{\"@context\":\"https:\\\/\\\/schema.org\",\"@graph\":[{\"@type\":\"WebPage\",\"@id\":\"https:\\\/\\\/www.ritsch.at\\\/gerberei\\\/leder\\\/\",\"url\":\"https:\\\/\\\/www.ritsch.at\\\/gerberei\\\/leder\\\/\",\"name\":\"Leder - Gerberei Ritsch Leder und Felle in Mittersill\",\"isPartOf\":{\"@id\":\"https:\\\/\\\/www.ritsch.at\\\/gerberei\\\/#website\"},\"primaryImageOfPage\":{\"@id\":\"https:\\\/\\\/www.ritsch.at\\\/gerberei\\\/leder\\\/#primaryimage\"},\"image\":{\"@id\":\"https:\\\/\\\/www.ritsch.at\\\/gerberei\\\/leder\\\/#primaryimage\"},\"thumbnailUrl\":\"https:\\\/\\\/www.ritsch.at\\\/gerberei\\\/wp-content\\\/uploads\\\/sites\\\/3\\\/2021\\\/05\\\/Trenner-braun.png\",\"datePublished\":\"2021-04-28T14:11:10+00:00\",\"dateModified\":\"2025-05-08T05:42:07+00:00\",\"description\":\"Unser umfangreiches Angebot an M\u00f6belleder reicht vom pflegeleichten Nappaleder, \u00fcber Anilinleder bis zum hochwertigen Nubukleder.\",\"breadcrumb\":{\"@id\":\"https:\\\/\\\/www.ritsch.at\\\/gerberei\\\/leder\\\/#breadcrumb\"},\"inLanguage\":\"de\",\"potentialAction\":[{\"@type\":\"ReadAction\",\"target\":[\"https:\\\/\\\/www.ritsch.at\\\/gerberei\\\/leder\\\/\"]}]},{\"@type\":\"ImageObject\",\"inLanguage\":\"de\",\"@id\":\"https:\\\/\\\/www.ritsch.at\\\/gerberei\\\/leder\\\/#primaryimage\",\"url\":\"https:\\\/\\\/www.ritsch.at\\\/gerberei\\\/wp-content\\\/uploads\\\/sites\\\/3\\\/2021\\\/05\\\/Trenner-braun.png\",\"contentUrl\":\"https:\\\/\\\/www.ritsch.at\\\/gerberei\\\/wp-content\\\/uploads\\\/sites\\\/3\\\/2021\\\/05\\\/Trenner-braun.png\",\"width\":100,\"height\":6},{\"@type\":\"BreadcrumbList\",\"@id\":\"https:\\\/\\\/www.ritsch.at\\\/gerberei\\\/leder\\\/#breadcrumb\",\"itemListElement\":[{\"@type\":\"ListItem\",\"position\":1,\"name\":\"Startseite\",\"item\":\"https:\\\/\\\/www.ritsch.at\\\/gerberei\\\/\"},{\"@type\":\"ListItem\",\"position\":2,\"name\":\"Leder\"}]},{\"@type\":\"WebSite\",\"@id\":\"https:\\\/\\\/www.ritsch.at\\\/gerberei\\\/#website\",\"url\":\"https:\\\/\\\/www.ritsch.at\\\/gerberei\\\/\",\"name\":\"Gerberei Ritsch in Mittersill\",\"description\":\"\",\"publisher\":{\"@id\":\"https:\\\/\\\/www.ritsch.at\\\/gerberei\\\/#organization\"},\"potentialAction\":[{\"@type\":\"SearchAction\",\"target\":{\"@type\":\"EntryPoint\",\"urlTemplate\":\"https:\\\/\\\/www.ritsch.at\\\/gerberei\\\/?s={search_term_string}\"},\"query-input\":{\"@type\":\"PropertyValueSpecification\",\"valueRequired\":true,\"valueName\":\"search_term_string\"}}],\"inLanguage\":\"de\"},{\"@type\":\"Organization\",\"@id\":\"https:\\\/\\\/www.ritsch.at\\\/gerberei\\\/#organization\",\"name\":\"Gerberei Ritsch\",\"url\":\"https:\\\/\\\/www.ritsch.at\\\/gerberei\\\/\",\"logo\":{\"@type\":\"ImageObject\",\"inLanguage\":\"de\",\"@id\":\"https:\\\/\\\/www.ritsch.at\\\/gerberei\\\/#\\\/schema\\\/logo\\\/image\\\/\",\"url\":\"https:\\\/\\\/www.ritsch.at\\\/gerberei\\\/wp-content\\\/uploads\\\/sites\\\/3\\\/2021\\\/04\\\/Gerberei-Ritsch-Mittersill-Logo.png\",\"contentUrl\":\"https:\\\/\\\/www.ritsch.at\\\/gerberei\\\/wp-content\\\/uploads\\\/sites\\\/3\\\/2021\\\/04\\\/Gerberei-Ritsch-Mittersill-Logo.png\",\"width\":1770,\"height\":342,\"caption\":\"Gerberei Ritsch\"},\"image\":{\"@id\":\"https:\\\/\\\/www.ritsch.at\\\/gerberei\\\/#\\\/schema\\\/logo\\\/image\\\/\"},\"sameAs\":[\"https:\\\/\\\/www.facebook.com\\\/LederRitsch\",\"https:\\\/\\\/www.instagram.com\\\/gerberei_ritsch\\\/\"]}]}<\/script>\n<!-- \/ Yoast SEO plugin. -->","yoast_head_json":{"title":"Leder - Gerberei Ritsch Leder und Felle in Mittersill","description":"Unser umfangreiches Angebot an M\u00f6belleder reicht vom pflegeleichten Nappaleder, \u00fcber Anilinleder bis zum hochwertigen Nubukleder.","robots":{"index":"index","follow":"follow","max-snippet":"max-snippet:-1","max-image-preview":"max-image-preview:large","max-video-preview":"max-video-preview:-1"},"canonical":"https:\/\/www.ritsch.at\/gerberei\/leder\/","og_locale":"de_DE","og_type":"article","og_title":"Leder - Gerberei Ritsch Leder und Felle in Mittersill","og_description":"Unser umfangreiches Angebot an M\u00f6belleder reicht vom pflegeleichten Nappaleder, \u00fcber Anilinleder bis zum hochwertigen Nubukleder.","og_url":"https:\/\/www.ritsch.at\/gerberei\/leder\/","og_site_name":"Gerberei Ritsch Leder und Felle in Mittersill","article_publisher":"https:\/\/www.facebook.com\/LederRitsch","article_modified_time":"2025-05-08T05:42:07+00:00","og_image":[{"width":1200,"height":1204,"url":"https:\/\/www.ritsch.at\/gerberei\/wp-content\/uploads\/sites\/3\/2021\/04\/Gerberei-Ritsch-Mittersill-Leder9.jpg","type":"image\/jpeg"}],"twitter_card":"summary_large_image","twitter_title":"Leder - Gerberei Ritsch Leder und Felle in Mittersill","twitter_description":"Unser umfangreiches Angebot an M\u00f6belleder reicht vom pflegeleichten Nappaleder, \u00fcber Anilinleder bis zum hochwertigen Nubukleder.","twitter_image":"https:\/\/www.ritsch.at\/gerberei\/wp-content\/uploads\/sites\/3\/2021\/04\/Gerberei-Ritsch-Mittersill-Leder9.jpg","twitter_misc":{"Gesch\u00e4tzte Lesezeit":"5\u00a0Minuten"},"schema":{"@context":"https:\/\/schema.org","@graph":[{"@type":"WebPage","@id":"https:\/\/www.ritsch.at\/gerberei\/leder\/","url":"https:\/\/www.ritsch.at\/gerberei\/leder\/","name":"Leder - Gerberei Ritsch Leder und Felle in Mittersill","isPartOf":{"@id":"https:\/\/www.ritsch.at\/gerberei\/#website"},"primaryImageOfPage":{"@id":"https:\/\/www.ritsch.at\/gerberei\/leder\/#primaryimage"},"image":{"@id":"https:\/\/www.ritsch.at\/gerberei\/leder\/#primaryimage"},"thumbnailUrl":"https:\/\/www.ritsch.at\/gerberei\/wp-content\/uploads\/sites\/3\/2021\/05\/Trenner-braun.png","datePublished":"2021-04-28T14:11:10+00:00","dateModified":"2025-05-08T05:42:07+00:00","description":"Unser umfangreiches Angebot an M\u00f6belleder reicht vom pflegeleichten Nappaleder, \u00fcber Anilinleder bis zum hochwertigen Nubukleder.","breadcrumb":{"@id":"https:\/\/www.ritsch.at\/gerberei\/leder\/#breadcrumb"},"inLanguage":"de","potentialAction":[{"@type":"ReadAction","target":["https:\/\/www.ritsch.at\/gerberei\/leder\/"]}]},{"@type":"ImageObject","inLanguage":"de","@id":"https:\/\/www.ritsch.at\/gerberei\/leder\/#primaryimage","url":"https:\/\/www.ritsch.at\/gerberei\/wp-content\/uploads\/sites\/3\/2021\/05\/Trenner-braun.png","contentUrl":"https:\/\/www.ritsch.at\/gerberei\/wp-content\/uploads\/sites\/3\/2021\/05\/Trenner-braun.png","width":100,"height":6},{"@type":"BreadcrumbList","@id":"https:\/\/www.ritsch.at\/gerberei\/leder\/#breadcrumb","itemListElement":[{"@type":"ListItem","position":1,"name":"Startseite","item":"https:\/\/www.ritsch.at\/gerberei\/"},{"@type":"ListItem","position":2,"name":"Leder"}]},{"@type":"WebSite","@id":"https:\/\/www.ritsch.at\/gerberei\/#website","url":"https:\/\/www.ritsch.at\/gerberei\/","name":"Gerberei Ritsch in Mittersill","description":"","publisher":{"@id":"https:\/\/www.ritsch.at\/gerberei\/#organization"},"potentialAction":[{"@type":"SearchAction","target":{"@type":"EntryPoint","urlTemplate":"https:\/\/www.ritsch.at\/gerberei\/?s={search_term_string}"},"query-input":{"@type":"PropertyValueSpecification","valueRequired":true,"valueName":"search_term_string"}}],"inLanguage":"de"},{"@type":"Organization","@id":"https:\/\/www.ritsch.at\/gerberei\/#organization","name":"Gerberei Ritsch","url":"https:\/\/www.ritsch.at\/gerberei\/","logo":{"@type":"ImageObject","inLanguage":"de","@id":"https:\/\/www.ritsch.at\/gerberei\/#\/schema\/logo\/image\/","url":"https:\/\/www.ritsch.at\/gerberei\/wp-content\/uploads\/sites\/3\/2021\/04\/Gerberei-Ritsch-Mittersill-Logo.png","contentUrl":"https:\/\/www.ritsch.at\/gerberei\/wp-content\/uploads\/sites\/3\/2021\/04\/Gerberei-Ritsch-Mittersill-Logo.png","width":1770,"height":342,"caption":"Gerberei Ritsch"},"image":{"@id":"https:\/\/www.ritsch.at\/gerberei\/#\/schema\/logo\/image\/"},"sameAs":["https:\/\/www.facebook.com\/LederRitsch","https:\/\/www.instagram.com\/gerberei_ritsch\/"]}]}},"_links":{"self":[{"href":"https:\/\/www.ritsch.at\/gerberei\/wp-json\/wp\/v2\/pages\/71","targetHints":{"allow":["GET"]}}],"collection":[{"href":"https:\/\/www.ritsch.at\/gerberei\/wp-json\/wp\/v2\/pages"}],"about":[{"href":"https:\/\/www.ritsch.at\/gerberei\/wp-json\/wp\/v2\/types\/page"}],"author":[{"embeddable":true,"href":"https:\/\/www.ritsch.at\/gerberei\/wp-json\/wp\/v2\/users\/1"}],"replies":[{"embeddable":true,"href":"https:\/\/www.ritsch.at\/gerberei\/wp-json\/wp\/v2\/comments?post=71"}],"version-history":[{"count":207,"href":"https:\/\/www.ritsch.at\/gerberei\/wp-json\/wp\/v2\/pages\/71\/revisions"}],"predecessor-version":[{"id":1593,"href":"https:\/\/www.ritsch.at\/gerberei\/wp-json\/wp\/v2\/pages\/71\/revisions\/1593"}],"wp:attachment":[{"href":"https:\/\/www.ritsch.at\/gerberei\/wp-json\/wp\/v2\/media?parent=71"}],"curies":[{"name":"wp","href":"https:\/\/api.w.org\/{rel}","templated":true}]}}