{"id":235,"date":"2021-04-27T11:50:35","date_gmt":"2021-04-27T09:50:35","guid":{"rendered":"https:\/\/leder.www.ritsch.at\/?page_id=235"},"modified":"2025-07-10T17:26:11","modified_gmt":"2025-07-10T15:26:11","slug":"tracht-mode","status":"publish","type":"page","link":"https:\/\/www.ritsch.at\/geschaeft\/tracht-mode\/","title":{"rendered":"Tracht &amp; Mode"},"content":{"rendered":"\t\t<div data-elementor-type=\"wp-page\" data-elementor-id=\"235\" class=\"elementor elementor-235\" data-elementor-post-type=\"page\">\n\t\t\t\t\t\t<section class=\"elementor-section elementor-top-section elementor-element elementor-element-857e3d7 elementor-section-boxed elementor-section-height-default elementor-section-height-default\" data-id=\"857e3d7\" data-element_type=\"section\" data-e-type=\"section\">\n\t\t\t\t\t\t<div class=\"elementor-container elementor-column-gap-default\">\n\t\t\t\t\t<div class=\"elementor-column elementor-col-50 elementor-top-column elementor-element elementor-element-8821774\" data-id=\"8821774\" data-element_type=\"column\" data-e-type=\"column\">\n\t\t\t<div class=\"elementor-widget-wrap elementor-element-populated\">\n\t\t\t\t\t\t<div class=\"elementor-element elementor-element-35df3cd elementor-widget elementor-widget-image\" data-id=\"35df3cd\" data-element_type=\"widget\" data-e-type=\"widget\" data-widget_type=\"image.default\">\n\t\t\t\t<div class=\"elementor-widget-container\">\n\t\t\t\t\t\t\t\t\t\t\t\t\t\t\t\t<a href=\"https:\/\/www.ritsch.at\/leder\/wp-content\/uploads\/sites\/2\/2021\/04\/Leder-Ritsch-Mittersill-Kaprun-Tracht-Mode2.jpg\" data-elementor-open-lightbox=\"yes\" data-elementor-lightbox-title=\"Trachtenbekleidung f\u00fcr die ganze Familie\" data-e-action-hash=\"#elementor-action%3Aaction%3Dlightbox%26settings%3DeyJpZCI6IjI1NCIsInVybCI6Imh0dHBzOlwvXC93d3cucml0c2NoLmF0XC9nZXNjaGFlZnRcL3dwLWNvbnRlbnRcL3VwbG9hZHNcL3NpdGVzXC8yXC8yMDIxXC8wNFwvTGVkZXItUml0c2NoLU1pdHRlcnNpbGwtS2FwcnVuLVRyYWNodC1Nb2RlMi5qcGcifQ%3D%3D\">\n\t\t\t\t\t\t\t<img fetchpriority=\"high\" decoding=\"async\" width=\"1200\" height=\"1497\" src=\"https:\/\/www.ritsch.at\/geschaeft\/wp-content\/uploads\/sites\/2\/2021\/04\/Leder-Ritsch-Mittersill-Kaprun-Tracht-Mode2.jpg\" class=\"attachment-full size-full wp-image-254\" alt=\"Leder Ritsch\" srcset=\"https:\/\/www.ritsch.at\/geschaeft\/wp-content\/uploads\/sites\/2\/2021\/04\/Leder-Ritsch-Mittersill-Kaprun-Tracht-Mode2.jpg 1200w, https:\/\/www.ritsch.at\/geschaeft\/wp-content\/uploads\/sites\/2\/2021\/04\/Leder-Ritsch-Mittersill-Kaprun-Tracht-Mode2-240x300.jpg 240w, https:\/\/www.ritsch.at\/geschaeft\/wp-content\/uploads\/sites\/2\/2021\/04\/Leder-Ritsch-Mittersill-Kaprun-Tracht-Mode2-821x1024.jpg 821w, https:\/\/www.ritsch.at\/geschaeft\/wp-content\/uploads\/sites\/2\/2021\/04\/Leder-Ritsch-Mittersill-Kaprun-Tracht-Mode2-768x958.jpg 768w\" sizes=\"(max-width: 1200px) 100vw, 1200px\" \/>\t\t\t\t\t\t\t\t<\/a>\n\t\t\t\t\t\t\t\t\t\t\t\t\t\t\t<\/div>\n\t\t\t\t<\/div>\n\t\t\t\t\t<\/div>\n\t\t<\/div>\n\t\t\t\t<div class=\"elementor-column elementor-col-50 elementor-top-column elementor-element elementor-element-f99779e\" data-id=\"f99779e\" data-element_type=\"column\" data-e-type=\"column\">\n\t\t\t<div class=\"elementor-widget-wrap elementor-element-populated\">\n\t\t\t\t\t\t<div class=\"elementor-element elementor-element-cdd965f elementor-widget elementor-widget-menu-anchor\" data-id=\"cdd965f\" data-element_type=\"widget\" data-e-type=\"widget\" data-widget_type=\"menu-anchor.default\">\n\t\t\t\t<div class=\"elementor-widget-container\">\n\t\t\t\t\t\t\t<div class=\"elementor-menu-anchor\" id=\"mode\"><\/div>\n\t\t\t\t\t\t<\/div>\n\t\t\t\t<\/div>\n\t\t\t\t<div class=\"elementor-element elementor-element-76b596b elementor-widget elementor-widget-heading\" data-id=\"76b596b\" data-element_type=\"widget\" data-e-type=\"widget\" data-widget_type=\"heading.default\">\n\t\t\t\t<div class=\"elementor-widget-container\">\n\t\t\t\t\t<h2 class=\"elementor-heading-title elementor-size-default\">Tracht f\u00fcr jeden Anlass<\/h2>\t\t\t\t<\/div>\n\t\t\t\t<\/div>\n\t\t\t\t<div class=\"elementor-element elementor-element-9a18be3 elementor-widget elementor-widget-image\" data-id=\"9a18be3\" data-element_type=\"widget\" data-e-type=\"widget\" data-widget_type=\"image.default\">\n\t\t\t\t<div class=\"elementor-widget-container\">\n\t\t\t\t\t\t\t\t\t\t\t\t\t\t\t<img decoding=\"async\" width=\"100\" height=\"6\" src=\"https:\/\/www.ritsch.at\/geschaeft\/wp-content\/uploads\/sites\/2\/2021\/04\/Trenner2.png\" class=\"attachment-full size-full wp-image-206\" alt=\"\" \/>\t\t\t\t\t\t\t\t\t\t\t\t\t\t\t<\/div>\n\t\t\t\t<\/div>\n\t\t\t\t<div class=\"elementor-element elementor-element-56bf88a elementor-widget elementor-widget-text-editor\" data-id=\"56bf88a\" data-element_type=\"widget\" data-e-type=\"widget\" data-widget_type=\"text-editor.default\">\n\t\t\t\t<div class=\"elementor-widget-container\">\n\t\t\t\t\t\t\t\t\t<p>Ob Hochzeit, Familienfeier oder ein gem\u00fctlicher Sonntagsausflug \u2013 mit einem feschen Dirndl und einer urigen Lederhose ist man immer gut gekleidet. Eine edle Tracht ist ein Ausdruck von Heimatverbundenheit und Tradition und \u00fcberdauert so manch schnelllebigen Trend.<\/p><p>Trachtenmode kann vielseitig kombiniert werden \u2013 man tr\u00e4gt einen Janker aus Loden oder Leinen passend zur Lederhose oder auch zur Jeans, dazu eine h\u00fcbsche Bluse oder ein l\u00e4ssiges Hemd.<\/p><p>Abgerundet wird das Trachtenoutfit mit den passenden Accessoires: Trachtenschuhe, farblich abgestimmte Socken und Stutzen, T\u00fccher und Schals, G\u00fcrtel und Ranzen, sch\u00f6ne H\u00fcte und vieles mehr.<\/p><p>Bei uns finden Sie Tracht in gro\u00dfer Auswahl f\u00fcr die ganze Familie.<\/p>\t\t\t\t\t\t\t\t<\/div>\n\t\t\t\t<\/div>\n\t\t\t\t\t<\/div>\n\t\t<\/div>\n\t\t\t\t\t<\/div>\n\t\t<\/section>\n\t\t\t\t<section class=\"elementor-section elementor-top-section elementor-element elementor-element-c03a94a elementor-section-boxed elementor-section-height-default elementor-section-height-default\" data-id=\"c03a94a\" data-element_type=\"section\" data-e-type=\"section\">\n\t\t\t\t\t\t<div class=\"elementor-container elementor-column-gap-default\">\n\t\t\t\t\t<div class=\"elementor-column elementor-col-100 elementor-top-column elementor-element elementor-element-8d99a46\" data-id=\"8d99a46\" data-element_type=\"column\" data-e-type=\"column\">\n\t\t\t<div class=\"elementor-widget-wrap elementor-element-populated\">\n\t\t\t\t\t\t<section class=\"elementor-section elementor-inner-section elementor-element elementor-element-e4f55ae elementor-section-full_width elementor-section-height-default elementor-section-height-default\" data-id=\"e4f55ae\" data-element_type=\"section\" data-e-type=\"section\">\n\t\t\t\t\t\t<div class=\"elementor-container elementor-column-gap-default\">\n\t\t\t\t\t<div class=\"elementor-column elementor-col-50 elementor-inner-column elementor-element elementor-element-4edaf0d\" data-id=\"4edaf0d\" data-element_type=\"column\" data-e-type=\"column\">\n\t\t\t<div class=\"elementor-widget-wrap elementor-element-populated\">\n\t\t\t\t\t\t<div class=\"elementor-element elementor-element-03ea12f elementor-widget elementor-widget-heading\" data-id=\"03ea12f\" data-element_type=\"widget\" data-e-type=\"widget\" data-widget_type=\"heading.default\">\n\t\t\t\t<div class=\"elementor-widget-container\">\n\t\t\t\t\t<h2 class=\"elementor-heading-title elementor-size-default\">Die Hirschlederne<\/h2>\t\t\t\t<\/div>\n\t\t\t\t<\/div>\n\t\t\t\t<div class=\"elementor-element elementor-element-961a212 elementor-widget elementor-widget-image\" data-id=\"961a212\" data-element_type=\"widget\" data-e-type=\"widget\" data-widget_type=\"image.default\">\n\t\t\t\t<div class=\"elementor-widget-container\">\n\t\t\t\t\t\t\t\t\t\t\t\t\t\t\t<img decoding=\"async\" width=\"100\" height=\"6\" src=\"https:\/\/www.ritsch.at\/geschaeft\/wp-content\/uploads\/sites\/2\/2021\/04\/Trenner2.png\" class=\"attachment-full size-full wp-image-206\" alt=\"\" \/>\t\t\t\t\t\t\t\t\t\t\t\t\t\t\t<\/div>\n\t\t\t\t<\/div>\n\t\t\t\t<div class=\"elementor-element elementor-element-b18ce24 elementor-widget elementor-widget-text-editor\" data-id=\"b18ce24\" data-element_type=\"widget\" data-e-type=\"widget\" data-widget_type=\"text-editor.default\">\n\t\t\t\t<div class=\"elementor-widget-container\">\n\t\t\t\t\t\t\t\t\t<p>Ein treuer Begleiter \u2013 oft ein Leben lang<\/p>\n<p>Lederhosen aus s\u00e4misch gegerbtem Hirschleder in verschiedenen Farben und Ausf\u00fchrungen sind unsere Spezialit\u00e4t. Eine Hirschlederhose ist unverw\u00fcstlich und komfortabel \u2013 sie \u00fcberdauert manchmal Generationen. In unseren Gesch\u00e4ften bieten wir eine gro\u00dfe Auswahl an verschiedenen Hirschlederhosen an.<\/p>\n<p>Hirschleder ist ein kostbares St\u00fcck Natur mit all seinen typischen Unregelm\u00e4\u00dfigkeiten \u2013 gerade diese machen seine Sch\u00f6nheit aus. Keine Lederhose gleicht der anderen \u2013 jede ist ein Unikat.<\/p>\n<p>Die samtige, weiche Oberfl\u00e4che verleiht unseren Hirschlederhosen einen besonderen Tragekomfort \u2013 so kann es schon einmal passieren, dass die Hirschlederne aus dem Alltag nicht mehr wegzudenken ist.<\/p>\t\t\t\t\t\t\t\t<\/div>\n\t\t\t\t<\/div>\n\t\t\t\t\t<\/div>\n\t\t<\/div>\n\t\t\t\t<div class=\"elementor-column elementor-col-50 elementor-inner-column elementor-element elementor-element-3963b92\" data-id=\"3963b92\" data-element_type=\"column\" data-e-type=\"column\">\n\t\t\t<div class=\"elementor-widget-wrap elementor-element-populated\">\n\t\t\t\t\t\t<div class=\"elementor-element elementor-element-fffdeee elementor-widget elementor-widget-image\" data-id=\"fffdeee\" data-element_type=\"widget\" data-e-type=\"widget\" data-widget_type=\"image.default\">\n\t\t\t\t<div class=\"elementor-widget-container\">\n\t\t\t\t\t\t\t\t\t\t\t\t\t\t\t\t<a href=\"https:\/\/www.ritsch.at\/leder\/wp-content\/uploads\/sites\/2\/2021\/04\/Leder-Ritsch-Mittersill-Kaprun-Tracht-Mode-Hirschlederhose.jpg\" data-elementor-open-lightbox=\"yes\" data-elementor-lightbox-title=\"Hirschlederhosen\" data-e-action-hash=\"#elementor-action%3Aaction%3Dlightbox%26settings%3DeyJpZCI6IjI1OCIsInVybCI6Imh0dHBzOlwvXC93d3cucml0c2NoLmF0XC9nZXNjaGFlZnRcL3dwLWNvbnRlbnRcL3VwbG9hZHNcL3NpdGVzXC8yXC8yMDIxXC8wNFwvTGVkZXItUml0c2NoLU1pdHRlcnNpbGwtS2FwcnVuLVRyYWNodC1Nb2RlLUhpcnNjaGxlZGVyaG9zZS5qcGcifQ%3D%3D\">\n\t\t\t\t\t\t\t<img decoding=\"async\" width=\"1200\" height=\"861\" src=\"https:\/\/www.ritsch.at\/geschaeft\/wp-content\/uploads\/sites\/2\/2021\/04\/Leder-Ritsch-Mittersill-Kaprun-Tracht-Mode-Hirschlederhose.jpg\" class=\"attachment-full size-full wp-image-258\" alt=\"Hirschlederhose Leder Ritsch\" srcset=\"https:\/\/www.ritsch.at\/geschaeft\/wp-content\/uploads\/sites\/2\/2021\/04\/Leder-Ritsch-Mittersill-Kaprun-Tracht-Mode-Hirschlederhose.jpg 1200w, https:\/\/www.ritsch.at\/geschaeft\/wp-content\/uploads\/sites\/2\/2021\/04\/Leder-Ritsch-Mittersill-Kaprun-Tracht-Mode-Hirschlederhose-300x215.jpg 300w, https:\/\/www.ritsch.at\/geschaeft\/wp-content\/uploads\/sites\/2\/2021\/04\/Leder-Ritsch-Mittersill-Kaprun-Tracht-Mode-Hirschlederhose-1024x735.jpg 1024w, https:\/\/www.ritsch.at\/geschaeft\/wp-content\/uploads\/sites\/2\/2021\/04\/Leder-Ritsch-Mittersill-Kaprun-Tracht-Mode-Hirschlederhose-768x551.jpg 768w\" sizes=\"(max-width: 1200px) 100vw, 1200px\" \/>\t\t\t\t\t\t\t\t<\/a>\n\t\t\t\t\t\t\t\t\t\t\t\t\t\t\t<\/div>\n\t\t\t\t<\/div>\n\t\t\t\t\t<\/div>\n\t\t<\/div>\n\t\t\t\t\t<\/div>\n\t\t<\/section>\n\t\t\t\t<section class=\"elementor-section elementor-inner-section elementor-element elementor-element-06d9c23 elementor-section-full_width elementor-reverse-mobile elementor-section-height-default elementor-section-height-default\" data-id=\"06d9c23\" data-element_type=\"section\" data-e-type=\"section\">\n\t\t\t\t\t\t<div class=\"elementor-container elementor-column-gap-default\">\n\t\t\t\t\t<div class=\"elementor-column elementor-col-50 elementor-inner-column elementor-element elementor-element-9321578\" data-id=\"9321578\" data-element_type=\"column\" data-e-type=\"column\">\n\t\t\t<div class=\"elementor-widget-wrap elementor-element-populated\">\n\t\t\t\t\t\t<div class=\"elementor-element elementor-element-176646d elementor-widget elementor-widget-image\" data-id=\"176646d\" data-element_type=\"widget\" data-e-type=\"widget\" data-widget_type=\"image.default\">\n\t\t\t\t<div class=\"elementor-widget-container\">\n\t\t\t\t\t\t\t\t\t\t\t\t\t\t\t\t<a href=\"https:\/\/www.ritsch.at\/geschaeft\/wp-content\/uploads\/sites\/2\/2021\/06\/Leder-Ritsch-Mittersill-Kaprun-Tracht-Mode3-e1623329464144.jpg\" data-elementor-open-lightbox=\"yes\" data-e-action-hash=\"#elementor-action%3Aaction%3Dlightbox%26settings%3DeyJpZCI6Ijk5NCIsInVybCI6Imh0dHBzOlwvXC93d3cucml0c2NoLmF0XC9nZXNjaGFlZnRcL3dwLWNvbnRlbnRcL3VwbG9hZHNcL3NpdGVzXC8yXC8yMDIxXC8wNlwvTGVkZXItUml0c2NoLU1pdHRlcnNpbGwtS2FwcnVuLVRyYWNodC1Nb2RlMy1lMTYyMzMyOTQ2NDE0NC5qcGcifQ%3D%3D\">\n\t\t\t\t\t\t\t<img loading=\"lazy\" decoding=\"async\" width=\"1200\" height=\"971\" src=\"https:\/\/www.ritsch.at\/geschaeft\/wp-content\/uploads\/sites\/2\/2021\/06\/Leder-Ritsch-Mittersill-Kaprun-Tracht-Mode3-e1623329464144.jpg\" class=\"attachment-full size-full wp-image-994\" alt=\"\" srcset=\"https:\/\/www.ritsch.at\/geschaeft\/wp-content\/uploads\/sites\/2\/2021\/06\/Leder-Ritsch-Mittersill-Kaprun-Tracht-Mode3-e1623329464144.jpg 1200w, https:\/\/www.ritsch.at\/geschaeft\/wp-content\/uploads\/sites\/2\/2021\/06\/Leder-Ritsch-Mittersill-Kaprun-Tracht-Mode3-e1623329464144-300x243.jpg 300w, https:\/\/www.ritsch.at\/geschaeft\/wp-content\/uploads\/sites\/2\/2021\/06\/Leder-Ritsch-Mittersill-Kaprun-Tracht-Mode3-e1623329464144-1024x829.jpg 1024w, https:\/\/www.ritsch.at\/geschaeft\/wp-content\/uploads\/sites\/2\/2021\/06\/Leder-Ritsch-Mittersill-Kaprun-Tracht-Mode3-e1623329464144-768x621.jpg 768w\" sizes=\"(max-width: 1200px) 100vw, 1200px\" \/>\t\t\t\t\t\t\t\t<\/a>\n\t\t\t\t\t\t\t\t\t\t\t\t\t\t\t<\/div>\n\t\t\t\t<\/div>\n\t\t\t\t\t<\/div>\n\t\t<\/div>\n\t\t\t\t<div class=\"elementor-column elementor-col-50 elementor-inner-column elementor-element elementor-element-bd14b2d\" data-id=\"bd14b2d\" data-element_type=\"column\" data-e-type=\"column\">\n\t\t\t<div class=\"elementor-widget-wrap elementor-element-populated\">\n\t\t\t\t\t\t<div class=\"elementor-element elementor-element-3c36530 elementor-widget elementor-widget-heading\" data-id=\"3c36530\" data-element_type=\"widget\" data-e-type=\"widget\" data-widget_type=\"heading.default\">\n\t\t\t\t<div class=\"elementor-widget-container\">\n\t\t\t\t\t<h2 class=\"elementor-heading-title elementor-size-default\">Trachtig - modern<\/h2>\t\t\t\t<\/div>\n\t\t\t\t<\/div>\n\t\t\t\t<div class=\"elementor-element elementor-element-b9a3867 elementor-widget elementor-widget-image\" data-id=\"b9a3867\" data-element_type=\"widget\" data-e-type=\"widget\" data-widget_type=\"image.default\">\n\t\t\t\t<div class=\"elementor-widget-container\">\n\t\t\t\t\t\t\t\t\t\t\t\t\t\t\t<img decoding=\"async\" width=\"100\" height=\"6\" src=\"https:\/\/www.ritsch.at\/geschaeft\/wp-content\/uploads\/sites\/2\/2021\/04\/Trenner2.png\" class=\"attachment-full size-full wp-image-206\" alt=\"\" \/>\t\t\t\t\t\t\t\t\t\t\t\t\t\t\t<\/div>\n\t\t\t\t<\/div>\n\t\t\t\t<div class=\"elementor-element elementor-element-e85698d elementor-widget elementor-widget-text-editor\" data-id=\"e85698d\" data-element_type=\"widget\" data-e-type=\"widget\" data-widget_type=\"text-editor.default\">\n\t\t\t\t<div class=\"elementor-widget-container\">\n\t\t\t\t\t\t\t\t\t<p>Lange Lederhosen aus Reh- und Hirschleder mit modischem Schnitt, Hirschledersakkos oder stilvolle Gehr\u00f6cke sind sowohl im Alltag als auch zu besonderen Anl\u00e4ssen immer ein Blickfang. Modische Trachten sind immer aktuell und trotzdem zeitlos.<\/p><p>Nicht nur Trachtenliebhaber kommen bei uns auf ihre Kosten \u2013 bei uns finden Sie neben Nappalederjacken in den verschiedensten Farben auch modische Lammfellbekleidung, trendige Lodenm\u00e4ntel und -hosen, Hemden und Blusen, Strickpullover und vieles mehr.<\/p>\t\t\t\t\t\t\t\t<\/div>\n\t\t\t\t<\/div>\n\t\t\t\t\t<\/div>\n\t\t<\/div>\n\t\t\t\t\t<\/div>\n\t\t<\/section>\n\t\t\t\t<section class=\"elementor-section elementor-inner-section elementor-element elementor-element-4f70a03 elementor-section-full_width elementor-section-height-default elementor-section-height-default\" data-id=\"4f70a03\" data-element_type=\"section\" data-e-type=\"section\" id=\"marken\">\n\t\t\t\t\t\t<div class=\"elementor-container elementor-column-gap-default\">\n\t\t\t\t\t<div class=\"elementor-column elementor-col-100 elementor-inner-column elementor-element elementor-element-f9526cc\" data-id=\"f9526cc\" data-element_type=\"column\" data-e-type=\"column\">\n\t\t\t<div class=\"elementor-widget-wrap elementor-element-populated\">\n\t\t\t\t\t\t<div class=\"elementor-element elementor-element-c1dc688 elementor-widget elementor-widget-heading\" data-id=\"c1dc688\" data-element_type=\"widget\" data-e-type=\"widget\" data-widget_type=\"heading.default\">\n\t\t\t\t<div class=\"elementor-widget-container\">\n\t\t\t\t\t<h2 class=\"elementor-heading-title elementor-size-default\">Auszug aus unseren Marken<\/h2>\t\t\t\t<\/div>\n\t\t\t\t<\/div>\n\t\t\t\t<div class=\"elementor-element elementor-element-5f493de elementor-widget elementor-widget-image\" data-id=\"5f493de\" data-element_type=\"widget\" data-e-type=\"widget\" data-widget_type=\"image.default\">\n\t\t\t\t<div class=\"elementor-widget-container\">\n\t\t\t\t\t\t\t\t\t\t\t\t\t\t\t<img decoding=\"async\" width=\"100\" height=\"6\" src=\"https:\/\/www.ritsch.at\/geschaeft\/wp-content\/uploads\/sites\/2\/2021\/04\/Trenner2.png\" class=\"attachment-full size-full wp-image-206\" alt=\"\" \/>\t\t\t\t\t\t\t\t\t\t\t\t\t\t\t<\/div>\n\t\t\t\t<\/div>\n\t\t\t\t\t<\/div>\n\t\t<\/div>\n\t\t\t\t\t<\/div>\n\t\t<\/section>\n\t\t\t\t<section class=\"elementor-section elementor-inner-section elementor-element elementor-element-e668b00 elementor-section-full_width elementor-section-height-default elementor-section-height-default\" data-id=\"e668b00\" data-element_type=\"section\" data-e-type=\"section\">\n\t\t\t\t\t\t<div class=\"elementor-container elementor-column-gap-default\">\n\t\t\t\t\t<div class=\"elementor-column elementor-col-100 elementor-inner-column elementor-element elementor-element-33fcbbd\" data-id=\"33fcbbd\" data-element_type=\"column\" data-e-type=\"column\">\n\t\t\t<div class=\"elementor-widget-wrap elementor-element-populated\">\n\t\t\t\t\t\t<div class=\"elementor-element elementor-element-1b2d95c elementor-widget elementor-widget-text-editor\" data-id=\"1b2d95c\" data-element_type=\"widget\" data-e-type=\"widget\" data-widget_type=\"text-editor.default\">\n\t\t\t\t<div class=\"elementor-widget-container\">\n\t\t\t\t\t\t\t\t\t<p>Auzinger \u25aa Country Line \u25aa Dale of Norway \u25aa Dirndl+Bua \u25aa Faustmann \u25aa Gloriette \u25aa G\u00f6ssl \u25aa Grasegger \u25aa Hammerschmid \u25aa Isar Trachten \u25aa Kr\u00fcger \u25aa Luise Steiner \u25aa Marjo \u25aa Meindl \u25aa Mirabell Salzburg \u25aa My Herzallerliebst \u25aa Pure \u25aa Rock&amp;Co \u25aa Schanzer Gwand \u25aa Spieth &amp; Wensky \u25aa Stadler Schuhe \u25aa Stapf \u25aa Steffner \u25aa Striessnig \u25aa Waldorff \u25aa Wallmann \u25aa Waltl Holzschuhe \u25aa Wenger \u25aa Wildstelle \u25aa und weitere<\/p>\t\t\t\t\t\t\t\t<\/div>\n\t\t\t\t<\/div>\n\t\t\t\t\t<\/div>\n\t\t<\/div>\n\t\t\t\t\t<\/div>\n\t\t<\/section>\n\t\t\t\t<section class=\"elementor-section elementor-inner-section elementor-element elementor-element-ad722ea elementor-section-full_width elementor-section-height-default elementor-section-height-default\" data-id=\"ad722ea\" data-element_type=\"section\" data-e-type=\"section\">\n\t\t\t\t\t\t<div class=\"elementor-container elementor-column-gap-default\">\n\t\t\t\t\t<div class=\"elementor-column elementor-col-100 elementor-inner-column elementor-element elementor-element-66dc418\" data-id=\"66dc418\" data-element_type=\"column\" data-e-type=\"column\">\n\t\t\t<div class=\"elementor-widget-wrap elementor-element-populated\">\n\t\t\t\t\t\t<div class=\"elementor-element elementor-element-6b629ef elementor-widget elementor-widget-gallery\" data-id=\"6b629ef\" data-element_type=\"widget\" data-e-type=\"widget\" data-settings=\"{&quot;gallery_layout&quot;:&quot;justified&quot;,&quot;ideal_row_height&quot;:{&quot;unit&quot;:&quot;px&quot;,&quot;size&quot;:&quot;240&quot;,&quot;sizes&quot;:[]},&quot;gap&quot;:{&quot;unit&quot;:&quot;px&quot;,&quot;size&quot;:&quot;30&quot;,&quot;sizes&quot;:[]},&quot;ideal_row_height_tablet&quot;:{&quot;unit&quot;:&quot;px&quot;,&quot;size&quot;:&quot;175&quot;,&quot;sizes&quot;:[]},&quot;_animation&quot;:&quot;none&quot;,&quot;ideal_row_height_mobile&quot;:{&quot;unit&quot;:&quot;px&quot;,&quot;size&quot;:150,&quot;sizes&quot;:[]},&quot;gap_tablet&quot;:{&quot;unit&quot;:&quot;px&quot;,&quot;size&quot;:10,&quot;sizes&quot;:[]},&quot;gap_mobile&quot;:{&quot;unit&quot;:&quot;px&quot;,&quot;size&quot;:10,&quot;sizes&quot;:[]},&quot;link_to&quot;:&quot;file&quot;,&quot;overlay_background&quot;:&quot;yes&quot;,&quot;content_hover_animation&quot;:&quot;fade-in&quot;}\" data-widget_type=\"gallery.default\">\n\t\t\t\t<div class=\"elementor-widget-container\">\n\t\t\t\t\t\t\t<div class=\"elementor-gallery__container\">\n\t\t\t\t\t\t\t<a class=\"e-gallery-item elementor-gallery-item elementor-animated-content\" href=\"https:\/\/www.ritsch.at\/geschaeft\/wp-content\/uploads\/sites\/2\/2021\/05\/Galerie-1.jpg\" data-elementor-open-lightbox=\"yes\" data-elementor-lightbox-slideshow=\"6b629ef\" data-e-action-hash=\"#elementor-action%3Aaction%3Dlightbox%26settings%3DeyJpZCI6NzU5LCJ1cmwiOiJodHRwczpcL1wvd3d3LnJpdHNjaC5hdFwvZ2VzY2hhZWZ0XC93cC1jb250ZW50XC91cGxvYWRzXC9zaXRlc1wvMlwvMjAyMVwvMDVcL0dhbGVyaWUtMS5qcGciLCJzbGlkZXNob3ciOiI2YjYyOWVmIn0%3D\">\n\t\t\t\t\t<div class=\"e-gallery-image elementor-gallery-item__image\" data-thumbnail=\"https:\/\/www.ritsch.at\/geschaeft\/wp-content\/uploads\/sites\/2\/2021\/05\/Galerie-1.jpg\" data-width=\"1200\" data-height=\"912\" aria-label=\"Leder Ritsch Dirndl\" role=\"img\" ><\/div>\n\t\t\t\t\t\t\t\t\t\t\t<div class=\"elementor-gallery-item__overlay\"><\/div>\n\t\t\t\t\t\t\t\t\t\t\t\t\t\t<\/a>\n\t\t\t\t\t\t\t<a class=\"e-gallery-item elementor-gallery-item elementor-animated-content\" href=\"https:\/\/www.ritsch.at\/geschaeft\/wp-content\/uploads\/sites\/2\/2021\/05\/Galerie-2.jpg\" data-elementor-open-lightbox=\"yes\" data-elementor-lightbox-slideshow=\"6b629ef\" data-e-action-hash=\"#elementor-action%3Aaction%3Dlightbox%26settings%3DeyJpZCI6NzYwLCJ1cmwiOiJodHRwczpcL1wvd3d3LnJpdHNjaC5hdFwvZ2VzY2hhZWZ0XC93cC1jb250ZW50XC91cGxvYWRzXC9zaXRlc1wvMlwvMjAyMVwvMDVcL0dhbGVyaWUtMi5qcGciLCJzbGlkZXNob3ciOiI2YjYyOWVmIn0%3D\">\n\t\t\t\t\t<div class=\"e-gallery-image elementor-gallery-item__image\" data-thumbnail=\"https:\/\/www.ritsch.at\/geschaeft\/wp-content\/uploads\/sites\/2\/2021\/05\/Galerie-2.jpg\" data-width=\"860\" data-height=\"1200\" aria-label=\"Leder Ritsch\" role=\"img\" ><\/div>\n\t\t\t\t\t\t\t\t\t\t\t<div class=\"elementor-gallery-item__overlay\"><\/div>\n\t\t\t\t\t\t\t\t\t\t\t\t\t\t<\/a>\n\t\t\t\t\t\t\t<a class=\"e-gallery-item elementor-gallery-item elementor-animated-content\" href=\"https:\/\/www.ritsch.at\/geschaeft\/wp-content\/uploads\/sites\/2\/2021\/05\/Galerie-3.jpg\" data-elementor-open-lightbox=\"yes\" data-elementor-lightbox-slideshow=\"6b629ef\" data-e-action-hash=\"#elementor-action%3Aaction%3Dlightbox%26settings%3DeyJpZCI6NzYxLCJ1cmwiOiJodHRwczpcL1wvd3d3LnJpdHNjaC5hdFwvZ2VzY2hhZWZ0XC93cC1jb250ZW50XC91cGxvYWRzXC9zaXRlc1wvMlwvMjAyMVwvMDVcL0dhbGVyaWUtMy5qcGciLCJzbGlkZXNob3ciOiI2YjYyOWVmIn0%3D\">\n\t\t\t\t\t<div class=\"e-gallery-image elementor-gallery-item__image\" data-thumbnail=\"https:\/\/www.ritsch.at\/geschaeft\/wp-content\/uploads\/sites\/2\/2021\/05\/Galerie-3.jpg\" data-width=\"1200\" data-height=\"720\" aria-label=\"Leder Ritsch\" role=\"img\" ><\/div>\n\t\t\t\t\t\t\t\t\t\t\t<div class=\"elementor-gallery-item__overlay\"><\/div>\n\t\t\t\t\t\t\t\t\t\t\t\t\t\t<\/a>\n\t\t\t\t\t\t\t<a class=\"e-gallery-item elementor-gallery-item elementor-animated-content\" href=\"https:\/\/www.ritsch.at\/geschaeft\/wp-content\/uploads\/sites\/2\/2021\/05\/Galerie-4.jpg\" data-elementor-open-lightbox=\"yes\" data-elementor-lightbox-slideshow=\"6b629ef\" data-e-action-hash=\"#elementor-action%3Aaction%3Dlightbox%26settings%3DeyJpZCI6NzYyLCJ1cmwiOiJodHRwczpcL1wvd3d3LnJpdHNjaC5hdFwvZ2VzY2hhZWZ0XC93cC1jb250ZW50XC91cGxvYWRzXC9zaXRlc1wvMlwvMjAyMVwvMDVcL0dhbGVyaWUtNC5qcGciLCJzbGlkZXNob3ciOiI2YjYyOWVmIn0%3D\">\n\t\t\t\t\t<div class=\"e-gallery-image elementor-gallery-item__image\" data-thumbnail=\"https:\/\/www.ritsch.at\/geschaeft\/wp-content\/uploads\/sites\/2\/2021\/05\/Galerie-4.jpg\" data-width=\"1004\" data-height=\"1200\" aria-label=\"Leder Ritsch Lederhosen\" role=\"img\" ><\/div>\n\t\t\t\t\t\t\t\t\t\t\t<div class=\"elementor-gallery-item__overlay\"><\/div>\n\t\t\t\t\t\t\t\t\t\t\t\t\t\t<\/a>\n\t\t\t\t\t\t\t<a class=\"e-gallery-item elementor-gallery-item elementor-animated-content\" href=\"https:\/\/www.ritsch.at\/geschaeft\/wp-content\/uploads\/sites\/2\/2021\/05\/Galerie-5.jpg\" data-elementor-open-lightbox=\"yes\" data-elementor-lightbox-slideshow=\"6b629ef\" data-e-action-hash=\"#elementor-action%3Aaction%3Dlightbox%26settings%3DeyJpZCI6NzYzLCJ1cmwiOiJodHRwczpcL1wvd3d3LnJpdHNjaC5hdFwvZ2VzY2hhZWZ0XC93cC1jb250ZW50XC91cGxvYWRzXC9zaXRlc1wvMlwvMjAyMVwvMDVcL0dhbGVyaWUtNS5qcGciLCJzbGlkZXNob3ciOiI2YjYyOWVmIn0%3D\">\n\t\t\t\t\t<div class=\"e-gallery-image elementor-gallery-item__image\" data-thumbnail=\"https:\/\/www.ritsch.at\/geschaeft\/wp-content\/uploads\/sites\/2\/2021\/05\/Galerie-5.jpg\" data-width=\"1200\" data-height=\"800\" aria-label=\"Leder Ritsch Lederhose\" role=\"img\" ><\/div>\n\t\t\t\t\t\t\t\t\t\t\t<div class=\"elementor-gallery-item__overlay\"><\/div>\n\t\t\t\t\t\t\t\t\t\t\t\t\t\t<\/a>\n\t\t\t\t\t\t\t<a class=\"e-gallery-item elementor-gallery-item elementor-animated-content\" href=\"https:\/\/www.ritsch.at\/geschaeft\/wp-content\/uploads\/sites\/2\/2021\/05\/Galerie-6.jpg\" data-elementor-open-lightbox=\"yes\" data-elementor-lightbox-slideshow=\"6b629ef\" data-e-action-hash=\"#elementor-action%3Aaction%3Dlightbox%26settings%3DeyJpZCI6NzY0LCJ1cmwiOiJodHRwczpcL1wvd3d3LnJpdHNjaC5hdFwvZ2VzY2hhZWZ0XC93cC1jb250ZW50XC91cGxvYWRzXC9zaXRlc1wvMlwvMjAyMVwvMDVcL0dhbGVyaWUtNi5qcGciLCJzbGlkZXNob3ciOiI2YjYyOWVmIn0%3D\">\n\t\t\t\t\t<div class=\"e-gallery-image elementor-gallery-item__image\" data-thumbnail=\"https:\/\/www.ritsch.at\/geschaeft\/wp-content\/uploads\/sites\/2\/2021\/05\/Galerie-6.jpg\" data-width=\"800\" data-height=\"1200\" aria-label=\"Leder Ritsch Dirndl\" role=\"img\" ><\/div>\n\t\t\t\t\t\t\t\t\t\t\t<div class=\"elementor-gallery-item__overlay\"><\/div>\n\t\t\t\t\t\t\t\t\t\t\t\t\t\t<\/a>\n\t\t\t\t\t\t\t<a class=\"e-gallery-item elementor-gallery-item elementor-animated-content\" href=\"https:\/\/www.ritsch.at\/geschaeft\/wp-content\/uploads\/sites\/2\/2021\/05\/Galerie-7.jpg\" data-elementor-open-lightbox=\"yes\" data-elementor-lightbox-slideshow=\"6b629ef\" data-e-action-hash=\"#elementor-action%3Aaction%3Dlightbox%26settings%3DeyJpZCI6NzY1LCJ1cmwiOiJodHRwczpcL1wvd3d3LnJpdHNjaC5hdFwvZ2VzY2hhZWZ0XC93cC1jb250ZW50XC91cGxvYWRzXC9zaXRlc1wvMlwvMjAyMVwvMDVcL0dhbGVyaWUtNy5qcGciLCJzbGlkZXNob3ciOiI2YjYyOWVmIn0%3D\">\n\t\t\t\t\t<div class=\"e-gallery-image elementor-gallery-item__image\" data-thumbnail=\"https:\/\/www.ritsch.at\/geschaeft\/wp-content\/uploads\/sites\/2\/2021\/05\/Galerie-7.jpg\" data-width=\"1200\" data-height=\"800\" aria-label=\"Leder Ritsch G\u00fcrtel\" role=\"img\" ><\/div>\n\t\t\t\t\t\t\t\t\t\t\t<div class=\"elementor-gallery-item__overlay\"><\/div>\n\t\t\t\t\t\t\t\t\t\t\t\t\t\t<\/a>\n\t\t\t\t\t\t\t<a class=\"e-gallery-item elementor-gallery-item elementor-animated-content\" href=\"https:\/\/www.ritsch.at\/geschaeft\/wp-content\/uploads\/sites\/2\/2021\/05\/Galerie-8.jpg\" data-elementor-open-lightbox=\"yes\" data-elementor-lightbox-slideshow=\"6b629ef\" data-e-action-hash=\"#elementor-action%3Aaction%3Dlightbox%26settings%3DeyJpZCI6NzY2LCJ1cmwiOiJodHRwczpcL1wvd3d3LnJpdHNjaC5hdFwvZ2VzY2hhZWZ0XC93cC1jb250ZW50XC91cGxvYWRzXC9zaXRlc1wvMlwvMjAyMVwvMDVcL0dhbGVyaWUtOC5qcGciLCJzbGlkZXNob3ciOiI2YjYyOWVmIn0%3D\">\n\t\t\t\t\t<div class=\"e-gallery-image elementor-gallery-item__image\" data-thumbnail=\"https:\/\/www.ritsch.at\/geschaeft\/wp-content\/uploads\/sites\/2\/2021\/05\/Galerie-8.jpg\" data-width=\"1200\" data-height=\"972\" aria-label=\"Leder Ritsch Dale of Norway\" role=\"img\" ><\/div>\n\t\t\t\t\t\t\t\t\t\t\t<div class=\"elementor-gallery-item__overlay\"><\/div>\n\t\t\t\t\t\t\t\t\t\t\t\t\t\t<\/a>\n\t\t\t\t\t\t\t<a class=\"e-gallery-item elementor-gallery-item elementor-animated-content\" href=\"https:\/\/www.ritsch.at\/geschaeft\/wp-content\/uploads\/sites\/2\/2021\/05\/Galerie-9.jpg\" data-elementor-open-lightbox=\"yes\" data-elementor-lightbox-slideshow=\"6b629ef\" data-e-action-hash=\"#elementor-action%3Aaction%3Dlightbox%26settings%3DeyJpZCI6NzY3LCJ1cmwiOiJodHRwczpcL1wvd3d3LnJpdHNjaC5hdFwvZ2VzY2hhZWZ0XC93cC1jb250ZW50XC91cGxvYWRzXC9zaXRlc1wvMlwvMjAyMVwvMDVcL0dhbGVyaWUtOS5qcGciLCJzbGlkZXNob3ciOiI2YjYyOWVmIn0%3D\">\n\t\t\t\t\t<div class=\"e-gallery-image elementor-gallery-item__image\" data-thumbnail=\"https:\/\/www.ritsch.at\/geschaeft\/wp-content\/uploads\/sites\/2\/2021\/05\/Galerie-9.jpg\" data-width=\"1200\" data-height=\"1010\" aria-label=\"Leder Ritsch Lederjacke\" role=\"img\" ><\/div>\n\t\t\t\t\t\t\t\t\t\t\t<div class=\"elementor-gallery-item__overlay\"><\/div>\n\t\t\t\t\t\t\t\t\t\t\t\t\t\t<\/a>\n\t\t\t\t\t<\/div>\n\t\t\t\t\t<\/div>\n\t\t\t\t<\/div>\n\t\t\t\t\t<\/div>\n\t\t<\/div>\n\t\t\t\t\t<\/div>\n\t\t<\/section>\n\t\t\t\t\t<\/div>\n\t\t<\/div>\n\t\t\t\t\t<\/div>\n\t\t<\/section>\n\t\t\t\t<section class=\"elementor-section elementor-top-section elementor-element elementor-element-2867f7f elementor-section-boxed elementor-section-height-default elementor-section-height-default\" data-id=\"2867f7f\" data-element_type=\"section\" data-e-type=\"section\">\n\t\t\t\t\t\t<div class=\"elementor-container elementor-column-gap-default\">\n\t\t\t\t\t<div class=\"elementor-column elementor-col-100 elementor-top-column elementor-element elementor-element-24dd86c\" data-id=\"24dd86c\" data-element_type=\"column\" data-e-type=\"column\">\n\t\t\t<div class=\"elementor-widget-wrap elementor-element-populated\">\n\t\t\t\t\t\t<section class=\"elementor-section elementor-inner-section elementor-element elementor-element-1655643 elementor-section-full_width elementor-section-height-default elementor-section-height-default\" data-id=\"1655643\" data-element_type=\"section\" data-e-type=\"section\">\n\t\t\t\t\t\t<div class=\"elementor-container elementor-column-gap-default\">\n\t\t\t\t\t<div class=\"elementor-column elementor-col-50 elementor-inner-column elementor-element elementor-element-76a3388\" data-id=\"76a3388\" data-element_type=\"column\" data-e-type=\"column\">\n\t\t\t<div class=\"elementor-widget-wrap elementor-element-populated\">\n\t\t\t\t\t\t<div class=\"elementor-element elementor-element-744e5eb elementor-widget elementor-widget-menu-anchor\" data-id=\"744e5eb\" data-element_type=\"widget\" data-e-type=\"widget\" data-widget_type=\"menu-anchor.default\">\n\t\t\t\t<div class=\"elementor-widget-container\">\n\t\t\t\t\t\t\t<div class=\"elementor-menu-anchor\" id=\"service\"><\/div>\n\t\t\t\t\t\t<\/div>\n\t\t\t\t<\/div>\n\t\t\t\t<div class=\"elementor-element elementor-element-d279ad6 elementor-widget elementor-widget-heading\" data-id=\"d279ad6\" data-element_type=\"widget\" data-e-type=\"widget\" data-widget_type=\"heading.default\">\n\t\t\t\t<div class=\"elementor-widget-container\">\n\t\t\t\t\t<h2 class=\"elementor-heading-title elementor-size-default\">Service<\/h2>\t\t\t\t<\/div>\n\t\t\t\t<\/div>\n\t\t\t\t<div class=\"elementor-element elementor-element-7ef3ddb elementor-widget elementor-widget-image\" data-id=\"7ef3ddb\" data-element_type=\"widget\" data-e-type=\"widget\" data-widget_type=\"image.default\">\n\t\t\t\t<div class=\"elementor-widget-container\">\n\t\t\t\t\t\t\t\t\t\t\t\t\t\t\t<img decoding=\"async\" width=\"100\" height=\"6\" src=\"https:\/\/www.ritsch.at\/geschaeft\/wp-content\/uploads\/sites\/2\/2021\/04\/Trenner2.png\" class=\"attachment-full size-full wp-image-206\" alt=\"\" \/>\t\t\t\t\t\t\t\t\t\t\t\t\t\t\t<\/div>\n\t\t\t\t<\/div>\n\t\t\t\t<div class=\"elementor-element elementor-element-9109247 elementor-widget elementor-widget-text-editor\" data-id=\"9109247\" data-element_type=\"widget\" data-e-type=\"widget\" data-widget_type=\"text-editor.default\">\n\t\t\t\t<div class=\"elementor-widget-container\">\n\t\t\t\t\t\t\t\t\t<p>Kompetente und ehrliche Beratung ist unsere St\u00e4rke. Wir sorgen f\u00fcr ein besonderes Einkaufserlebnis und freuen uns mit jedem zufriedenen Kunden. Gerne packen wir auch Geschenke f\u00fcr besondere Anl\u00e4sse liebevoll ein.<\/p><p>Wenn Ihr Lieblingsst\u00fcck nicht perfekt sitzt, ist das kein Problem. In unserer hauseigenen Schneiderei k\u00f6nnen \u00c4nderungen ehestm\u00f6glich vorgenommen werden.<\/p><p>In langj\u00e4hriger Zusammenarbeit mit unserem Reinigungsspezialisten bieten wir auch fachgerechte Reinigung von Lederbekleidung an.<\/p>\t\t\t\t\t\t\t\t<\/div>\n\t\t\t\t<\/div>\n\t\t\t\t\t<\/div>\n\t\t<\/div>\n\t\t\t\t<div class=\"elementor-column elementor-col-50 elementor-inner-column elementor-element elementor-element-114df7f\" data-id=\"114df7f\" data-element_type=\"column\" data-e-type=\"column\">\n\t\t\t<div class=\"elementor-widget-wrap elementor-element-populated\">\n\t\t\t\t\t\t<div class=\"elementor-element elementor-element-ac0dfe5 elementor-widget elementor-widget-image\" data-id=\"ac0dfe5\" data-element_type=\"widget\" data-e-type=\"widget\" data-widget_type=\"image.default\">\n\t\t\t\t<div class=\"elementor-widget-container\">\n\t\t\t\t\t\t\t\t\t\t\t\t\t\t\t\t<a href=\"https:\/\/www.ritsch.at\/leder\/wp-content\/uploads\/sites\/2\/2021\/04\/Leder-Ritsch-Mittersill-Kaprun-Tracht-Mode13.jpg\" data-elementor-open-lightbox=\"yes\" data-e-action-hash=\"#elementor-action%3Aaction%3Dlightbox%26settings%3DeyJpZCI6IjI5MCIsInVybCI6Imh0dHBzOlwvXC93d3cucml0c2NoLmF0XC9nZXNjaGFlZnRcL3dwLWNvbnRlbnRcL3VwbG9hZHNcL3NpdGVzXC8yXC8yMDIxXC8wNFwvTGVkZXItUml0c2NoLU1pdHRlcnNpbGwtS2FwcnVuLVRyYWNodC1Nb2RlMTMuanBnIn0%3D\">\n\t\t\t\t\t\t\t<img loading=\"lazy\" decoding=\"async\" width=\"1200\" height=\"834\" src=\"https:\/\/www.ritsch.at\/geschaeft\/wp-content\/uploads\/sites\/2\/2021\/04\/Leder-Ritsch-Mittersill-Kaprun-Tracht-Mode13.jpg\" class=\"attachment-full size-full wp-image-290\" alt=\"Leder Ritsch \u00c4nderungsschneiderei\" srcset=\"https:\/\/www.ritsch.at\/geschaeft\/wp-content\/uploads\/sites\/2\/2021\/04\/Leder-Ritsch-Mittersill-Kaprun-Tracht-Mode13.jpg 1200w, https:\/\/www.ritsch.at\/geschaeft\/wp-content\/uploads\/sites\/2\/2021\/04\/Leder-Ritsch-Mittersill-Kaprun-Tracht-Mode13-300x209.jpg 300w, https:\/\/www.ritsch.at\/geschaeft\/wp-content\/uploads\/sites\/2\/2021\/04\/Leder-Ritsch-Mittersill-Kaprun-Tracht-Mode13-1024x712.jpg 1024w, https:\/\/www.ritsch.at\/geschaeft\/wp-content\/uploads\/sites\/2\/2021\/04\/Leder-Ritsch-Mittersill-Kaprun-Tracht-Mode13-768x534.jpg 768w\" sizes=\"(max-width: 1200px) 100vw, 1200px\" \/>\t\t\t\t\t\t\t\t<\/a>\n\t\t\t\t\t\t\t\t\t\t\t\t\t\t\t<\/div>\n\t\t\t\t<\/div>\n\t\t\t\t\t<\/div>\n\t\t<\/div>\n\t\t\t\t\t<\/div>\n\t\t<\/section>\n\t\t\t\t<section class=\"elementor-section elementor-inner-section elementor-element elementor-element-1cd4b74 elementor-section-full_width elementor-reverse-mobile elementor-section-height-default elementor-section-height-default\" data-id=\"1cd4b74\" data-element_type=\"section\" data-e-type=\"section\">\n\t\t\t\t\t\t<div class=\"elementor-container elementor-column-gap-default\">\n\t\t\t\t\t<div class=\"elementor-column elementor-col-50 elementor-inner-column elementor-element elementor-element-b6b7d60\" data-id=\"b6b7d60\" data-element_type=\"column\" data-e-type=\"column\">\n\t\t\t<div class=\"elementor-widget-wrap elementor-element-populated\">\n\t\t\t\t\t\t<div class=\"elementor-element elementor-element-13ae7d7 elementor-widget elementor-widget-image\" data-id=\"13ae7d7\" data-element_type=\"widget\" data-e-type=\"widget\" data-widget_type=\"image.default\">\n\t\t\t\t<div class=\"elementor-widget-container\">\n\t\t\t\t\t\t\t\t\t\t\t\t\t\t\t\t<a href=\"https:\/\/www.ritsch.at\/leder\/wp-content\/uploads\/sites\/2\/2021\/04\/Leder-Ritsch-Mittersill-Kaprun-Tracht-Mode14.jpg\" data-elementor-open-lightbox=\"yes\" data-e-action-hash=\"#elementor-action%3Aaction%3Dlightbox%26settings%3DeyJpZCI6IjI5MSIsInVybCI6Imh0dHBzOlwvXC93d3cucml0c2NoLmF0XC9nZXNjaGFlZnRcL3dwLWNvbnRlbnRcL3VwbG9hZHNcL3NpdGVzXC8yXC8yMDIxXC8wNFwvTGVkZXItUml0c2NoLU1pdHRlcnNpbGwtS2FwcnVuLVRyYWNodC1Nb2RlMTQuanBnIn0%3D\">\n\t\t\t\t\t\t\t<img loading=\"lazy\" decoding=\"async\" width=\"1200\" height=\"1779\" src=\"https:\/\/www.ritsch.at\/geschaeft\/wp-content\/uploads\/sites\/2\/2021\/04\/Leder-Ritsch-Mittersill-Kaprun-Tracht-Mode14.jpg\" class=\"attachment-full size-full wp-image-291\" alt=\"Leder Ritsch Lederreinigung\" srcset=\"https:\/\/www.ritsch.at\/geschaeft\/wp-content\/uploads\/sites\/2\/2021\/04\/Leder-Ritsch-Mittersill-Kaprun-Tracht-Mode14.jpg 1200w, https:\/\/www.ritsch.at\/geschaeft\/wp-content\/uploads\/sites\/2\/2021\/04\/Leder-Ritsch-Mittersill-Kaprun-Tracht-Mode14-202x300.jpg 202w, https:\/\/www.ritsch.at\/geschaeft\/wp-content\/uploads\/sites\/2\/2021\/04\/Leder-Ritsch-Mittersill-Kaprun-Tracht-Mode14-691x1024.jpg 691w, https:\/\/www.ritsch.at\/geschaeft\/wp-content\/uploads\/sites\/2\/2021\/04\/Leder-Ritsch-Mittersill-Kaprun-Tracht-Mode14-768x1139.jpg 768w, https:\/\/www.ritsch.at\/geschaeft\/wp-content\/uploads\/sites\/2\/2021\/04\/Leder-Ritsch-Mittersill-Kaprun-Tracht-Mode14-1036x1536.jpg 1036w\" sizes=\"(max-width: 1200px) 100vw, 1200px\" \/>\t\t\t\t\t\t\t\t<\/a>\n\t\t\t\t\t\t\t\t\t\t\t\t\t\t\t<\/div>\n\t\t\t\t<\/div>\n\t\t\t\t\t<\/div>\n\t\t<\/div>\n\t\t\t\t<div class=\"elementor-column elementor-col-50 elementor-inner-column elementor-element elementor-element-4dc645d\" data-id=\"4dc645d\" data-element_type=\"column\" data-e-type=\"column\">\n\t\t\t<div class=\"elementor-widget-wrap elementor-element-populated\">\n\t\t\t\t\t\t<div class=\"elementor-element elementor-element-e7ceebf elementor-widget elementor-widget-menu-anchor\" data-id=\"e7ceebf\" data-element_type=\"widget\" data-e-type=\"widget\" data-widget_type=\"menu-anchor.default\">\n\t\t\t\t<div class=\"elementor-widget-container\">\n\t\t\t\t\t\t\t<div class=\"elementor-menu-anchor\" id=\"pflege\"><\/div>\n\t\t\t\t\t\t<\/div>\n\t\t\t\t<\/div>\n\t\t\t\t<div class=\"elementor-element elementor-element-e9700b6 elementor-widget elementor-widget-heading\" data-id=\"e9700b6\" data-element_type=\"widget\" data-e-type=\"widget\" data-widget_type=\"heading.default\">\n\t\t\t\t<div class=\"elementor-widget-container\">\n\t\t\t\t\t<h2 class=\"elementor-heading-title elementor-size-default\">Tipps zur Lederpflege<\/h2>\t\t\t\t<\/div>\n\t\t\t\t<\/div>\n\t\t\t\t<div class=\"elementor-element elementor-element-26225f8 elementor-widget elementor-widget-image\" data-id=\"26225f8\" data-element_type=\"widget\" data-e-type=\"widget\" data-widget_type=\"image.default\">\n\t\t\t\t<div class=\"elementor-widget-container\">\n\t\t\t\t\t\t\t\t\t\t\t\t\t\t\t<img decoding=\"async\" width=\"100\" height=\"6\" src=\"https:\/\/www.ritsch.at\/geschaeft\/wp-content\/uploads\/sites\/2\/2021\/04\/Trenner2.png\" class=\"attachment-full size-full wp-image-206\" alt=\"\" \/>\t\t\t\t\t\t\t\t\t\t\t\t\t\t\t<\/div>\n\t\t\t\t<\/div>\n\t\t\t\t<div class=\"elementor-element elementor-element-40d5ad2 elementor-widget elementor-widget-text-editor\" data-id=\"40d5ad2\" data-element_type=\"widget\" data-e-type=\"widget\" data-widget_type=\"text-editor.default\">\n\t\t\t\t<div class=\"elementor-widget-container\">\n\t\t\t\t\t\t\t\t\t<strong style=\"color: #7a3139\">Allgemeine Tipps<\/strong><ul> \t<li>Leder nicht mit scharfen Reinigungsmitteln behandeln<\/li>\n \t<li>Nasses bzw. feuchtes Leder langsam bei Raumtemperatur trocknen lassen, keiner Hitze aussetzen, danach Leder auf Leder verreiben<\/li>\n \t<li>Lederbekleidung nie in Plastikh\u00fclle aufbewahren<\/li>\n \t<li>B\u00fcgeln nur auf der R\u00fcckseite, mit maximal 30-35 Grad, B\u00fcgeltuch verwenden, keinesfalls mit Dampf b\u00fcgeln<\/li>\n \t<li>Leder vor intensiven Lichtquellen sch\u00fctzen<\/li>\n<\/ul>\n<p><strong style=\"color: #7a3139\">Schleifstaub<\/strong><br \/>\nDer bei der Herstellung entstandene, feine Schleifstaub l\u00e4sst sich nicht g\u00e4nzlich entfernen und kann den Anschein erwecken, das Leder w\u00fcrde abf\u00e4rben. Das ist aber nicht der Fall, der Schleifstaub kann ganz einfach mit einer Fusselrolle entfernt werden. Anschlie\u00dfend kann man das Leder vorsichtig mit einem handels\u00fcblichen Haarspray behandeln, um die Oberfl\u00e4che leicht zu versiegeln.<\/p>\n\n<p><strong style=\"color: #7a3139\">Fett, \u00d6l, S\u00e4ure, Sonnencreme<\/strong><br \/>\nBei s\u00e4misch gegerbtem Wildleder verschwinden Fettflecken oft von selbst. Andernfalls Leder auf Leder verreiben. Vorsicht bei Kontakt mit Sekt, Wei\u00dfwein und Zitrone: die darin enthaltene S\u00e4ure verursacht helle Flecken, die nur schwer beseitigt werden k\u00f6nnen. Auch Schwei\u00df enth\u00e4lt S\u00e4ure und kann somit R\u00e4nder verursachen.\nEbenso sollte der Kontakt mit Sonnencreme vermieden werden, da es zu einer Reaktion kommen kann, bei der r\u00f6tliche Farbstoffe freigesetzt werden, die Flecken verursachen k\u00f6nnen.<\/p>\t\t\t\t\t\t\t\t<\/div>\n\t\t\t\t<\/div>\n\t\t\t\t\t<\/div>\n\t\t<\/div>\n\t\t\t\t\t<\/div>\n\t\t<\/section>\n\t\t\t\t\t<\/div>\n\t\t<\/div>\n\t\t\t\t\t<\/div>\n\t\t<\/section>\n\t\t\t\t<\/div>\n\t\t","protected":false},"excerpt":{"rendered":"<p>Tracht f\u00fcr jeden Anlass Ob Hochzeit, Familienfeier oder ein gem\u00fctlicher Sonntagsausflug \u2013 mit einem feschen Dirndl und einer urigen Lederhose ist man immer gut gekleidet. Eine edle Tracht ist ein Ausdruck von Heimatverbundenheit und Tradition und \u00fcberdauert so manch schnelllebigen Trend. Trachtenmode kann vielseitig kombiniert werden \u2013 man tr\u00e4gt einen Janker aus Loden oder Leinen [&hellip;]<\/p>\n","protected":false},"author":1,"featured_media":0,"parent":0,"menu_order":0,"comment_status":"closed","ping_status":"closed","template":"","meta":{"_monsterinsights_skip_tracking":false,"_monsterinsights_sitenote_active":false,"_monsterinsights_sitenote_note":"","_monsterinsights_sitenote_category":0,"site-sidebar-layout":"no-sidebar","site-content-layout":"page-builder","ast-site-content-layout":"default","site-content-style":"default","site-sidebar-style":"default","ast-global-header-display":"","ast-banner-title-visibility":"","ast-main-header-display":"","ast-hfb-above-header-display":"","ast-hfb-below-header-display":"","ast-hfb-mobile-header-display":"","site-post-title":"disabled","ast-breadcrumbs-content":"","ast-featured-img":"disabled","footer-sml-layout":"","ast-disable-related-posts":"","theme-transparent-header-meta":"default","adv-header-id-meta":"","stick-header-meta":"default","header-above-stick-meta":"","header-main-stick-meta":"","header-below-stick-meta":"","astra-migrate-meta-layouts":"default","ast-page-background-enabled":"default","ast-page-background-meta":{"desktop":{"background-color":"","background-image":"","background-repeat":"repeat","background-position":"center center","background-size":"auto","background-attachment":"scroll","background-type":"","background-media":"","overlay-type":"","overlay-color":"","overlay-opacity":"","overlay-gradient":""},"tablet":{"background-color":"","background-image":"","background-repeat":"repeat","background-position":"center center","background-size":"auto","background-attachment":"scroll","background-type":"","background-media":"","overlay-type":"","overlay-color":"","overlay-opacity":"","overlay-gradient":""},"mobile":{"background-color":"","background-image":"","background-repeat":"repeat","background-position":"center center","background-size":"auto","background-attachment":"scroll","background-type":"","background-media":"","overlay-type":"","overlay-color":"","overlay-opacity":"","overlay-gradient":""}},"ast-content-background-meta":{"desktop":{"background-color":"var(--ast-global-color-5)","background-image":"","background-repeat":"repeat","background-position":"center center","background-size":"auto","background-attachment":"scroll","background-type":"","background-media":"","overlay-type":"","overlay-color":"","overlay-opacity":"","overlay-gradient":""},"tablet":{"background-color":"var(--ast-global-color-5)","background-image":"","background-repeat":"repeat","background-position":"center center","background-size":"auto","background-attachment":"scroll","background-type":"","background-media":"","overlay-type":"","overlay-color":"","overlay-opacity":"","overlay-gradient":""},"mobile":{"background-color":"var(--ast-global-color-5)","background-image":"","background-repeat":"repeat","background-position":"center center","background-size":"auto","background-attachment":"scroll","background-type":"","background-media":"","overlay-type":"","overlay-color":"","overlay-opacity":"","overlay-gradient":""}},"footnotes":""},"class_list":["post-235","page","type-page","status-publish","hentry"],"yoast_head":"<!-- This site is optimized with the Yoast SEO plugin v27.3 - https:\/\/yoast.com\/product\/yoast-seo-wordpress\/ -->\n<title>Tracht &amp; Mode - Leder Ritsch Tracht &amp; Mode in Mittersill und Kaprun<\/title>\n<meta name=\"description\" content=\"Tracht f\u00fcr jeden Anlass, ob Hochzeit, Familienfeier oder Sonntagsausflug, mit einem Dirndl &amp; einer Lederhose ist man immer gut gekleidet.\" \/>\n<meta name=\"robots\" content=\"index, follow, max-snippet:-1, max-image-preview:large, max-video-preview:-1\" \/>\n<link rel=\"canonical\" href=\"https:\/\/www.ritsch.at\/geschaeft\/tracht-mode\/\" \/>\n<meta property=\"og:locale\" content=\"de_DE\" \/>\n<meta property=\"og:type\" content=\"article\" \/>\n<meta property=\"og:title\" content=\"Tracht &amp; Mode - Leder Ritsch Tracht &amp; Mode in Mittersill und Kaprun\" \/>\n<meta property=\"og:description\" content=\"Tracht f\u00fcr jeden Anlass, ob Hochzeit, Familienfeier oder Sonntagsausflug, mit einem Dirndl &amp; einer Lederhose ist man immer gut gekleidet.\" \/>\n<meta property=\"og:url\" content=\"https:\/\/www.ritsch.at\/geschaeft\/tracht-mode\/\" \/>\n<meta property=\"og:site_name\" content=\"Leder Ritsch Tracht &amp; Mode in Mittersill und Kaprun\" \/>\n<meta property=\"article:publisher\" content=\"https:\/\/www.facebook.com\/LederRitsch\" \/>\n<meta property=\"article:modified_time\" content=\"2025-07-10T15:26:11+00:00\" \/>\n<meta property=\"og:image\" content=\"https:\/\/www.ritsch.at\/geschaeft\/wp-content\/uploads\/sites\/2\/2021\/05\/Galerie-1.jpg\" \/>\n\t<meta property=\"og:image:width\" content=\"1200\" \/>\n\t<meta property=\"og:image:height\" content=\"912\" \/>\n\t<meta property=\"og:image:type\" content=\"image\/jpeg\" \/>\n<meta name=\"twitter:card\" content=\"summary_large_image\" \/>\n<meta name=\"twitter:title\" content=\"Tracht &amp; Mode - Leder Ritsch Tracht &amp; Mode in Mittersill und Kaprun\" \/>\n<meta name=\"twitter:description\" content=\"Tracht f\u00fcr jeden Anlass, ob Hochzeit, Familienfeier oder Sonntagsausflug, mit einem Dirndl &amp; einer Lederhose ist man immer gut gekleidet.\" \/>\n<meta name=\"twitter:image\" content=\"https:\/\/www.ritsch.at\/geschaeft\/wp-content\/uploads\/sites\/2\/2021\/05\/Galerie-1.jpg\" \/>\n<meta name=\"twitter:label1\" content=\"Gesch\u00e4tzte Lesezeit\" \/>\n\t<meta name=\"twitter:data1\" content=\"6\u00a0Minuten\" \/>\n<script type=\"application\/ld+json\" class=\"yoast-schema-graph\">{\"@context\":\"https:\\\/\\\/schema.org\",\"@graph\":[{\"@type\":\"WebPage\",\"@id\":\"https:\\\/\\\/www.ritsch.at\\\/geschaeft\\\/tracht-mode\\\/\",\"url\":\"https:\\\/\\\/www.ritsch.at\\\/geschaeft\\\/tracht-mode\\\/\",\"name\":\"Tracht &amp; Mode - Leder Ritsch Tracht &amp; Mode in Mittersill und Kaprun\",\"isPartOf\":{\"@id\":\"https:\\\/\\\/www.ritsch.at\\\/geschaeft\\\/#website\"},\"primaryImageOfPage\":{\"@id\":\"https:\\\/\\\/www.ritsch.at\\\/geschaeft\\\/tracht-mode\\\/#primaryimage\"},\"image\":{\"@id\":\"https:\\\/\\\/www.ritsch.at\\\/geschaeft\\\/tracht-mode\\\/#primaryimage\"},\"thumbnailUrl\":\"https:\\\/\\\/www.ritsch.at\\\/geschaeft\\\/wp-content\\\/uploads\\\/sites\\\/2\\\/2021\\\/04\\\/Leder-Ritsch-Mittersill-Kaprun-Tracht-Mode2.jpg\",\"datePublished\":\"2021-04-27T09:50:35+00:00\",\"dateModified\":\"2025-07-10T15:26:11+00:00\",\"description\":\"Tracht f\u00fcr jeden Anlass, ob Hochzeit, Familienfeier oder Sonntagsausflug, mit einem Dirndl & einer Lederhose ist man immer gut gekleidet.\",\"breadcrumb\":{\"@id\":\"https:\\\/\\\/www.ritsch.at\\\/geschaeft\\\/tracht-mode\\\/#breadcrumb\"},\"inLanguage\":\"de\",\"potentialAction\":[{\"@type\":\"ReadAction\",\"target\":[\"https:\\\/\\\/www.ritsch.at\\\/geschaeft\\\/tracht-mode\\\/\"]}]},{\"@type\":\"ImageObject\",\"inLanguage\":\"de\",\"@id\":\"https:\\\/\\\/www.ritsch.at\\\/geschaeft\\\/tracht-mode\\\/#primaryimage\",\"url\":\"https:\\\/\\\/www.ritsch.at\\\/geschaeft\\\/wp-content\\\/uploads\\\/sites\\\/2\\\/2021\\\/04\\\/Leder-Ritsch-Mittersill-Kaprun-Tracht-Mode2.jpg\",\"contentUrl\":\"https:\\\/\\\/www.ritsch.at\\\/geschaeft\\\/wp-content\\\/uploads\\\/sites\\\/2\\\/2021\\\/04\\\/Leder-Ritsch-Mittersill-Kaprun-Tracht-Mode2.jpg\",\"width\":1200,\"height\":1497,\"caption\":\"Leder Ritsch\"},{\"@type\":\"BreadcrumbList\",\"@id\":\"https:\\\/\\\/www.ritsch.at\\\/geschaeft\\\/tracht-mode\\\/#breadcrumb\",\"itemListElement\":[{\"@type\":\"ListItem\",\"position\":1,\"name\":\"Startseite\",\"item\":\"https:\\\/\\\/www.ritsch.at\\\/geschaeft\\\/\"},{\"@type\":\"ListItem\",\"position\":2,\"name\":\"Tracht &amp; Mode\"}]},{\"@type\":\"WebSite\",\"@id\":\"https:\\\/\\\/www.ritsch.at\\\/geschaeft\\\/#website\",\"url\":\"https:\\\/\\\/www.ritsch.at\\\/geschaeft\\\/\",\"name\":\"Leder Ritsch in Mittersill & Kaprun\",\"description\":\"\",\"publisher\":{\"@id\":\"https:\\\/\\\/www.ritsch.at\\\/geschaeft\\\/#organization\"},\"potentialAction\":[{\"@type\":\"SearchAction\",\"target\":{\"@type\":\"EntryPoint\",\"urlTemplate\":\"https:\\\/\\\/www.ritsch.at\\\/geschaeft\\\/?s={search_term_string}\"},\"query-input\":{\"@type\":\"PropertyValueSpecification\",\"valueRequired\":true,\"valueName\":\"search_term_string\"}}],\"inLanguage\":\"de\"},{\"@type\":\"Organization\",\"@id\":\"https:\\\/\\\/www.ritsch.at\\\/geschaeft\\\/#organization\",\"name\":\"Leder Ritsch\",\"url\":\"https:\\\/\\\/www.ritsch.at\\\/geschaeft\\\/\",\"logo\":{\"@type\":\"ImageObject\",\"inLanguage\":\"de\",\"@id\":\"https:\\\/\\\/www.ritsch.at\\\/geschaeft\\\/#\\\/schema\\\/logo\\\/image\\\/\",\"url\":\"https:\\\/\\\/www.ritsch.at\\\/leder\\\/wp-content\\\/uploads\\\/sites\\\/2\\\/2021\\\/01\\\/Logo-Geschaeft.png\",\"contentUrl\":\"https:\\\/\\\/www.ritsch.at\\\/leder\\\/wp-content\\\/uploads\\\/sites\\\/2\\\/2021\\\/01\\\/Logo-Geschaeft.png\",\"width\":353,\"height\":83,\"caption\":\"Leder Ritsch\"},\"image\":{\"@id\":\"https:\\\/\\\/www.ritsch.at\\\/geschaeft\\\/#\\\/schema\\\/logo\\\/image\\\/\"},\"sameAs\":[\"https:\\\/\\\/www.facebook.com\\\/LederRitsch\",\"https:\\\/\\\/www.instagram.com\\\/leder.ritsch\\\/\"]}]}<\/script>\n<!-- \/ Yoast SEO plugin. -->","yoast_head_json":{"title":"Tracht &amp; Mode - Leder Ritsch Tracht &amp; Mode in Mittersill und Kaprun","description":"Tracht f\u00fcr jeden Anlass, ob Hochzeit, Familienfeier oder Sonntagsausflug, mit einem Dirndl & einer Lederhose ist man immer gut gekleidet.","robots":{"index":"index","follow":"follow","max-snippet":"max-snippet:-1","max-image-preview":"max-image-preview:large","max-video-preview":"max-video-preview:-1"},"canonical":"https:\/\/www.ritsch.at\/geschaeft\/tracht-mode\/","og_locale":"de_DE","og_type":"article","og_title":"Tracht & Mode - Leder Ritsch Tracht & Mode in Mittersill und Kaprun","og_description":"Tracht f\u00fcr jeden Anlass, ob Hochzeit, Familienfeier oder Sonntagsausflug, mit einem Dirndl & einer Lederhose ist man immer gut gekleidet.","og_url":"https:\/\/www.ritsch.at\/geschaeft\/tracht-mode\/","og_site_name":"Leder Ritsch Tracht &amp; Mode in Mittersill und Kaprun","article_publisher":"https:\/\/www.facebook.com\/LederRitsch","article_modified_time":"2025-07-10T15:26:11+00:00","og_image":[{"width":1200,"height":912,"url":"https:\/\/www.ritsch.at\/geschaeft\/wp-content\/uploads\/sites\/2\/2021\/05\/Galerie-1.jpg","type":"image\/jpeg"}],"twitter_card":"summary_large_image","twitter_title":"Tracht & Mode - Leder Ritsch Tracht & Mode in Mittersill und Kaprun","twitter_description":"Tracht f\u00fcr jeden Anlass, ob Hochzeit, Familienfeier oder Sonntagsausflug, mit einem Dirndl & einer Lederhose ist man immer gut gekleidet.","twitter_image":"https:\/\/www.ritsch.at\/geschaeft\/wp-content\/uploads\/sites\/2\/2021\/05\/Galerie-1.jpg","twitter_misc":{"Gesch\u00e4tzte Lesezeit":"6\u00a0Minuten"},"schema":{"@context":"https:\/\/schema.org","@graph":[{"@type":"WebPage","@id":"https:\/\/www.ritsch.at\/geschaeft\/tracht-mode\/","url":"https:\/\/www.ritsch.at\/geschaeft\/tracht-mode\/","name":"Tracht &amp; Mode - Leder Ritsch Tracht &amp; Mode in Mittersill und Kaprun","isPartOf":{"@id":"https:\/\/www.ritsch.at\/geschaeft\/#website"},"primaryImageOfPage":{"@id":"https:\/\/www.ritsch.at\/geschaeft\/tracht-mode\/#primaryimage"},"image":{"@id":"https:\/\/www.ritsch.at\/geschaeft\/tracht-mode\/#primaryimage"},"thumbnailUrl":"https:\/\/www.ritsch.at\/geschaeft\/wp-content\/uploads\/sites\/2\/2021\/04\/Leder-Ritsch-Mittersill-Kaprun-Tracht-Mode2.jpg","datePublished":"2021-04-27T09:50:35+00:00","dateModified":"2025-07-10T15:26:11+00:00","description":"Tracht f\u00fcr jeden Anlass, ob Hochzeit, Familienfeier oder Sonntagsausflug, mit einem Dirndl & einer Lederhose ist man immer gut gekleidet.","breadcrumb":{"@id":"https:\/\/www.ritsch.at\/geschaeft\/tracht-mode\/#breadcrumb"},"inLanguage":"de","potentialAction":[{"@type":"ReadAction","target":["https:\/\/www.ritsch.at\/geschaeft\/tracht-mode\/"]}]},{"@type":"ImageObject","inLanguage":"de","@id":"https:\/\/www.ritsch.at\/geschaeft\/tracht-mode\/#primaryimage","url":"https:\/\/www.ritsch.at\/geschaeft\/wp-content\/uploads\/sites\/2\/2021\/04\/Leder-Ritsch-Mittersill-Kaprun-Tracht-Mode2.jpg","contentUrl":"https:\/\/www.ritsch.at\/geschaeft\/wp-content\/uploads\/sites\/2\/2021\/04\/Leder-Ritsch-Mittersill-Kaprun-Tracht-Mode2.jpg","width":1200,"height":1497,"caption":"Leder Ritsch"},{"@type":"BreadcrumbList","@id":"https:\/\/www.ritsch.at\/geschaeft\/tracht-mode\/#breadcrumb","itemListElement":[{"@type":"ListItem","position":1,"name":"Startseite","item":"https:\/\/www.ritsch.at\/geschaeft\/"},{"@type":"ListItem","position":2,"name":"Tracht &amp; Mode"}]},{"@type":"WebSite","@id":"https:\/\/www.ritsch.at\/geschaeft\/#website","url":"https:\/\/www.ritsch.at\/geschaeft\/","name":"Leder Ritsch in Mittersill & Kaprun","description":"","publisher":{"@id":"https:\/\/www.ritsch.at\/geschaeft\/#organization"},"potentialAction":[{"@type":"SearchAction","target":{"@type":"EntryPoint","urlTemplate":"https:\/\/www.ritsch.at\/geschaeft\/?s={search_term_string}"},"query-input":{"@type":"PropertyValueSpecification","valueRequired":true,"valueName":"search_term_string"}}],"inLanguage":"de"},{"@type":"Organization","@id":"https:\/\/www.ritsch.at\/geschaeft\/#organization","name":"Leder Ritsch","url":"https:\/\/www.ritsch.at\/geschaeft\/","logo":{"@type":"ImageObject","inLanguage":"de","@id":"https:\/\/www.ritsch.at\/geschaeft\/#\/schema\/logo\/image\/","url":"https:\/\/www.ritsch.at\/leder\/wp-content\/uploads\/sites\/2\/2021\/01\/Logo-Geschaeft.png","contentUrl":"https:\/\/www.ritsch.at\/leder\/wp-content\/uploads\/sites\/2\/2021\/01\/Logo-Geschaeft.png","width":353,"height":83,"caption":"Leder Ritsch"},"image":{"@id":"https:\/\/www.ritsch.at\/geschaeft\/#\/schema\/logo\/image\/"},"sameAs":["https:\/\/www.facebook.com\/LederRitsch","https:\/\/www.instagram.com\/leder.ritsch\/"]}]}},"_links":{"self":[{"href":"https:\/\/www.ritsch.at\/geschaeft\/wp-json\/wp\/v2\/pages\/235","targetHints":{"allow":["GET"]}}],"collection":[{"href":"https:\/\/www.ritsch.at\/geschaeft\/wp-json\/wp\/v2\/pages"}],"about":[{"href":"https:\/\/www.ritsch.at\/geschaeft\/wp-json\/wp\/v2\/types\/page"}],"author":[{"embeddable":true,"href":"https:\/\/www.ritsch.at\/geschaeft\/wp-json\/wp\/v2\/users\/1"}],"replies":[{"embeddable":true,"href":"https:\/\/www.ritsch.at\/geschaeft\/wp-json\/wp\/v2\/comments?post=235"}],"version-history":[{"count":192,"href":"https:\/\/www.ritsch.at\/geschaeft\/wp-json\/wp\/v2\/pages\/235\/revisions"}],"predecessor-version":[{"id":1100,"href":"https:\/\/www.ritsch.at\/geschaeft\/wp-json\/wp\/v2\/pages\/235\/revisions\/1100"}],"wp:attachment":[{"href":"https:\/\/www.ritsch.at\/geschaeft\/wp-json\/wp\/v2\/media?parent=235"}],"curies":[{"name":"wp","href":"https:\/\/api.w.org\/{rel}","templated":true}]}}