{"id":331,"date":"2021-04-27T15:33:15","date_gmt":"2021-04-27T13:33:15","guid":{"rendered":"https:\/\/leder.www.ritsch.at\/?page_id=331"},"modified":"2021-06-07T10:02:36","modified_gmt":"2021-06-07T08:02:36","slug":"fellstube","status":"publish","type":"page","link":"https:\/\/www.ritsch.at\/geschaeft\/fellstube\/","title":{"rendered":"Fellstube"},"content":{"rendered":"\t\t<div data-elementor-type=\"wp-page\" data-elementor-id=\"331\" class=\"elementor elementor-331\" data-elementor-post-type=\"page\">\n\t\t\t\t\t\t<section class=\"elementor-section elementor-top-section elementor-element elementor-element-c03a94a elementor-section-boxed elementor-section-height-default elementor-section-height-default\" data-id=\"c03a94a\" data-element_type=\"section\" data-e-type=\"section\">\n\t\t\t\t\t\t<div class=\"elementor-container elementor-column-gap-default\">\n\t\t\t\t\t<div class=\"elementor-column elementor-col-100 elementor-top-column elementor-element elementor-element-8d99a46\" data-id=\"8d99a46\" data-element_type=\"column\" data-e-type=\"column\">\n\t\t\t<div class=\"elementor-widget-wrap elementor-element-populated\">\n\t\t\t\t\t\t<section class=\"elementor-section elementor-inner-section elementor-element elementor-element-e4f55ae elementor-section-full_width elementor-section-height-default elementor-section-height-default\" data-id=\"e4f55ae\" data-element_type=\"section\" data-e-type=\"section\">\n\t\t\t\t\t\t<div class=\"elementor-container elementor-column-gap-default\">\n\t\t\t\t\t<div class=\"elementor-column elementor-col-50 elementor-inner-column elementor-element elementor-element-4edaf0d\" data-id=\"4edaf0d\" data-element_type=\"column\" data-e-type=\"column\">\n\t\t\t<div class=\"elementor-widget-wrap elementor-element-populated\">\n\t\t\t\t\t\t<div class=\"elementor-element elementor-element-03ea12f elementor-widget elementor-widget-heading\" data-id=\"03ea12f\" data-element_type=\"widget\" data-e-type=\"widget\" data-widget_type=\"heading.default\">\n\t\t\t\t<div class=\"elementor-widget-container\">\n\t\t\t\t\t<h2 class=\"elementor-heading-title elementor-size-default\">Pure Gem\u00fctlichkeit geFELLig?<\/h2>\t\t\t\t<\/div>\n\t\t\t\t<\/div>\n\t\t\t\t<div class=\"elementor-element elementor-element-961a212 elementor-widget elementor-widget-image\" data-id=\"961a212\" data-element_type=\"widget\" data-e-type=\"widget\" data-widget_type=\"image.default\">\n\t\t\t\t<div class=\"elementor-widget-container\">\n\t\t\t\t\t\t\t\t\t\t\t\t\t\t\t<img decoding=\"async\" width=\"100\" height=\"6\" src=\"https:\/\/www.ritsch.at\/geschaeft\/wp-content\/uploads\/sites\/2\/2021\/04\/Trenner2.png\" class=\"attachment-full size-full wp-image-206\" alt=\"\" \/>\t\t\t\t\t\t\t\t\t\t\t\t\t\t\t<\/div>\n\t\t\t\t<\/div>\n\t\t\t\t<div class=\"elementor-element elementor-element-b18ce24 elementor-widget elementor-widget-text-editor\" data-id=\"b18ce24\" data-element_type=\"widget\" data-e-type=\"widget\" data-widget_type=\"text-editor.default\">\n\t\t\t\t<div class=\"elementor-widget-container\">\n\t\t\t\t\t\t\t\t\t<p>Es gibt nichts Gem\u00fctlicheres als ein Schaffell \u2013 ob als Sitzauflage auf B\u00e4nken und St\u00fchlen oder zur Dekoration. Felle wirken immer einladend und verleihen jedem Raum eine besondere Atmosph\u00e4re.<\/p><p>In unseren Gesch\u00e4ften finden Sie eine gro\u00dfe Auswahl an Schaffellen in verschiedenen Naturfarben und Gr\u00f6\u00dfen, zusammengen\u00e4hte Doppelfelle und Decken, Fellhocker, Polster sowie Sitzauflagen aus Lammfell. Auch bunt gef\u00e4rbte Schaffelle sind in unserem Sortiment.<\/p><p>Rinderfelle als Teppiche versch\u00f6nern Ihre Wohnung und sind immer ein Blickfang. Wir bieten eine sch\u00f6ne Auswahl an verschiedenen Farben, dazu passend gibt es Hocker und Polster aus Rinderfell.<\/p><p>Auch Perchten und Krampusse kommen bei uns auf ihre Kosten. In unserem Perchtenkeller in Mittersill finden Sie alles f\u00fcr den Perchten- und Krampuslauf: Anz\u00fcge und M\u00e4ntel aus langhaarigen Ziegen- und Schaffellen, Schellen und Glocken, H\u00f6rner, Pferdeschweife und alles, was dazugeh\u00f6rt \u2013 nat\u00fcrlich auch f\u00fcr Kinder.<\/p><p>F\u00fcr n\u00e4here Informationen zu unseren Fellen besuchen Sie die<a href=\"https:\/\/www.ritsch.at\/gerberei\" target=\"_blank\" rel=\"noopener\"><strong> <u>Website der Gerberei<\/u><\/strong><\/a> oder direkt unseren <a href=\"https:\/\/www.fellshop-ritsch.at\/\" target=\"_blank\" rel=\"noopener\"><strong><u>Fellshop<\/u><\/strong><\/a>.<\/p>\t\t\t\t\t\t\t\t<\/div>\n\t\t\t\t<\/div>\n\t\t\t\t\t<\/div>\n\t\t<\/div>\n\t\t\t\t<div class=\"elementor-column elementor-col-50 elementor-inner-column elementor-element elementor-element-3963b92\" data-id=\"3963b92\" data-element_type=\"column\" data-e-type=\"column\">\n\t\t\t<div class=\"elementor-widget-wrap elementor-element-populated\">\n\t\t\t\t\t\t<div class=\"elementor-element elementor-element-fffdeee elementor-widget elementor-widget-image\" data-id=\"fffdeee\" data-element_type=\"widget\" data-e-type=\"widget\" data-widget_type=\"image.default\">\n\t\t\t\t<div class=\"elementor-widget-container\">\n\t\t\t\t\t\t\t\t\t\t\t\t\t\t\t\t<a href=\"https:\/\/www.ritsch.at\/leder\/wp-content\/uploads\/sites\/2\/2021\/04\/Leder-Ritsch-Mittersill-Kaprun-Fellstube4.jpg\" data-elementor-open-lightbox=\"yes\" data-elementor-lightbox-title=\"Fellstube in Mittersill (Untergeschoss)\" data-e-action-hash=\"#elementor-action%3Aaction%3Dlightbox%26settings%3DeyJpZCI6IjMzNCIsInVybCI6Imh0dHBzOlwvXC93d3cucml0c2NoLmF0XC9nZXNjaGFlZnRcL3dwLWNvbnRlbnRcL3VwbG9hZHNcL3NpdGVzXC8yXC8yMDIxXC8wNFwvTGVkZXItUml0c2NoLU1pdHRlcnNpbGwtS2FwcnVuLUZlbGxzdHViZTQuanBnIn0%3D\">\n\t\t\t\t\t\t\t<img fetchpriority=\"high\" decoding=\"async\" width=\"1200\" height=\"800\" src=\"https:\/\/www.ritsch.at\/geschaeft\/wp-content\/uploads\/sites\/2\/2021\/04\/Leder-Ritsch-Mittersill-Kaprun-Fellstube4.jpg\" class=\"attachment-full size-full wp-image-334\" alt=\"Leder Ritsch Felle\" srcset=\"https:\/\/www.ritsch.at\/geschaeft\/wp-content\/uploads\/sites\/2\/2021\/04\/Leder-Ritsch-Mittersill-Kaprun-Fellstube4.jpg 1200w, https:\/\/www.ritsch.at\/geschaeft\/wp-content\/uploads\/sites\/2\/2021\/04\/Leder-Ritsch-Mittersill-Kaprun-Fellstube4-300x200.jpg 300w, https:\/\/www.ritsch.at\/geschaeft\/wp-content\/uploads\/sites\/2\/2021\/04\/Leder-Ritsch-Mittersill-Kaprun-Fellstube4-1024x683.jpg 1024w, https:\/\/www.ritsch.at\/geschaeft\/wp-content\/uploads\/sites\/2\/2021\/04\/Leder-Ritsch-Mittersill-Kaprun-Fellstube4-768x512.jpg 768w\" sizes=\"(max-width: 1200px) 100vw, 1200px\" \/>\t\t\t\t\t\t\t\t<\/a>\n\t\t\t\t\t\t\t\t\t\t\t\t\t\t\t<\/div>\n\t\t\t\t<\/div>\n\t\t\t\t<div class=\"elementor-element elementor-element-6b629ef elementor-widget elementor-widget-gallery\" data-id=\"6b629ef\" data-element_type=\"widget\" data-e-type=\"widget\" data-settings=\"{&quot;columns&quot;:&quot;2&quot;,&quot;aspect_ratio&quot;:&quot;4:3&quot;,&quot;gap&quot;:{&quot;unit&quot;:&quot;px&quot;,&quot;size&quot;:&quot;30&quot;,&quot;sizes&quot;:[]},&quot;lazyload&quot;:&quot;yes&quot;,&quot;gallery_layout&quot;:&quot;grid&quot;,&quot;columns_tablet&quot;:2,&quot;columns_mobile&quot;:1,&quot;gap_tablet&quot;:{&quot;unit&quot;:&quot;px&quot;,&quot;size&quot;:10,&quot;sizes&quot;:[]},&quot;gap_mobile&quot;:{&quot;unit&quot;:&quot;px&quot;,&quot;size&quot;:10,&quot;sizes&quot;:[]},&quot;link_to&quot;:&quot;file&quot;,&quot;overlay_background&quot;:&quot;yes&quot;,&quot;content_hover_animation&quot;:&quot;fade-in&quot;}\" data-widget_type=\"gallery.default\">\n\t\t\t\t<div class=\"elementor-widget-container\">\n\t\t\t\t\t\t\t<div class=\"elementor-gallery__container\">\n\t\t\t\t\t\t\t<a class=\"e-gallery-item elementor-gallery-item elementor-animated-content\" href=\"https:\/\/www.ritsch.at\/geschaeft\/wp-content\/uploads\/sites\/2\/2021\/04\/Leder-Ritsch-Mittersill-Kaprun-Fellstube7.jpg\" data-elementor-open-lightbox=\"yes\" data-elementor-lightbox-slideshow=\"6b629ef\" data-e-action-hash=\"#elementor-action%3Aaction%3Dlightbox%26settings%3DeyJpZCI6MzQ2LCJ1cmwiOiJodHRwczpcL1wvd3d3LnJpdHNjaC5hdFwvZ2VzY2hhZWZ0XC93cC1jb250ZW50XC91cGxvYWRzXC9zaXRlc1wvMlwvMjAyMVwvMDRcL0xlZGVyLVJpdHNjaC1NaXR0ZXJzaWxsLUthcHJ1bi1GZWxsc3R1YmU3LmpwZyIsInNsaWRlc2hvdyI6IjZiNjI5ZWYifQ%3D%3D\">\n\t\t\t\t\t<div class=\"e-gallery-image elementor-gallery-item__image\" data-thumbnail=\"https:\/\/www.ritsch.at\/geschaeft\/wp-content\/uploads\/sites\/2\/2021\/04\/Leder-Ritsch-Mittersill-Kaprun-Fellstube7.jpg\" data-width=\"1200\" data-height=\"800\" aria-label=\"Leder Ritsch Felle\" role=\"img\" ><\/div>\n\t\t\t\t\t\t\t\t\t\t\t<div class=\"elementor-gallery-item__overlay\"><\/div>\n\t\t\t\t\t\t\t\t\t\t\t\t\t\t<\/a>\n\t\t\t\t\t\t\t<a class=\"e-gallery-item elementor-gallery-item elementor-animated-content\" href=\"https:\/\/www.ritsch.at\/geschaeft\/wp-content\/uploads\/sites\/2\/2021\/04\/Leder-Ritsch-Mittersill-Kaprun-Fellstube5.jpg\" data-elementor-open-lightbox=\"yes\" data-elementor-lightbox-slideshow=\"6b629ef\" data-e-action-hash=\"#elementor-action%3Aaction%3Dlightbox%26settings%3DeyJpZCI6MzUwLCJ1cmwiOiJodHRwczpcL1wvd3d3LnJpdHNjaC5hdFwvZ2VzY2hhZWZ0XC93cC1jb250ZW50XC91cGxvYWRzXC9zaXRlc1wvMlwvMjAyMVwvMDRcL0xlZGVyLVJpdHNjaC1NaXR0ZXJzaWxsLUthcHJ1bi1GZWxsc3R1YmU1LmpwZyIsInNsaWRlc2hvdyI6IjZiNjI5ZWYifQ%3D%3D\">\n\t\t\t\t\t<div class=\"e-gallery-image elementor-gallery-item__image\" data-thumbnail=\"https:\/\/www.ritsch.at\/geschaeft\/wp-content\/uploads\/sites\/2\/2021\/04\/Leder-Ritsch-Mittersill-Kaprun-Fellstube5.jpg\" data-width=\"1200\" data-height=\"800\" aria-label=\"Leder Ritsch Felle\" role=\"img\" ><\/div>\n\t\t\t\t\t\t\t\t\t\t\t<div class=\"elementor-gallery-item__overlay\"><\/div>\n\t\t\t\t\t\t\t\t\t\t\t\t\t\t<\/a>\n\t\t\t\t\t\t\t<a class=\"e-gallery-item elementor-gallery-item elementor-animated-content\" href=\"https:\/\/www.ritsch.at\/geschaeft\/wp-content\/uploads\/sites\/2\/2021\/04\/Leder-Ritsch-Mittersill-Kaprun-Fellstube8.jpg\" data-elementor-open-lightbox=\"yes\" data-elementor-lightbox-slideshow=\"6b629ef\" data-e-action-hash=\"#elementor-action%3Aaction%3Dlightbox%26settings%3DeyJpZCI6MzQ3LCJ1cmwiOiJodHRwczpcL1wvd3d3LnJpdHNjaC5hdFwvZ2VzY2hhZWZ0XC93cC1jb250ZW50XC91cGxvYWRzXC9zaXRlc1wvMlwvMjAyMVwvMDRcL0xlZGVyLVJpdHNjaC1NaXR0ZXJzaWxsLUthcHJ1bi1GZWxsc3R1YmU4LmpwZyIsInNsaWRlc2hvdyI6IjZiNjI5ZWYifQ%3D%3D\">\n\t\t\t\t\t<div class=\"e-gallery-image elementor-gallery-item__image\" data-thumbnail=\"https:\/\/www.ritsch.at\/geschaeft\/wp-content\/uploads\/sites\/2\/2021\/04\/Leder-Ritsch-Mittersill-Kaprun-Fellstube8.jpg\" data-width=\"1200\" data-height=\"1200\" aria-label=\"Leder Ritsch Felle\" role=\"img\" ><\/div>\n\t\t\t\t\t\t\t\t\t\t\t<div class=\"elementor-gallery-item__overlay\"><\/div>\n\t\t\t\t\t\t\t\t\t\t\t\t\t\t<\/a>\n\t\t\t\t\t\t\t<a class=\"e-gallery-item elementor-gallery-item elementor-animated-content\" href=\"https:\/\/www.ritsch.at\/geschaeft\/wp-content\/uploads\/sites\/2\/2021\/04\/Leder-Ritsch-Mittersill-Kaprun-Fellstube9.jpg\" data-elementor-open-lightbox=\"yes\" data-elementor-lightbox-slideshow=\"6b629ef\" data-e-action-hash=\"#elementor-action%3Aaction%3Dlightbox%26settings%3DeyJpZCI6MzQ4LCJ1cmwiOiJodHRwczpcL1wvd3d3LnJpdHNjaC5hdFwvZ2VzY2hhZWZ0XC93cC1jb250ZW50XC91cGxvYWRzXC9zaXRlc1wvMlwvMjAyMVwvMDRcL0xlZGVyLVJpdHNjaC1NaXR0ZXJzaWxsLUthcHJ1bi1GZWxsc3R1YmU5LmpwZyIsInNsaWRlc2hvdyI6IjZiNjI5ZWYifQ%3D%3D\">\n\t\t\t\t\t<div class=\"e-gallery-image elementor-gallery-item__image\" data-thumbnail=\"https:\/\/www.ritsch.at\/geschaeft\/wp-content\/uploads\/sites\/2\/2021\/04\/Leder-Ritsch-Mittersill-Kaprun-Fellstube9.jpg\" data-width=\"1200\" data-height=\"800\" aria-label=\"Leder Ritsch Krampus Perchten\" role=\"img\" ><\/div>\n\t\t\t\t\t\t\t\t\t\t\t<div class=\"elementor-gallery-item__overlay\"><\/div>\n\t\t\t\t\t\t\t\t\t\t\t\t\t\t<\/a>\n\t\t\t\t\t<\/div>\n\t\t\t\t\t<\/div>\n\t\t\t\t<\/div>\n\t\t\t\t\t<\/div>\n\t\t<\/div>\n\t\t\t\t\t<\/div>\n\t\t<\/section>\n\t\t\t\t\t<\/div>\n\t\t<\/div>\n\t\t\t\t\t<\/div>\n\t\t<\/section>\n\t\t\t\t<section class=\"elementor-section elementor-top-section elementor-element elementor-element-857e3d7 elementor-section-boxed elementor-section-height-default elementor-section-height-default\" data-id=\"857e3d7\" data-element_type=\"section\" data-e-type=\"section\">\n\t\t\t\t\t\t<div class=\"elementor-container elementor-column-gap-default\">\n\t\t\t\t\t<div class=\"elementor-column elementor-col-100 elementor-top-column elementor-element elementor-element-f99779e\" data-id=\"f99779e\" data-element_type=\"column\" data-e-type=\"column\">\n\t\t\t<div class=\"elementor-widget-wrap elementor-element-populated\">\n\t\t\t\t\t\t<div class=\"elementor-element elementor-element-76b596b elementor-widget elementor-widget-heading\" data-id=\"76b596b\" data-element_type=\"widget\" data-e-type=\"widget\" data-widget_type=\"heading.default\">\n\t\t\t\t<div class=\"elementor-widget-container\">\n\t\t\t\t\t<h2 class=\"elementor-heading-title elementor-size-default\">Mit Lammfell gegen die K\u00e4lte<\/h2>\t\t\t\t<\/div>\n\t\t\t\t<\/div>\n\t\t\t\t<div class=\"elementor-element elementor-element-9a18be3 elementor-widget elementor-widget-image\" data-id=\"9a18be3\" data-element_type=\"widget\" data-e-type=\"widget\" data-widget_type=\"image.default\">\n\t\t\t\t<div class=\"elementor-widget-container\">\n\t\t\t\t\t\t\t\t\t\t\t\t\t\t\t<img decoding=\"async\" width=\"100\" height=\"6\" src=\"https:\/\/www.ritsch.at\/geschaeft\/wp-content\/uploads\/sites\/2\/2021\/04\/Trenner2.png\" class=\"attachment-full size-full wp-image-206\" alt=\"\" \/>\t\t\t\t\t\t\t\t\t\t\t\t\t\t\t<\/div>\n\t\t\t\t<\/div>\n\t\t\t\t<div class=\"elementor-element elementor-element-56bf88a elementor-widget elementor-widget-text-editor\" data-id=\"56bf88a\" data-element_type=\"widget\" data-e-type=\"widget\" data-widget_type=\"text-editor.default\">\n\t\t\t\t<div class=\"elementor-widget-container\">\n\t\t\t\t\t\t\t\t\t<p>F\u00fcr die kalte Jahreszeit gibt es kaum ein Material, das w\u00e4rmender ist als Lammfell. Kein k\u00fcnstliches Gewebe ist mit der nat\u00fcrlichen Klimaregulation von Schafwolle vergleichbar. Ob Handschuhe und F\u00e4ustlinge, Hausschuhe oder Schuheinlagen \u2013 mit unseren Lammfellartikeln bekommen Sie keine kalten H\u00e4nde und F\u00fc\u00dfe mehr!\u00a0<\/p>\t\t\t\t\t\t\t\t<\/div>\n\t\t\t\t<\/div>\n\t\t\t\t<div class=\"elementor-element elementor-element-3fd936c elementor-widget elementor-widget-gallery\" data-id=\"3fd936c\" data-element_type=\"widget\" data-e-type=\"widget\" data-settings=\"{&quot;columns&quot;:&quot;3&quot;,&quot;gap&quot;:{&quot;unit&quot;:&quot;px&quot;,&quot;size&quot;:&quot;30&quot;,&quot;sizes&quot;:[]},&quot;columns_tablet&quot;:&quot;3&quot;,&quot;gallery_layout&quot;:&quot;masonry&quot;,&quot;lazyload&quot;:&quot;yes&quot;,&quot;columns_mobile&quot;:1,&quot;gap_tablet&quot;:{&quot;unit&quot;:&quot;px&quot;,&quot;size&quot;:10,&quot;sizes&quot;:[]},&quot;gap_mobile&quot;:{&quot;unit&quot;:&quot;px&quot;,&quot;size&quot;:10,&quot;sizes&quot;:[]},&quot;link_to&quot;:&quot;file&quot;,&quot;overlay_background&quot;:&quot;yes&quot;,&quot;content_hover_animation&quot;:&quot;fade-in&quot;}\" data-widget_type=\"gallery.default\">\n\t\t\t\t<div class=\"elementor-widget-container\">\n\t\t\t\t\t\t\t<div class=\"elementor-gallery__container\">\n\t\t\t\t\t\t\t<a class=\"e-gallery-item elementor-gallery-item elementor-animated-content\" href=\"https:\/\/www.ritsch.at\/geschaeft\/wp-content\/uploads\/sites\/2\/2021\/05\/1.jpg\" data-elementor-open-lightbox=\"yes\" data-elementor-lightbox-slideshow=\"3fd936c\" data-e-action-hash=\"#elementor-action%3Aaction%3Dlightbox%26settings%3DeyJpZCI6ODA3LCJ1cmwiOiJodHRwczpcL1wvd3d3LnJpdHNjaC5hdFwvZ2VzY2hhZWZ0XC93cC1jb250ZW50XC91cGxvYWRzXC9zaXRlc1wvMlwvMjAyMVwvMDVcLzEuanBnIiwic2xpZGVzaG93IjoiM2ZkOTM2YyJ9\">\n\t\t\t\t\t<div class=\"e-gallery-image elementor-gallery-item__image\" data-thumbnail=\"https:\/\/www.ritsch.at\/geschaeft\/wp-content\/uploads\/sites\/2\/2021\/05\/1.jpg\" data-width=\"1200\" data-height=\"1111\" aria-label=\"Leder Ritsch Fellhof\" role=\"img\" ><\/div>\n\t\t\t\t\t\t\t\t\t\t\t<div class=\"elementor-gallery-item__overlay\"><\/div>\n\t\t\t\t\t\t\t\t\t\t\t\t\t\t<\/a>\n\t\t\t\t\t\t\t<a class=\"e-gallery-item elementor-gallery-item elementor-animated-content\" href=\"https:\/\/www.ritsch.at\/geschaeft\/wp-content\/uploads\/sites\/2\/2021\/05\/2.jpg\" data-elementor-open-lightbox=\"yes\" data-elementor-lightbox-slideshow=\"3fd936c\" data-e-action-hash=\"#elementor-action%3Aaction%3Dlightbox%26settings%3DeyJpZCI6ODA4LCJ1cmwiOiJodHRwczpcL1wvd3d3LnJpdHNjaC5hdFwvZ2VzY2hhZWZ0XC93cC1jb250ZW50XC91cGxvYWRzXC9zaXRlc1wvMlwvMjAyMVwvMDVcLzIuanBnIiwic2xpZGVzaG93IjoiM2ZkOTM2YyJ9\">\n\t\t\t\t\t<div class=\"e-gallery-image elementor-gallery-item__image\" data-thumbnail=\"https:\/\/www.ritsch.at\/geschaeft\/wp-content\/uploads\/sites\/2\/2021\/05\/2.jpg\" data-width=\"1200\" data-height=\"1111\" aria-label=\"Leder Ritsch Lammfell\" role=\"img\" ><\/div>\n\t\t\t\t\t\t\t\t\t\t\t<div class=\"elementor-gallery-item__overlay\"><\/div>\n\t\t\t\t\t\t\t\t\t\t\t\t\t\t<\/a>\n\t\t\t\t\t\t\t<a class=\"e-gallery-item elementor-gallery-item elementor-animated-content\" href=\"https:\/\/www.ritsch.at\/geschaeft\/wp-content\/uploads\/sites\/2\/2021\/05\/3.jpg\" data-elementor-open-lightbox=\"yes\" data-elementor-lightbox-slideshow=\"3fd936c\" data-e-action-hash=\"#elementor-action%3Aaction%3Dlightbox%26settings%3DeyJpZCI6ODA5LCJ1cmwiOiJodHRwczpcL1wvd3d3LnJpdHNjaC5hdFwvZ2VzY2hhZWZ0XC93cC1jb250ZW50XC91cGxvYWRzXC9zaXRlc1wvMlwvMjAyMVwvMDVcLzMuanBnIiwic2xpZGVzaG93IjoiM2ZkOTM2YyJ9\">\n\t\t\t\t\t<div class=\"e-gallery-image elementor-gallery-item__image\" data-thumbnail=\"https:\/\/www.ritsch.at\/geschaeft\/wp-content\/uploads\/sites\/2\/2021\/05\/3.jpg\" data-width=\"1200\" data-height=\"1111\" aria-label=\"Leder Ritsch Lammfell Kinder\" role=\"img\" ><\/div>\n\t\t\t\t\t\t\t\t\t\t\t<div class=\"elementor-gallery-item__overlay\"><\/div>\n\t\t\t\t\t\t\t\t\t\t\t\t\t\t<\/a>\n\t\t\t\t\t<\/div>\n\t\t\t\t\t<\/div>\n\t\t\t\t<\/div>\n\t\t\t\t\t<\/div>\n\t\t<\/div>\n\t\t\t\t\t<\/div>\n\t\t<\/section>\n\t\t\t\t<\/div>\n\t\t","protected":false},"excerpt":{"rendered":"<p>Pure Gem\u00fctlichkeit geFELLig? Es gibt nichts Gem\u00fctlicheres als ein Schaffell \u2013 ob als Sitzauflage auf B\u00e4nken und St\u00fchlen oder zur Dekoration. Felle wirken immer einladend und verleihen jedem Raum eine besondere Atmosph\u00e4re. In unseren Gesch\u00e4ften finden Sie eine gro\u00dfe Auswahl an Schaffellen in verschiedenen Naturfarben und Gr\u00f6\u00dfen, zusammengen\u00e4hte Doppelfelle und Decken, Fellhocker, Polster sowie Sitzauflagen [&hellip;]<\/p>\n","protected":false},"author":1,"featured_media":0,"parent":0,"menu_order":0,"comment_status":"closed","ping_status":"closed","template":"","meta":{"_monsterinsights_skip_tracking":false,"_monsterinsights_sitenote_active":false,"_monsterinsights_sitenote_note":"","_monsterinsights_sitenote_category":0,"site-sidebar-layout":"no-sidebar","site-content-layout":"page-builder","ast-site-content-layout":"default","site-content-style":"default","site-sidebar-style":"default","ast-global-header-display":"","ast-banner-title-visibility":"","ast-main-header-display":"","ast-hfb-above-header-display":"","ast-hfb-below-header-display":"","ast-hfb-mobile-header-display":"","site-post-title":"disabled","ast-breadcrumbs-content":"","ast-featured-img":"disabled","footer-sml-layout":"","ast-disable-related-posts":"","theme-transparent-header-meta":"default","adv-header-id-meta":"","stick-header-meta":"default","header-above-stick-meta":"","header-main-stick-meta":"","header-below-stick-meta":"","astra-migrate-meta-layouts":"default","ast-page-background-enabled":"default","ast-page-background-meta":{"desktop":{"background-color":"","background-image":"","background-repeat":"repeat","background-position":"center center","background-size":"auto","background-attachment":"scroll","background-type":"","background-media":"","overlay-type":"","overlay-color":"","overlay-opacity":"","overlay-gradient":""},"tablet":{"background-color":"","background-image":"","background-repeat":"repeat","background-position":"center center","background-size":"auto","background-attachment":"scroll","background-type":"","background-media":"","overlay-type":"","overlay-color":"","overlay-opacity":"","overlay-gradient":""},"mobile":{"background-color":"","background-image":"","background-repeat":"repeat","background-position":"center center","background-size":"auto","background-attachment":"scroll","background-type":"","background-media":"","overlay-type":"","overlay-color":"","overlay-opacity":"","overlay-gradient":""}},"ast-content-background-meta":{"desktop":{"background-color":"var(--ast-global-color-5)","background-image":"","background-repeat":"repeat","background-position":"center center","background-size":"auto","background-attachment":"scroll","background-type":"","background-media":"","overlay-type":"","overlay-color":"","overlay-opacity":"","overlay-gradient":""},"tablet":{"background-color":"var(--ast-global-color-5)","background-image":"","background-repeat":"repeat","background-position":"center center","background-size":"auto","background-attachment":"scroll","background-type":"","background-media":"","overlay-type":"","overlay-color":"","overlay-opacity":"","overlay-gradient":""},"mobile":{"background-color":"var(--ast-global-color-5)","background-image":"","background-repeat":"repeat","background-position":"center center","background-size":"auto","background-attachment":"scroll","background-type":"","background-media":"","overlay-type":"","overlay-color":"","overlay-opacity":"","overlay-gradient":""}},"footnotes":""},"class_list":["post-331","page","type-page","status-publish","hentry"],"yoast_head":"<!-- This site is optimized with the Yoast SEO plugin v27.3 - https:\/\/yoast.com\/product\/yoast-seo-wordpress\/ -->\n<title>Fellstube - Leder Ritsch Tracht &amp; Mode in Mittersill und Kaprun<\/title>\n<meta name=\"description\" content=\"Gro\u00dfe Auswahl an Schaffellen, Rinderfellen, Lammfellen, Doppelfellen, Decken, Fellhocker, Polster, Sitzauflagen uvm. in unseren Gesch\u00e4ften.\" \/>\n<meta name=\"robots\" content=\"index, follow, max-snippet:-1, max-image-preview:large, max-video-preview:-1\" \/>\n<link rel=\"canonical\" href=\"https:\/\/www.ritsch.at\/geschaeft\/fellstube\/\" \/>\n<meta property=\"og:locale\" content=\"de_DE\" \/>\n<meta property=\"og:type\" content=\"article\" \/>\n<meta property=\"og:title\" content=\"Fellstube - Leder Ritsch Tracht &amp; Mode in Mittersill und Kaprun\" \/>\n<meta property=\"og:description\" content=\"Gro\u00dfe Auswahl an Schaffellen, Rinderfellen, Lammfellen, Doppelfellen, Decken, Fellhocker, Polster, Sitzauflagen uvm. in unseren Gesch\u00e4ften.\" \/>\n<meta property=\"og:url\" content=\"https:\/\/www.ritsch.at\/geschaeft\/fellstube\/\" \/>\n<meta property=\"og:site_name\" content=\"Leder Ritsch Tracht &amp; Mode in Mittersill und Kaprun\" \/>\n<meta property=\"article:publisher\" content=\"https:\/\/www.facebook.com\/LederRitsch\" \/>\n<meta property=\"article:modified_time\" content=\"2021-06-07T08:02:36+00:00\" \/>\n<meta property=\"og:image\" content=\"https:\/\/www.ritsch.at\/geschaeft\/wp-content\/uploads\/sites\/2\/2021\/04\/Leder-Ritsch-Mittersill-Kaprun-Fellstube4.jpg\" \/>\n\t<meta property=\"og:image:width\" content=\"1200\" \/>\n\t<meta property=\"og:image:height\" content=\"800\" \/>\n\t<meta property=\"og:image:type\" content=\"image\/jpeg\" \/>\n<meta name=\"twitter:card\" content=\"summary_large_image\" \/>\n<meta name=\"twitter:title\" content=\"Fellstube - Leder Ritsch Tracht &amp; Mode in Mittersill und Kaprun\" \/>\n<meta name=\"twitter:description\" content=\"Gro\u00dfe Auswahl an Schaffellen, Rinderfellen, Lammfellen, Doppelfellen, Decken, Fellhocker, Polster, Sitzauflagen uvm. in unseren Gesch\u00e4ften.\" \/>\n<meta name=\"twitter:image\" content=\"https:\/\/www.ritsch.at\/geschaeft\/wp-content\/uploads\/sites\/2\/2021\/04\/Leder-Ritsch-Mittersill-Kaprun-Fellstube4.jpg\" \/>\n<meta name=\"twitter:label1\" content=\"Gesch\u00e4tzte Lesezeit\" \/>\n\t<meta name=\"twitter:data1\" content=\"2\u00a0Minuten\" \/>\n<script type=\"application\/ld+json\" class=\"yoast-schema-graph\">{\"@context\":\"https:\\\/\\\/schema.org\",\"@graph\":[{\"@type\":\"WebPage\",\"@id\":\"https:\\\/\\\/www.ritsch.at\\\/geschaeft\\\/fellstube\\\/\",\"url\":\"https:\\\/\\\/www.ritsch.at\\\/geschaeft\\\/fellstube\\\/\",\"name\":\"Fellstube - Leder Ritsch Tracht &amp; Mode in Mittersill und Kaprun\",\"isPartOf\":{\"@id\":\"https:\\\/\\\/www.ritsch.at\\\/geschaeft\\\/#website\"},\"primaryImageOfPage\":{\"@id\":\"https:\\\/\\\/www.ritsch.at\\\/geschaeft\\\/fellstube\\\/#primaryimage\"},\"image\":{\"@id\":\"https:\\\/\\\/www.ritsch.at\\\/geschaeft\\\/fellstube\\\/#primaryimage\"},\"thumbnailUrl\":\"https:\\\/\\\/www.ritsch.at\\\/geschaeft\\\/wp-content\\\/uploads\\\/sites\\\/2\\\/2021\\\/04\\\/Trenner2.png\",\"datePublished\":\"2021-04-27T13:33:15+00:00\",\"dateModified\":\"2021-06-07T08:02:36+00:00\",\"description\":\"Gro\u00dfe Auswahl an Schaffellen, Rinderfellen, Lammfellen, Doppelfellen, Decken, Fellhocker, Polster, Sitzauflagen uvm. in unseren Gesch\u00e4ften.\",\"breadcrumb\":{\"@id\":\"https:\\\/\\\/www.ritsch.at\\\/geschaeft\\\/fellstube\\\/#breadcrumb\"},\"inLanguage\":\"de\",\"potentialAction\":[{\"@type\":\"ReadAction\",\"target\":[\"https:\\\/\\\/www.ritsch.at\\\/geschaeft\\\/fellstube\\\/\"]}]},{\"@type\":\"ImageObject\",\"inLanguage\":\"de\",\"@id\":\"https:\\\/\\\/www.ritsch.at\\\/geschaeft\\\/fellstube\\\/#primaryimage\",\"url\":\"https:\\\/\\\/www.ritsch.at\\\/geschaeft\\\/wp-content\\\/uploads\\\/sites\\\/2\\\/2021\\\/04\\\/Trenner2.png\",\"contentUrl\":\"https:\\\/\\\/www.ritsch.at\\\/geschaeft\\\/wp-content\\\/uploads\\\/sites\\\/2\\\/2021\\\/04\\\/Trenner2.png\",\"width\":100,\"height\":6},{\"@type\":\"BreadcrumbList\",\"@id\":\"https:\\\/\\\/www.ritsch.at\\\/geschaeft\\\/fellstube\\\/#breadcrumb\",\"itemListElement\":[{\"@type\":\"ListItem\",\"position\":1,\"name\":\"Startseite\",\"item\":\"https:\\\/\\\/www.ritsch.at\\\/geschaeft\\\/\"},{\"@type\":\"ListItem\",\"position\":2,\"name\":\"Fellstube\"}]},{\"@type\":\"WebSite\",\"@id\":\"https:\\\/\\\/www.ritsch.at\\\/geschaeft\\\/#website\",\"url\":\"https:\\\/\\\/www.ritsch.at\\\/geschaeft\\\/\",\"name\":\"Leder Ritsch in Mittersill & Kaprun\",\"description\":\"\",\"publisher\":{\"@id\":\"https:\\\/\\\/www.ritsch.at\\\/geschaeft\\\/#organization\"},\"potentialAction\":[{\"@type\":\"SearchAction\",\"target\":{\"@type\":\"EntryPoint\",\"urlTemplate\":\"https:\\\/\\\/www.ritsch.at\\\/geschaeft\\\/?s={search_term_string}\"},\"query-input\":{\"@type\":\"PropertyValueSpecification\",\"valueRequired\":true,\"valueName\":\"search_term_string\"}}],\"inLanguage\":\"de\"},{\"@type\":\"Organization\",\"@id\":\"https:\\\/\\\/www.ritsch.at\\\/geschaeft\\\/#organization\",\"name\":\"Leder Ritsch\",\"url\":\"https:\\\/\\\/www.ritsch.at\\\/geschaeft\\\/\",\"logo\":{\"@type\":\"ImageObject\",\"inLanguage\":\"de\",\"@id\":\"https:\\\/\\\/www.ritsch.at\\\/geschaeft\\\/#\\\/schema\\\/logo\\\/image\\\/\",\"url\":\"https:\\\/\\\/www.ritsch.at\\\/leder\\\/wp-content\\\/uploads\\\/sites\\\/2\\\/2021\\\/01\\\/Logo-Geschaeft.png\",\"contentUrl\":\"https:\\\/\\\/www.ritsch.at\\\/leder\\\/wp-content\\\/uploads\\\/sites\\\/2\\\/2021\\\/01\\\/Logo-Geschaeft.png\",\"width\":353,\"height\":83,\"caption\":\"Leder Ritsch\"},\"image\":{\"@id\":\"https:\\\/\\\/www.ritsch.at\\\/geschaeft\\\/#\\\/schema\\\/logo\\\/image\\\/\"},\"sameAs\":[\"https:\\\/\\\/www.facebook.com\\\/LederRitsch\",\"https:\\\/\\\/www.instagram.com\\\/leder.ritsch\\\/\"]}]}<\/script>\n<!-- \/ Yoast SEO plugin. -->","yoast_head_json":{"title":"Fellstube - Leder Ritsch Tracht &amp; Mode in Mittersill und Kaprun","description":"Gro\u00dfe Auswahl an Schaffellen, Rinderfellen, Lammfellen, Doppelfellen, Decken, Fellhocker, Polster, Sitzauflagen uvm. in unseren Gesch\u00e4ften.","robots":{"index":"index","follow":"follow","max-snippet":"max-snippet:-1","max-image-preview":"max-image-preview:large","max-video-preview":"max-video-preview:-1"},"canonical":"https:\/\/www.ritsch.at\/geschaeft\/fellstube\/","og_locale":"de_DE","og_type":"article","og_title":"Fellstube - Leder Ritsch Tracht & Mode in Mittersill und Kaprun","og_description":"Gro\u00dfe Auswahl an Schaffellen, Rinderfellen, Lammfellen, Doppelfellen, Decken, Fellhocker, Polster, Sitzauflagen uvm. in unseren Gesch\u00e4ften.","og_url":"https:\/\/www.ritsch.at\/geschaeft\/fellstube\/","og_site_name":"Leder Ritsch Tracht &amp; Mode in Mittersill und Kaprun","article_publisher":"https:\/\/www.facebook.com\/LederRitsch","article_modified_time":"2021-06-07T08:02:36+00:00","og_image":[{"width":1200,"height":800,"url":"https:\/\/www.ritsch.at\/geschaeft\/wp-content\/uploads\/sites\/2\/2021\/04\/Leder-Ritsch-Mittersill-Kaprun-Fellstube4.jpg","type":"image\/jpeg"}],"twitter_card":"summary_large_image","twitter_title":"Fellstube - Leder Ritsch Tracht & Mode in Mittersill und Kaprun","twitter_description":"Gro\u00dfe Auswahl an Schaffellen, Rinderfellen, Lammfellen, Doppelfellen, Decken, Fellhocker, Polster, Sitzauflagen uvm. in unseren Gesch\u00e4ften.","twitter_image":"https:\/\/www.ritsch.at\/geschaeft\/wp-content\/uploads\/sites\/2\/2021\/04\/Leder-Ritsch-Mittersill-Kaprun-Fellstube4.jpg","twitter_misc":{"Gesch\u00e4tzte Lesezeit":"2\u00a0Minuten"},"schema":{"@context":"https:\/\/schema.org","@graph":[{"@type":"WebPage","@id":"https:\/\/www.ritsch.at\/geschaeft\/fellstube\/","url":"https:\/\/www.ritsch.at\/geschaeft\/fellstube\/","name":"Fellstube - Leder Ritsch Tracht &amp; Mode in Mittersill und Kaprun","isPartOf":{"@id":"https:\/\/www.ritsch.at\/geschaeft\/#website"},"primaryImageOfPage":{"@id":"https:\/\/www.ritsch.at\/geschaeft\/fellstube\/#primaryimage"},"image":{"@id":"https:\/\/www.ritsch.at\/geschaeft\/fellstube\/#primaryimage"},"thumbnailUrl":"https:\/\/www.ritsch.at\/geschaeft\/wp-content\/uploads\/sites\/2\/2021\/04\/Trenner2.png","datePublished":"2021-04-27T13:33:15+00:00","dateModified":"2021-06-07T08:02:36+00:00","description":"Gro\u00dfe Auswahl an Schaffellen, Rinderfellen, Lammfellen, Doppelfellen, Decken, Fellhocker, Polster, Sitzauflagen uvm. in unseren Gesch\u00e4ften.","breadcrumb":{"@id":"https:\/\/www.ritsch.at\/geschaeft\/fellstube\/#breadcrumb"},"inLanguage":"de","potentialAction":[{"@type":"ReadAction","target":["https:\/\/www.ritsch.at\/geschaeft\/fellstube\/"]}]},{"@type":"ImageObject","inLanguage":"de","@id":"https:\/\/www.ritsch.at\/geschaeft\/fellstube\/#primaryimage","url":"https:\/\/www.ritsch.at\/geschaeft\/wp-content\/uploads\/sites\/2\/2021\/04\/Trenner2.png","contentUrl":"https:\/\/www.ritsch.at\/geschaeft\/wp-content\/uploads\/sites\/2\/2021\/04\/Trenner2.png","width":100,"height":6},{"@type":"BreadcrumbList","@id":"https:\/\/www.ritsch.at\/geschaeft\/fellstube\/#breadcrumb","itemListElement":[{"@type":"ListItem","position":1,"name":"Startseite","item":"https:\/\/www.ritsch.at\/geschaeft\/"},{"@type":"ListItem","position":2,"name":"Fellstube"}]},{"@type":"WebSite","@id":"https:\/\/www.ritsch.at\/geschaeft\/#website","url":"https:\/\/www.ritsch.at\/geschaeft\/","name":"Leder Ritsch in Mittersill & Kaprun","description":"","publisher":{"@id":"https:\/\/www.ritsch.at\/geschaeft\/#organization"},"potentialAction":[{"@type":"SearchAction","target":{"@type":"EntryPoint","urlTemplate":"https:\/\/www.ritsch.at\/geschaeft\/?s={search_term_string}"},"query-input":{"@type":"PropertyValueSpecification","valueRequired":true,"valueName":"search_term_string"}}],"inLanguage":"de"},{"@type":"Organization","@id":"https:\/\/www.ritsch.at\/geschaeft\/#organization","name":"Leder Ritsch","url":"https:\/\/www.ritsch.at\/geschaeft\/","logo":{"@type":"ImageObject","inLanguage":"de","@id":"https:\/\/www.ritsch.at\/geschaeft\/#\/schema\/logo\/image\/","url":"https:\/\/www.ritsch.at\/leder\/wp-content\/uploads\/sites\/2\/2021\/01\/Logo-Geschaeft.png","contentUrl":"https:\/\/www.ritsch.at\/leder\/wp-content\/uploads\/sites\/2\/2021\/01\/Logo-Geschaeft.png","width":353,"height":83,"caption":"Leder Ritsch"},"image":{"@id":"https:\/\/www.ritsch.at\/geschaeft\/#\/schema\/logo\/image\/"},"sameAs":["https:\/\/www.facebook.com\/LederRitsch","https:\/\/www.instagram.com\/leder.ritsch\/"]}]}},"_links":{"self":[{"href":"https:\/\/www.ritsch.at\/geschaeft\/wp-json\/wp\/v2\/pages\/331","targetHints":{"allow":["GET"]}}],"collection":[{"href":"https:\/\/www.ritsch.at\/geschaeft\/wp-json\/wp\/v2\/pages"}],"about":[{"href":"https:\/\/www.ritsch.at\/geschaeft\/wp-json\/wp\/v2\/types\/page"}],"author":[{"embeddable":true,"href":"https:\/\/www.ritsch.at\/geschaeft\/wp-json\/wp\/v2\/users\/1"}],"replies":[{"embeddable":true,"href":"https:\/\/www.ritsch.at\/geschaeft\/wp-json\/wp\/v2\/comments?post=331"}],"version-history":[{"count":56,"href":"https:\/\/www.ritsch.at\/geschaeft\/wp-json\/wp\/v2\/pages\/331\/revisions"}],"predecessor-version":[{"id":951,"href":"https:\/\/www.ritsch.at\/geschaeft\/wp-json\/wp\/v2\/pages\/331\/revisions\/951"}],"wp:attachment":[{"href":"https:\/\/www.ritsch.at\/geschaeft\/wp-json\/wp\/v2\/media?parent=331"}],"curies":[{"name":"wp","href":"https:\/\/api.w.org\/{rel}","templated":true}]}}